{"id":271,"date":"2020-10-05T19:50:43","date_gmt":"2020-10-05T19:50:43","guid":{"rendered":"https:\/\/agorafilosofiaelkartea.eus\/?page_id=271"},"modified":"2023-11-02T10:28:47","modified_gmt":"2023-11-02T10:28:47","slug":"filosofia-prentsan","status":"publish","type":"page","link":"https:\/\/agorafilosofiaelkartea.eus\/index.php\/filosofia-prentsan\/","title":{"rendered":"Filosofia Prentsan"},"content":{"rendered":"<p>[et_pb_section fb_built=\u00bb1&#8243; _builder_version=\u00bb4.16&#8243; _module_preset=\u00bbdefault\u00bb custom_margin=\u00bb||0px||false|false\u00bb custom_padding=\u00bb0px||0px|||\u00bb global_colors_info=\u00bb{}\u00bb][et_pb_row _builder_version=\u00bb4.16&#8243; _module_preset=\u00bbdefault\u00bb custom_margin=\u00bb|auto|4px|auto||\u00bb custom_padding=\u00bb4px||50px|||\u00bb global_colors_info=\u00bb{}\u00bb][et_pb_column type=\u00bb4_4&#8243; _builder_version=\u00bb4.16&#8243; _module_preset=\u00bbdefault\u00bb global_colors_info=\u00bb{}\u00bb][et_pb_divider color=\u00bb#000000&#8243; divider_weight=\u00bb1px\u00bb _builder_version=\u00bb4.16&#8243; _module_preset=\u00bbdefault\u00bb custom_margin=\u00bb||0px|||\u00bb custom_padding=\u00bb||0px|||\u00bb global_colors_info=\u00bb{}\u00bb][\/et_pb_divider][et_pb_text _builder_version=\u00bb4.16&#8243; _module_preset=\u00bbdefault\u00bb header_font=\u00bb||||||||\u00bb header_text_align=\u00bbleft\u00bb header_font_size=\u00bb80px\u00bb header_letter_spacing=\u00bb-2.5px\u00bb header_4_font=\u00bb||||on|on||#60d4d4|solid\u00bb header_4_font_size=\u00bb17px\u00bb header_4_line_height=\u00bb0.5em\u00bb width=\u00bb100%\u00bb min_height=\u00bb11px\u00bb custom_margin=\u00bb||17px|||\u00bb global_colors_info=\u00bb{}\u00bb]<\/p>\n<h4>filosofia prentsan<\/h4>\n<p>[\/et_pb_text][et_pb_divider color=\u00bb#000000&#8243; divider_weight=\u00bb1px\u00bb _builder_version=\u00bb4.16&#8243; _module_preset=\u00bbdefault\u00bb custom_margin=\u00bb||0px|||\u00bb global_colors_info=\u00bb{}\u00bb][\/et_pb_divider][et_pb_image _builder_version=\u00bb4.16&#8243; _module_preset=\u00bbdefault\u00bb global_colors_info=\u00bb{}\u00bb][\/et_pb_image][\/et_pb_column][\/et_pb_row][et_pb_row column_structure=\u00bb1_4,1_4,1_4,1_4&#8243; use_custom_gutter=\u00bbon\u00bb gutter_width=\u00bb2&#8243; _builder_version=\u00bb4.16&#8243; _module_preset=\u00bbdefault\u00bb custom_margin=\u00bb-5px||25px||false|false\u00bb custom_padding=\u00bb0px||0px|0px|false|false\u00bb animation_style=\u00bbfade\u00bb global_colors_info=\u00bb{}\u00bb][et_pb_column type=\u00bb1_4&#8243; _builder_version=\u00bb4.16&#8243; _module_preset=\u00bbdefault\u00bb global_colors_info=\u00bb{}\u00bb][et_pb_text admin_label=\u00bbArtikulua\u00bb _builder_version=\u00bb4.16&#8243; _module_preset=\u00bbdefault\u00bb text_font=\u00bbsagona-medium||||||||\u00bb text_text_color=\u00bb#000000&#8243; text_font_size=\u00bb19px\u00bb text_line_height=\u00bb1.3em\u00bb header_font=\u00bb||||||||\u00bb header_text_align=\u00bbleft\u00bb header_font_size=\u00bb80px\u00bb header_letter_spacing=\u00bb-2.5px\u00bb header_4_font=\u00bb|||||on|||\u00bb header_4_font_size=\u00bb15px\u00bb header_4_line_height=\u00bb0.5em\u00bb header_6_font=\u00bbsagona-bold||||||||\u00bb header_6_font_size=\u00bb19px\u00bb background_color=\u00bbrgba(218,195,176,0.5)\u00bb min_height=\u00bb243px\u00bb custom_margin=\u00bb0px||||false|false\u00bb custom_padding=\u00bb10px|10px|10px|10px|false|false\u00bb link_option_url=\u00bbhttps:\/\/www.argia.eus\/argia-astekaria\/2680\/inigo-martinez-pena-irakaslea\u00bb link_option_url_new_window=\u00bbon\u00bb global_colors_info=\u00bb{}\u00bb]<\/p>\n<h4>2023\/10\/21<\/h4>\n<h4><span style=\"color: #ffffff; font-size: 15px; font-family: sagona-bold; font-variant-caps: small-caps;\">irratsaioa<\/span><\/h4>\n<p><span><span style=\"font-weight: 400;\">\u2014<br \/>\u00abCaf\u00e9 filos\u00f3fico sobre Simone Weil en Bilbao.\u00bb<br \/>\u2014<br \/><\/span><\/span><\/p>\n<h4><\/h4>\n<blockquote>\n<h4><a href=\"https:\/\/www.eitb.eus\/es\/radio\/radio-euskadi\/programas\/hagase-la-luz\/audios\/detalle\/9337345\/audio-cafe-filosofico-manera-relajada-de-reflexionar-y-compartir-opiniones-e-idea-con-inigo-martinez-pena\/\">irakurri<\/a><\/h4>\n<\/blockquote>\n<p>[\/et_pb_text][\/et_pb_column][et_pb_column type=\u00bb1_4&#8243; _builder_version=\u00bb4.16&#8243; _module_preset=\u00bbdefault\u00bb global_colors_info=\u00bb{}\u00bb][et_pb_text admin_label=\u00bbArtikulua\u00bb _builder_version=\u00bb4.16&#8243; _module_preset=\u00bbdefault\u00bb text_font=\u00bbsagona-medium||||||||\u00bb text_text_color=\u00bb#000000&#8243; text_font_size=\u00bb19px\u00bb text_line_height=\u00bb1.3em\u00bb header_font=\u00bb||||||||\u00bb header_text_align=\u00bbleft\u00bb header_font_size=\u00bb80px\u00bb header_letter_spacing=\u00bb-2.5px\u00bb header_4_font=\u00bb|||||on|||\u00bb header_4_font_size=\u00bb15px\u00bb header_4_line_height=\u00bb0.5em\u00bb header_6_font=\u00bbsagona-bold||||||||\u00bb header_6_font_size=\u00bb19px\u00bb background_color=\u00bbrgba(218,195,176,0.5)\u00bb min_height=\u00bb243px\u00bb custom_margin=\u00bb0px||||false|false\u00bb custom_padding=\u00bb10px|10px|10px|10px|false|false\u00bb link_option_url=\u00bbhttp:\/\/goiberri.eus\/2020\/02\/25\/filosofia-barraren-bueltan\/\u00bb link_option_url_new_window=\u00bbon\u00bb global_colors_info=\u00bb{}\u00bb]<\/p>\n<h4>2023\/03\/18<\/h4>\n<h4><span style=\"color: #ffffff;\">irratsaioa<\/span><\/h4>\n<p><span><span style=\"font-weight: 400;\">\u2014<br \/><\/span><\/span><\/p>\n<p>Los sesgos cognitivos son errores de razonamiento<\/p>\n<p><span><span style=\"font-weight: 400;\">\u2014<br \/><\/span><\/span><\/p>\n<h4><\/h4>\n<h4><a href=\"https:\/\/www.eitb.eus\/es\/radio\/radio-euskadi\/programas\/hagase-la-luz\/detalle\/9142477\/hoy-en-radio-euskadi-hablamos-con-filosofa-irene-lafuente-sobre-sesgos-cognitivos\/\">ENTZUN<\/a> &gt;&gt;<\/h4>\n<p>[\/et_pb_text][\/et_pb_column][et_pb_column type=\u00bb1_4&#8243; _builder_version=\u00bb4.16&#8243; _module_preset=\u00bbdefault\u00bb global_colors_info=\u00bb{}\u00bb][et_pb_text admin_label=\u00bbArtikulua\u00bb _builder_version=\u00bb4.16&#8243; _module_preset=\u00bbdefault\u00bb text_font=\u00bbsagona-medium||||||||\u00bb text_text_color=\u00bb#000000&#8243; text_font_size=\u00bb19px\u00bb text_line_height=\u00bb1.3em\u00bb header_font=\u00bb||||||||\u00bb header_text_align=\u00bbleft\u00bb header_font_size=\u00bb80px\u00bb header_letter_spacing=\u00bb-2.5px\u00bb header_4_font=\u00bb|||||on|||\u00bb header_4_font_size=\u00bb15px\u00bb header_4_line_height=\u00bb0.5em\u00bb header_6_font=\u00bbsagona-bold||||||||\u00bb header_6_font_size=\u00bb19px\u00bb background_color=\u00bbrgba(218,195,176,0.5)\u00bb min_height=\u00bb243px\u00bb custom_margin=\u00bb0px||||false|false\u00bb custom_padding=\u00bb10px|10px|10px|10px|false|false\u00bb link_option_url=\u00bbhttps:\/\/goierri.hitza.eus\/2020\/02\/25\/bakardadeari-buruz-hitzaldia-egingo-dute-bihar-lazkaon\/\u00bb link_option_url_new_window=\u00bbon\u00bb global_colors_info=\u00bb{}\u00bb]<\/p>\n<h4>2020\/04\/01<\/h4>\n<h4><span style=\"color: #ffffff;\">IRRATSAIOA<\/span><\/h4>\n<p><span><span style=\"font-weight: 400;\">\u2014<br \/>Olinpiadas filos\u00f3ficas: la juventud reflexiona sobre el mundo<br \/>\u2014<br \/><\/span><\/span><\/p>\n<h4><\/h4>\n<h4><a href=\"https:\/\/www.eitb.eus\/es\/radio\/radio-euskadi\/programas\/hagase-la-luz\/detalle\/9159097\/en-radio-euskadi-hablamos-sobre-filosofia-con-naiara-gago-patience-idemudia-sakina-abdelmadjid-y-maider-valle\/\">ENTZUN<\/a>&gt;&gt;<\/h4>\n<p>[\/et_pb_text][\/et_pb_column][et_pb_column type=\u00bb1_4&#8243; _builder_version=\u00bb4.16&#8243; _module_preset=\u00bbdefault\u00bb global_colors_info=\u00bb{}\u00bb][et_pb_text admin_label=\u00bbArtikulua\u00bb _builder_version=\u00bb4.16&#8243; _module_preset=\u00bbdefault\u00bb text_font=\u00bbsagona-medium||||||||\u00bb text_text_color=\u00bb#000000&#8243; text_font_size=\u00bb19px\u00bb text_line_height=\u00bb1.3em\u00bb header_font=\u00bb||||||||\u00bb header_text_align=\u00bbleft\u00bb header_font_size=\u00bb80px\u00bb header_letter_spacing=\u00bb-2.5px\u00bb header_4_font=\u00bb|||||on|||\u00bb header_4_font_size=\u00bb15px\u00bb header_4_line_height=\u00bb0.5em\u00bb header_6_font=\u00bbsagona-bold||||||||\u00bb header_6_font_size=\u00bb19px\u00bb background_color=\u00bbrgba(218,195,176,0.5)\u00bb min_height=\u00bb243px\u00bb custom_margin=\u00bb0px||||false|false\u00bb custom_padding=\u00bb10px|10px|10px|10px|false|false\u00bb link_option_url=\u00bbhttps:\/\/gipuzkoa.hitza.eus\/2020\/01\/24\/filosofia-plazaratzeko-poteoa\/\u00bb link_option_url_new_window=\u00bbon\u00bb global_colors_info=\u00bb{}\u00bb]<\/p>\n<h4>2020\/03\/10<\/h4>\n<h4><span style=\"color: #ffffff;\">artikulua<\/span><\/h4>\n<p><span><span style=\"font-weight: 400;\">\u2014<br \/>\u00bfUna asignatura de pensamiento cr\u00edtico? Tere Maldonado<br \/>\u2014<br \/><\/span><\/span><\/p>\n<h4><\/h4>\n<h4><a href=\"https:\/\/www.sinpermiso.info\/textos\/una-asignatura-de-pensamiento-critico\">irakurri<\/a> &gt;&gt;<\/h4>\n<p>[\/et_pb_text][\/et_pb_column][\/et_pb_row][et_pb_row column_structure=\u00bb1_4,1_4,1_4,1_4&#8243; use_custom_gutter=\u00bbon\u00bb gutter_width=\u00bb2&#8243; _builder_version=\u00bb4.16&#8243; _module_preset=\u00bbdefault\u00bb custom_margin=\u00bb-5px||25px||false|false\u00bb custom_padding=\u00bb0px||0px|0px|false|false\u00bb animation_style=\u00bbfade\u00bb global_colors_info=\u00bb{}\u00bb][et_pb_column type=\u00bb1_4&#8243; _builder_version=\u00bb4.16&#8243; _module_preset=\u00bbdefault\u00bb global_colors_info=\u00bb{}\u00bb][et_pb_text admin_label=\u00bbArtikulua\u00bb _builder_version=\u00bb4.16&#8243; _module_preset=\u00bbdefault\u00bb text_font=\u00bbsagona-medium||||||||\u00bb text_text_color=\u00bb#000000&#8243; text_font_size=\u00bb19px\u00bb text_line_height=\u00bb1.3em\u00bb header_font=\u00bb||||||||\u00bb header_text_align=\u00bbleft\u00bb header_font_size=\u00bb80px\u00bb header_letter_spacing=\u00bb-2.5px\u00bb header_4_font=\u00bb|||||on|||\u00bb header_4_font_size=\u00bb15px\u00bb header_4_line_height=\u00bb0.5em\u00bb header_6_font=\u00bbsagona-bold||||||||\u00bb header_6_font_size=\u00bb19px\u00bb background_color=\u00bbrgba(218,195,176,0.5)\u00bb min_height=\u00bb243px\u00bb custom_margin=\u00bb0px||||false|false\u00bb custom_padding=\u00bb10px|10px|10px|10px|false|false\u00bb link_option_url=\u00bbhttps:\/\/www.argia.eus\/argia-astekaria\/2680\/inigo-martinez-pena-irakaslea\u00bb link_option_url_new_window=\u00bbon\u00bb global_colors_info=\u00bb{}\u00bb]<\/p>\n<h4>2020\/03\/08<\/h4>\n<p><span><span style=\"font-weight: 400;\">\u2014<br \/> \u00abPentsamendua ez da adituen kontua; elkarrizketa filosofikoak bokazio berdinzalea du.\u00bb<br \/> \u2014<br \/> <\/span><\/span><\/p>\n<h4><\/h4>\n<h4>irakurri &gt;&gt;<\/h4>\n<p>[\/et_pb_text][\/et_pb_column][et_pb_column type=\u00bb1_4&#8243; _builder_version=\u00bb4.16&#8243; _module_preset=\u00bbdefault\u00bb global_colors_info=\u00bb{}\u00bb][et_pb_text admin_label=\u00bbArtikulua\u00bb _builder_version=\u00bb4.16&#8243; _module_preset=\u00bbdefault\u00bb text_font=\u00bbsagona-medium||||||||\u00bb text_text_color=\u00bb#000000&#8243; text_font_size=\u00bb19px\u00bb text_line_height=\u00bb1.3em\u00bb header_font=\u00bb||||||||\u00bb header_text_align=\u00bbleft\u00bb header_font_size=\u00bb80px\u00bb header_letter_spacing=\u00bb-2.5px\u00bb header_4_font=\u00bb|||||on|||\u00bb header_4_font_size=\u00bb15px\u00bb header_4_line_height=\u00bb0.5em\u00bb header_6_font=\u00bbsagona-bold||||||||\u00bb header_6_font_size=\u00bb19px\u00bb background_color=\u00bbrgba(218,195,176,0.5)\u00bb min_height=\u00bb243px\u00bb custom_margin=\u00bb0px||||false|false\u00bb custom_padding=\u00bb10px|10px|10px|10px|false|false\u00bb link_option_url=\u00bbhttp:\/\/goiberri.eus\/2020\/02\/25\/filosofia-barraren-bueltan\/\u00bb link_option_url_new_window=\u00bbon\u00bb global_colors_info=\u00bb{}\u00bb]<\/p>\n<h4>2020\/02\/25<\/h4>\n<h4><span style=\"color: #ffffff;\">pote filosofikoak<\/span><\/h4>\n<p><span><span style=\"font-weight: 400;\">\u2014<br \/> Filosofia, barraren bueltan<br \/> \u2014<br \/> <\/span><\/span><\/p>\n<h4><\/h4>\n<h4>irakurri &gt;&gt;<\/h4>\n<p>[\/et_pb_text][\/et_pb_column][et_pb_column type=\u00bb1_4&#8243; _builder_version=\u00bb4.16&#8243; _module_preset=\u00bbdefault\u00bb global_colors_info=\u00bb{}\u00bb][et_pb_text admin_label=\u00bbArtikulua\u00bb _builder_version=\u00bb4.16&#8243; _module_preset=\u00bbdefault\u00bb text_font=\u00bbsagona-medium||||||||\u00bb text_text_color=\u00bb#000000&#8243; text_font_size=\u00bb19px\u00bb text_line_height=\u00bb1.3em\u00bb header_font=\u00bb||||||||\u00bb header_text_align=\u00bbleft\u00bb header_font_size=\u00bb80px\u00bb header_letter_spacing=\u00bb-2.5px\u00bb header_4_font=\u00bb|||||on|||\u00bb header_4_font_size=\u00bb15px\u00bb header_4_line_height=\u00bb0.5em\u00bb header_6_font=\u00bbsagona-bold||||||||\u00bb header_6_font_size=\u00bb19px\u00bb background_color=\u00bbrgba(218,195,176,0.5)\u00bb min_height=\u00bb243px\u00bb custom_margin=\u00bb0px||||false|false\u00bb custom_padding=\u00bb10px|10px|10px|10px|false|false\u00bb link_option_url=\u00bbhttps:\/\/goierri.hitza.eus\/2020\/02\/25\/bakardadeari-buruz-hitzaldia-egingo-dute-bihar-lazkaon\/\u00bb link_option_url_new_window=\u00bbon\u00bb global_colors_info=\u00bb{}\u00bb]<\/p>\n<h4>2020\/02\/25<\/h4>\n<h4><span style=\"color: #ffffff;\">pote filosofikoak<\/span><\/h4>\n<p><span><span style=\"font-weight: 400;\">\u2014<br \/> Bakardadeari buruz hitzaldia egingo dute bihar Lazkaon<br \/> \u2014<br \/> <\/span><\/span><\/p>\n<h4><\/h4>\n<h4>irakurri &gt;&gt;<\/h4>\n<p>[\/et_pb_text][\/et_pb_column][et_pb_column type=\u00bb1_4&#8243; _builder_version=\u00bb4.16&#8243; _module_preset=\u00bbdefault\u00bb global_colors_info=\u00bb{}\u00bb][et_pb_text admin_label=\u00bbArtikulua\u00bb _builder_version=\u00bb4.16&#8243; _module_preset=\u00bbdefault\u00bb text_font=\u00bbsagona-medium||||||||\u00bb text_text_color=\u00bb#000000&#8243; text_font_size=\u00bb19px\u00bb text_line_height=\u00bb1.3em\u00bb header_font=\u00bb||||||||\u00bb header_text_align=\u00bbleft\u00bb header_font_size=\u00bb80px\u00bb header_letter_spacing=\u00bb-2.5px\u00bb header_4_font=\u00bb|||||on|||\u00bb header_4_font_size=\u00bb15px\u00bb header_4_line_height=\u00bb0.5em\u00bb header_6_font=\u00bbsagona-bold||||||||\u00bb header_6_font_size=\u00bb19px\u00bb background_color=\u00bbrgba(218,195,176,0.5)\u00bb min_height=\u00bb243px\u00bb custom_margin=\u00bb0px||||false|false\u00bb custom_padding=\u00bb10px|10px|10px|10px|false|false\u00bb link_option_url=\u00bbhttps:\/\/gipuzkoa.hitza.eus\/2020\/01\/24\/filosofia-plazaratzeko-poteoa\/\u00bb link_option_url_new_window=\u00bbon\u00bb global_colors_info=\u00bb{}\u00bb]<\/p>\n<h4>2020\/01\/24<\/h4>\n<h4><span style=\"color: #ffffff;\">pote filosofikoak<\/span><\/h4>\n<p><span><span style=\"font-weight: 400;\">\u2014<br \/> Filosofia plazaratzeko poteoa<br \/> \u2014<br \/> <\/span><\/span><\/p>\n<h4><\/h4>\n<h4>irakurri &gt;&gt;<\/h4>\n<p>[\/et_pb_text][\/et_pb_column][\/et_pb_row][et_pb_row column_structure=\u00bb1_2,1_4,1_4&#8243; use_custom_gutter=\u00bbon\u00bb gutter_width=\u00bb2&#8243; _builder_version=\u00bb4.16&#8243; _module_preset=\u00bbdefault\u00bb custom_margin=\u00bb-5px||25px||false|false\u00bb custom_padding=\u00bb0px||0px|0px|false|false\u00bb animation_style=\u00bbfade\u00bb global_colors_info=\u00bb{}\u00bb][et_pb_column type=\u00bb1_2&#8243; _builder_version=\u00bb4.16&#8243; _module_preset=\u00bbdefault\u00bb global_colors_info=\u00bb{}\u00bb][et_pb_divider color=\u00bb#000000&#8243; divider_weight=\u00bb1px\u00bb _builder_version=\u00bb4.16&#8243; _module_preset=\u00bbdefault\u00bb custom_margin=\u00bb||-4px||false|false\u00bb global_colors_info=\u00bb{}\u00bb][\/et_pb_divider][et_pb_text admin_label=\u00bbArtikulua\u00bb _builder_version=\u00bb4.16&#8243; _module_preset=\u00bbdefault\u00bb text_font=\u00bbsagona-medium||||||||\u00bb text_text_color=\u00bb#000000&#8243; text_font_size=\u00bb19px\u00bb text_line_height=\u00bb1.3em\u00bb header_font=\u00bb||||||||\u00bb header_text_align=\u00bbleft\u00bb header_font_size=\u00bb80px\u00bb header_letter_spacing=\u00bb-2.5px\u00bb header_4_font=\u00bb|||||on|||\u00bb header_4_font_size=\u00bb15px\u00bb header_4_line_height=\u00bb0.5em\u00bb header_6_font=\u00bbsagona-bold||||||||\u00bb header_6_font_size=\u00bb19px\u00bb background_color=\u00bbrgba(218,195,176,0.5)\u00bb min_height=\u00bb243px\u00bb custom_margin=\u00bb0px||||false|false\u00bb custom_padding=\u00bb10px|10px|10px|10px|false|false\u00bb link_option_url=\u00bbhttps:\/\/www.argia.eus\/albistea\/pote-filosofikoak-egitasmoa-estreinatuko-dute-tolosan\u00bb link_option_url_new_window=\u00bbon\u00bb global_colors_info=\u00bb{}\u00bb]<\/p>\n<h4>2020\/01\/22<\/h4>\n<h4><span style=\"color: #ffffff;\">pote filosofikoak<\/span><\/h4>\n<p><span><span style=\"font-weight: 400;\">\u2014<span style=\"font-size: 40px;\"><br \/> \u2018Pote Filosofikoak\u2019 egitasmoa estreinatuko dute Tolosan<\/span><br \/> \u2014<br \/> <\/span><\/span><\/p>\n<h4><\/h4>\n<h4>irakurri &gt;&gt;<\/h4>\n<p>[\/et_pb_text][\/et_pb_column][et_pb_column type=\u00bb1_4&#8243; _builder_version=\u00bb4.16&#8243; _module_preset=\u00bbdefault\u00bb global_colors_info=\u00bb{}\u00bb][et_pb_divider color=\u00bb#000000&#8243; divider_weight=\u00bb1px\u00bb _builder_version=\u00bb4.16&#8243; _module_preset=\u00bbdefault\u00bb custom_margin=\u00bb||-4px||false|false\u00bb global_colors_info=\u00bb{}\u00bb][\/et_pb_divider][et_pb_text admin_label=\u00bbArtikulua\u00bb _builder_version=\u00bb4.16&#8243; _module_preset=\u00bbdefault\u00bb text_font=\u00bbsagona-medium||||||||\u00bb text_text_color=\u00bb#000000&#8243; text_font_size=\u00bb19px\u00bb text_line_height=\u00bb1.3em\u00bb header_font=\u00bb||||||||\u00bb header_text_align=\u00bbleft\u00bb header_font_size=\u00bb80px\u00bb header_letter_spacing=\u00bb-2.5px\u00bb header_4_font=\u00bb|||||on|||\u00bb header_4_font_size=\u00bb15px\u00bb header_4_line_height=\u00bb0.5em\u00bb header_6_font=\u00bbsagona-bold||||||||\u00bb header_6_font_size=\u00bb19px\u00bb background_color=\u00bbrgba(218,195,176,0.5)\u00bb min_height=\u00bb243px\u00bb custom_margin=\u00bb0px||||false|false\u00bb custom_padding=\u00bb10px|10px|10px|10px|false|false\u00bb link_option_url=\u00bbhttps:\/\/www.deusto.es\/cs\/Satellite\/deusto\/es\/universidad-deusto\/vive-deusto\/-i-olimpiada-de-filosofia-de-euskadi\/noticia\u00bb link_option_url_new_window=\u00bbon\u00bb global_colors_info=\u00bb{}\u00bb]<\/p>\n<h4>2020\/01\/18<\/h4>\n<h4><span style=\"color: #ffffff;\">filosofia olinpiadak<br \/> <\/span><\/h4>\n<p><span><span style=\"font-weight: 400;\">\u2014<br \/> I Olimpiada de Filosof\u00eda de Euskadi<br \/> \u2014<br \/> <\/span><\/span><\/p>\n<h4><\/h4>\n<h4>irakurri &gt;&gt;<\/h4>\n<p>[\/et_pb_text][\/et_pb_column][et_pb_column type=\u00bb1_4&#8243; _builder_version=\u00bb4.16&#8243; _module_preset=\u00bbdefault\u00bb global_colors_info=\u00bb{}\u00bb][et_pb_divider color=\u00bb#000000&#8243; divider_weight=\u00bb1px\u00bb _builder_version=\u00bb4.16&#8243; _module_preset=\u00bbdefault\u00bb custom_margin=\u00bb||-4px||false|false\u00bb global_colors_info=\u00bb{}\u00bb][\/et_pb_divider][et_pb_text admin_label=\u00bbArtikulua\u00bb _builder_version=\u00bb4.16&#8243; _module_preset=\u00bbdefault\u00bb text_font=\u00bbsagona-medium||||||||\u00bb text_text_color=\u00bb#000000&#8243; text_font_size=\u00bb19px\u00bb text_line_height=\u00bb1.3em\u00bb header_font=\u00bb||||||||\u00bb header_text_align=\u00bbleft\u00bb header_font_size=\u00bb80px\u00bb header_letter_spacing=\u00bb-2.5px\u00bb header_4_font=\u00bb|||||on|||\u00bb header_4_font_size=\u00bb15px\u00bb header_4_line_height=\u00bb0.5em\u00bb header_6_font=\u00bbsagona-bold||||||||\u00bb header_6_font_size=\u00bb19px\u00bb background_color=\u00bbrgba(218,195,176,0.5)\u00bb min_height=\u00bb243px\u00bb custom_margin=\u00bb0px||||false|false\u00bb custom_padding=\u00bb10px|10px|10px|10px|false|false\u00bb link_option_url=\u00bbhttps:\/\/www.deia.eus\/actualidad\/sociedad\/2020\/01\/18\/motivacion\/1012371.html\u00bb link_option_url_new_window=\u00bbon\u00bb global_colors_info=\u00bb{}\u00bb]<\/p>\n<h4>2020\/01\/18<\/h4>\n<h4><span style=\"color: #ffffff;\">filosofia olinpiadak<\/span><\/h4>\n<p><span><span style=\"font-weight: 400;\">\u2014<br \/> El poder de la motivaci\u00f3n<br \/> \u2014<br \/> <\/span><\/span><\/p>\n<h4><\/h4>\n<h4>irakurri &gt;&gt;<\/h4>\n<p>[\/et_pb_text][\/et_pb_column][\/et_pb_row][et_pb_row column_structure=\u00bb1_4,1_4,1_4,1_4&#8243; use_custom_gutter=\u00bbon\u00bb gutter_width=\u00bb2&#8243; _builder_version=\u00bb4.16&#8243; _module_preset=\u00bbdefault\u00bb custom_margin=\u00bb-5px||25px||false|false\u00bb custom_padding=\u00bb0px||0px|0px|false|false\u00bb animation_style=\u00bbfade\u00bb global_colors_info=\u00bb{}\u00bb][et_pb_column type=\u00bb1_4&#8243; _builder_version=\u00bb4.16&#8243; _module_preset=\u00bbdefault\u00bb global_colors_info=\u00bb{}\u00bb][et_pb_divider color=\u00bb#000000&#8243; divider_weight=\u00bb1px\u00bb _builder_version=\u00bb4.16&#8243; _module_preset=\u00bbdefault\u00bb custom_margin=\u00bb||-4px||false|false\u00bb global_colors_info=\u00bb{}\u00bb][\/et_pb_divider][et_pb_text admin_label=\u00bbArtikulua\u00bb _builder_version=\u00bb4.16&#8243; _module_preset=\u00bbdefault\u00bb text_font=\u00bbsagona-medium||||||||\u00bb text_text_color=\u00bb#000000&#8243; text_font_size=\u00bb19px\u00bb text_line_height=\u00bb1.3em\u00bb header_font=\u00bb||||||||\u00bb header_text_align=\u00bbleft\u00bb header_font_size=\u00bb80px\u00bb header_letter_spacing=\u00bb-2.5px\u00bb header_4_font=\u00bb|||||on|||\u00bb header_4_font_size=\u00bb15px\u00bb header_4_line_height=\u00bb0.5em\u00bb header_6_font=\u00bbsagona-bold||||||||\u00bb header_6_font_size=\u00bb19px\u00bb background_color=\u00bbrgba(218,195,176,0.5)\u00bb min_height=\u00bb243px\u00bb custom_margin=\u00bb0px||||false|false\u00bb custom_padding=\u00bb10px|10px|10px|10px|false|false\u00bb link_option_url=\u00bbhttps:\/\/www.ehu.eus\/eu\/campusa\/edukia\/-\/asset_publisher\/401tBNJAcZGn\/content\/poniendo-en-valor-el-pensamiento\/pop_up?_101_INSTANCE_401tBNJAcZGn_viewMode=print&#038;_101_INSTANCE_401tBNJAcZGn_languageId=eu_ES\u00bb link_option_url_new_window=\u00bbon\u00bb global_colors_info=\u00bb{}\u00bb]<\/p>\n<h4>2018\/09\/19<\/h4>\n<p><span><span style=\"font-weight: 400;\">\u2014<br \/> Pentsamendua balioan jartzen<br \/> \u2014<br \/> <\/span><\/span><\/p>\n<h4><\/h4>\n<h4>irakurri &gt;&gt;<\/h4>\n<p>[\/et_pb_text][\/et_pb_column][et_pb_column type=\u00bb1_4&#8243; _builder_version=\u00bb4.16&#8243; _module_preset=\u00bbdefault\u00bb global_colors_info=\u00bb{}\u00bb][et_pb_divider color=\u00bb#000000&#8243; divider_weight=\u00bb1px\u00bb _builder_version=\u00bb4.16&#8243; _module_preset=\u00bbdefault\u00bb custom_margin=\u00bb||-4px||false|false\u00bb global_colors_info=\u00bb{}\u00bb][\/et_pb_divider][et_pb_text admin_label=\u00bbArtikulua\u00bb _builder_version=\u00bb4.16&#8243; _module_preset=\u00bbdefault\u00bb text_font=\u00bbsagona-medium||||||||\u00bb text_text_color=\u00bb#000000&#8243; text_font_size=\u00bb19px\u00bb text_line_height=\u00bb1.3em\u00bb header_font=\u00bb||||||||\u00bb header_text_align=\u00bbleft\u00bb header_font_size=\u00bb80px\u00bb header_letter_spacing=\u00bb-2.5px\u00bb header_4_font=\u00bb|||||on|||\u00bb header_4_font_size=\u00bb15px\u00bb header_4_line_height=\u00bb0.5em\u00bb header_6_font=\u00bbsagona-bold||||||||\u00bb header_6_font_size=\u00bb19px\u00bb background_color=\u00bbrgba(218,195,176,0.5)\u00bb min_height=\u00bb243px\u00bb custom_margin=\u00bb0px||||false|false\u00bb custom_padding=\u00bb10px|10px|10px|10px|false|false\u00bb link_option_url=\u00bbhttps:\/\/alea.eus\/gasteiz\/1527250052212-arnasten-dugun-bezala-guztiok-filosofatzen-dugu\u00bb link_option_url_new_window=\u00bbon\u00bb global_colors_info=\u00bb{}\u00bb]<\/p>\n<h4>2018\/05\/27<\/h4>\n<h4><span style=\"color: #ffffff;\">kafe filosofikoak<\/span><\/h4>\n<p><span><span style=\"font-weight: 400;\">\u2014<br \/> \u00abArnasten dugun bezala, guztiok filosofatzen dugu.\u00bb<br \/> \u2014<br \/> <\/span><\/span><\/p>\n<h4><\/h4>\n<h4>irakurri &gt;&gt;<\/h4>\n<p>[\/et_pb_text][\/et_pb_column][et_pb_column type=\u00bb1_4&#8243; _builder_version=\u00bb4.16&#8243; _module_preset=\u00bbdefault\u00bb global_colors_info=\u00bb{}\u00bb][et_pb_divider color=\u00bb#000000&#8243; divider_weight=\u00bb1px\u00bb _builder_version=\u00bb4.16&#8243; _module_preset=\u00bbdefault\u00bb custom_margin=\u00bb||-4px||false|false\u00bb global_colors_info=\u00bb{}\u00bb][\/et_pb_divider][et_pb_text admin_label=\u00bbArtikulua\u00bb _builder_version=\u00bb4.16&#8243; _module_preset=\u00bbdefault\u00bb text_font=\u00bbsagona-medium||||||||\u00bb text_text_color=\u00bb#000000&#8243; text_font_size=\u00bb19px\u00bb text_line_height=\u00bb1.3em\u00bb header_font=\u00bb||||||||\u00bb header_text_align=\u00bbleft\u00bb header_font_size=\u00bb80px\u00bb header_letter_spacing=\u00bb-2.5px\u00bb header_4_font=\u00bb|||||on|||\u00bb header_4_font_size=\u00bb15px\u00bb header_4_line_height=\u00bb0.5em\u00bb header_6_font=\u00bbsagona-bold||||||||\u00bb header_6_font_size=\u00bb19px\u00bb background_color=\u00bbrgba(218,195,176,0.5)\u00bb min_height=\u00bb243px\u00bb custom_margin=\u00bb0px||||false|false\u00bb custom_padding=\u00bb10px|10px|10px|10px|false|false\u00bb link_option_url=\u00bbhttps:\/\/uriola.eus\/komunitatea\/Enrique%20Zuazua\/1513328256478-filosofia-iturri-oinarri-eta-euskarri\u00bb link_option_url_new_window=\u00bbon\u00bb global_colors_info=\u00bb{}\u00bb]<\/p>\n<h4>2017\/12\/15<\/h4>\n<p><span><span style=\"font-weight: 400;\">\u2014<br \/> Iturri, oinarri eta euskarri<br \/> \u2014<br \/> <\/span><\/span><\/p>\n<h4><\/h4>\n<h4>irakurri &gt;&gt;<\/h4>\n<p>[\/et_pb_text][\/et_pb_column][et_pb_column type=\u00bb1_4&#8243; _builder_version=\u00bb4.16&#8243; _module_preset=\u00bbdefault\u00bb global_colors_info=\u00bb{}\u00bb][et_pb_divider color=\u00bb#000000&#8243; divider_weight=\u00bb1px\u00bb _builder_version=\u00bb4.16&#8243; _module_preset=\u00bbdefault\u00bb custom_margin=\u00bb||-4px||false|false\u00bb global_colors_info=\u00bb{}\u00bb][\/et_pb_divider][et_pb_text admin_label=\u00bbArtikulua\u00bb _builder_version=\u00bb4.16&#8243; _module_preset=\u00bbdefault\u00bb text_font=\u00bbsagona-medium||||||||\u00bb text_text_color=\u00bb#000000&#8243; text_font_size=\u00bb19px\u00bb text_line_height=\u00bb1.3em\u00bb header_font=\u00bb||||||||\u00bb header_text_align=\u00bbleft\u00bb header_font_size=\u00bb80px\u00bb header_letter_spacing=\u00bb-2.5px\u00bb header_4_font=\u00bb|||||on|||\u00bb header_4_font_size=\u00bb15px\u00bb header_4_line_height=\u00bb0.5em\u00bb header_6_font=\u00bbsagona-bold||||||||\u00bb header_6_font_size=\u00bb19px\u00bb background_color=\u00bbrgba(218,195,176,0.5)\u00bb min_height=\u00bb243px\u00bb custom_margin=\u00bb0px||||false|false\u00bb custom_padding=\u00bb10px|10px|10px|10px|false|false\u00bb link_option_url=\u00bbhttps:\/\/www.diariovasco.com\/culturas\/201705\/25\/lagun-filosofiaren-alde-20170525134358.html\u00bb link_option_url_new_window=\u00bbon\u00bb global_colors_info=\u00bb{}\u00bb]<\/p>\n<h4>2017\/05\/25<\/h4>\n<p><span><span style=\"font-weight: 400;\">\u2014<br \/> Hamahiru lagun filosofiaren alde<br \/> \u2014<br \/> <\/span><\/span><\/p>\n<h4><\/h4>\n<h4>irakurri &gt;&gt;<\/h4>\n<p>[\/et_pb_text][\/et_pb_column][\/et_pb_row][et_pb_row column_structure=\u00bb1_4,1_4,1_2&#8243; use_custom_gutter=\u00bbon\u00bb gutter_width=\u00bb2&#8243; _builder_version=\u00bb4.16&#8243; _module_preset=\u00bbdefault\u00bb custom_margin=\u00bb-5px||25px||false|false\u00bb custom_padding=\u00bb0px||0px|0px|false|false\u00bb animation_style=\u00bbfade\u00bb global_colors_info=\u00bb{}\u00bb][et_pb_column type=\u00bb1_4&#8243; _builder_version=\u00bb4.16&#8243; _module_preset=\u00bbdefault\u00bb global_colors_info=\u00bb{}\u00bb][et_pb_divider color=\u00bb#000000&#8243; divider_weight=\u00bb1px\u00bb _builder_version=\u00bb4.16&#8243; _module_preset=\u00bbdefault\u00bb custom_margin=\u00bb||-4px||false|false\u00bb global_colors_info=\u00bb{}\u00bb][\/et_pb_divider][et_pb_text admin_label=\u00bbArtikulua\u00bb _builder_version=\u00bb4.16&#8243; _module_preset=\u00bbdefault\u00bb text_font=\u00bbsagona-medium||||||||\u00bb text_text_color=\u00bb#000000&#8243; text_font_size=\u00bb19px\u00bb text_line_height=\u00bb1.3em\u00bb header_font=\u00bb||||||||\u00bb header_text_align=\u00bbleft\u00bb header_font_size=\u00bb80px\u00bb header_letter_spacing=\u00bb-2.5px\u00bb header_4_font=\u00bb|||||on|||\u00bb header_4_font_size=\u00bb15px\u00bb header_4_line_height=\u00bb0.5em\u00bb header_6_font=\u00bbsagona-bold||||||||\u00bb header_6_font_size=\u00bb19px\u00bb background_color=\u00bbrgba(218,195,176,0.5)\u00bb min_height=\u00bb243px\u00bb custom_margin=\u00bb0px||||false|false\u00bb custom_padding=\u00bb10px|10px|10px|10px|false|false\u00bb link_option_url=\u00bbhttps:\/\/www.naiz.eus\/es\/hemeroteca\/gaur8\/editions\/gaur8_2016-09-24-07-00\/hemeroteca_articles\/heziberri-planaren-aurrean-filosofiaren-defentsa-sutsua-hainbat-jakintza-arlotatik\u00bb link_option_url_new_window=\u00bbon\u00bb global_colors_info=\u00bb{}\u00bb]<\/p>\n<h4>2016\/09\/24<\/h4>\n<p><span><span style=\"font-weight: 400;\">\u2014<br \/> Heziberri planaren aurrean, filosofiaren defentsa sutsua hainbat jakintza arlotatik<br \/> \u2014<br \/> <\/span><\/span><\/p>\n<h4><\/h4>\n<h4>irakurri &gt;&gt;<\/h4>\n<p>[\/et_pb_text][\/et_pb_column][et_pb_column type=\u00bb1_4&#8243; _builder_version=\u00bb4.16&#8243; _module_preset=\u00bbdefault\u00bb global_colors_info=\u00bb{}\u00bb][et_pb_divider color=\u00bb#000000&#8243; divider_weight=\u00bb1px\u00bb _builder_version=\u00bb4.16&#8243; _module_preset=\u00bbdefault\u00bb custom_margin=\u00bb||-4px||false|false\u00bb global_colors_info=\u00bb{}\u00bb][\/et_pb_divider][et_pb_text admin_label=\u00bbArtikulua\u00bb _builder_version=\u00bb4.16&#8243; _module_preset=\u00bbdefault\u00bb text_font=\u00bbsagona-medium||||||||\u00bb text_text_color=\u00bb#000000&#8243; text_font_size=\u00bb19px\u00bb text_line_height=\u00bb1.3em\u00bb header_font=\u00bb||||||||\u00bb header_text_align=\u00bbleft\u00bb header_font_size=\u00bb80px\u00bb header_letter_spacing=\u00bb-2.5px\u00bb header_4_font=\u00bb|||||on|||\u00bb header_4_font_size=\u00bb15px\u00bb header_4_line_height=\u00bb0.5em\u00bb header_6_font=\u00bbsagona-bold||||||||\u00bb header_6_font_size=\u00bb19px\u00bb background_color=\u00bbrgba(218,195,176,0.5)\u00bb min_height=\u00bb243px\u00bb custom_margin=\u00bb0px||||false|false\u00bb custom_padding=\u00bb10px|10px|10px|10px|false|false\u00bb link_option_url=\u00bbhttp:\/\/www.euskonews.eus\/zbk\/457\/elkarrizketa-inigo-martinez-filosofia-irakaslea-bizitza-harrapaezina-harrapatzeko-saiakera-poetiko-ezinezko-bat-da\/ar-0457020001E\/\u00bb link_option_url_new_window=\u00bbon\u00bb global_colors_info=\u00bb{}\u00bb]<\/p>\n<h4>2008\/10\/17<\/h4>\n<p><span><span style=\"font-weight: 400;\">\u2014<br \/> \u00abBizitza? Harrapaezina harrapatzeko saiakera poetiko ezinezko bat da\u00bb<br \/> \u2014<br \/> <\/span><\/span><\/p>\n<h4><\/h4>\n<h4>irakurri &gt;&gt;<\/h4>\n<p>[\/et_pb_text][\/et_pb_column][et_pb_column type=\u00bb1_2&#8243; _builder_version=\u00bb4.16&#8243; _module_preset=\u00bbdefault\u00bb global_colors_info=\u00bb{}\u00bb][et_pb_divider color=\u00bb#000000&#8243; divider_weight=\u00bb1px\u00bb _builder_version=\u00bb4.16&#8243; _module_preset=\u00bbdefault\u00bb custom_margin=\u00bb||-4px||false|false\u00bb global_colors_info=\u00bb{}\u00bb][\/et_pb_divider][et_pb_text admin_label=\u00bbArtikulua\u00bb _builder_version=\u00bb4.16&#8243; _module_preset=\u00bbdefault\u00bb text_font=\u00bbsagona-medium||||||||\u00bb text_text_color=\u00bb#000000&#8243; text_font_size=\u00bb19px\u00bb text_line_height=\u00bb1.3em\u00bb header_font=\u00bb||||||||\u00bb header_text_align=\u00bbleft\u00bb header_font_size=\u00bb80px\u00bb header_letter_spacing=\u00bb-2.5px\u00bb header_4_font=\u00bb|||||on|||\u00bb header_4_font_size=\u00bb15px\u00bb header_4_line_height=\u00bb0.5em\u00bb header_6_font=\u00bbsagona-bold||||||||\u00bb header_6_font_size=\u00bb19px\u00bb background_color=\u00bbrgba(96,212,212,0.5)\u00bb min_height=\u00bb243px\u00bb custom_margin=\u00bb0px||||false|false\u00bb custom_padding=\u00bb10px|10px|10px|10px|false|false\u00bb link_option_url=\u00bbhttps:\/\/www.eitb.eus\/es\/radio\/radio-euskadi\/programas\/hagase-la-luz\/detalle\/7206228\/maitane-nerekan-habla-emociones-humanas&#8212;&#8212;&#8212;&#8212;-\/\u00bb link_option_url_new_window=\u00bbon\u00bb global_colors_info=\u00bb{}\u00bb]<\/p>\n<h4>2020\/05\/20<\/h4>\n<p><span><span style=\"font-weight: 400;\">\u2014<span style=\"font-size: 40px;\"><br \/> \u00abLas emociones humanas nos hacen, sobre todo, humanos\u00bb<\/span><br \/> \u2014<br \/> <\/span><\/span><\/p>\n<h4><\/h4>\n<h4>entzun &gt;&gt;<\/h4>\n<p>[\/et_pb_text][\/et_pb_column][\/et_pb_row][et_pb_row column_structure=\u00bb1_4,1_4,1_4,1_4&#8243; use_custom_gutter=\u00bbon\u00bb gutter_width=\u00bb2&#8243; _builder_version=\u00bb4.16&#8243; _module_preset=\u00bbdefault\u00bb custom_margin=\u00bb-5px||25px||false|false\u00bb custom_padding=\u00bb0px||0px|0px|false|false\u00bb animation_style=\u00bbfade\u00bb global_colors_info=\u00bb{}\u00bb][et_pb_column type=\u00bb1_4&#8243; _builder_version=\u00bb4.16&#8243; _module_preset=\u00bbdefault\u00bb global_colors_info=\u00bb{}\u00bb][et_pb_divider color=\u00bb#000000&#8243; divider_weight=\u00bb1px\u00bb _builder_version=\u00bb4.16&#8243; _module_preset=\u00bbdefault\u00bb custom_margin=\u00bb||-4px||false|false\u00bb global_colors_info=\u00bb{}\u00bb][\/et_pb_divider][et_pb_text admin_label=\u00bbArtikulua\u00bb _builder_version=\u00bb4.16&#8243; _module_preset=\u00bbdefault\u00bb text_font=\u00bbsagona-medium||||||||\u00bb text_text_color=\u00bb#000000&#8243; text_font_size=\u00bb19px\u00bb text_line_height=\u00bb1.3em\u00bb header_font=\u00bb||||||||\u00bb header_text_align=\u00bbleft\u00bb header_font_size=\u00bb80px\u00bb header_letter_spacing=\u00bb-2.5px\u00bb header_4_font=\u00bb|||||on|||\u00bb header_4_font_size=\u00bb15px\u00bb header_4_line_height=\u00bb0.5em\u00bb header_6_font=\u00bbsagona-bold||||||||\u00bb header_6_font_size=\u00bb19px\u00bb background_color=\u00bbrgba(96,212,212,0.5)\u00bb min_height=\u00bb243px\u00bb custom_margin=\u00bb0px||||false|false\u00bb custom_padding=\u00bb10px|10px|10px|10px|false|false\u00bb link_option_url=\u00bbhttps:\/\/www.eitb.eus\/es\/radio\/radio-euskadi\/programas\/hagase-la-luz\/detalle\/7237581\/sopa-wuhan-lectura-imprescindible&#8212;&#8212;&#8212;&#8212;&#8212;-\/\u00bb link_option_url_new_window=\u00bbon\u00bb global_colors_info=\u00bb{}\u00bb]<\/p>\n<h4>2020\/05\/16<\/h4>\n<p><span><span style=\"font-weight: 400;\">\u2014<br \/> \u00abSopa de Wuhan\u00bb, recetas para el postcovid<br \/> \u2014<br \/> <\/span><\/span><\/p>\n<h4><\/h4>\n<h4>entzun &gt;&gt;<\/h4>\n<p>[\/et_pb_text][\/et_pb_column][et_pb_column type=\u00bb1_4&#8243; _builder_version=\u00bb4.16&#8243; _module_preset=\u00bbdefault\u00bb global_colors_info=\u00bb{}\u00bb][et_pb_divider color=\u00bb#000000&#8243; divider_weight=\u00bb1px\u00bb _builder_version=\u00bb4.16&#8243; _module_preset=\u00bbdefault\u00bb custom_margin=\u00bb||-4px||false|false\u00bb global_colors_info=\u00bb{}\u00bb][\/et_pb_divider][et_pb_text admin_label=\u00bbArtikulua\u00bb _builder_version=\u00bb4.16&#8243; _module_preset=\u00bbdefault\u00bb text_font=\u00bbsagona-medium||||||||\u00bb text_text_color=\u00bb#000000&#8243; text_font_size=\u00bb19px\u00bb text_line_height=\u00bb1.3em\u00bb header_font=\u00bb||||||||\u00bb header_text_align=\u00bbleft\u00bb header_font_size=\u00bb80px\u00bb header_letter_spacing=\u00bb-2.5px\u00bb header_4_font=\u00bb|||||on|||\u00bb header_4_font_size=\u00bb15px\u00bb header_4_line_height=\u00bb0.5em\u00bb header_6_font=\u00bbsagona-bold||||||||\u00bb header_6_font_size=\u00bb19px\u00bb background_color=\u00bbrgba(96,212,212,0.5)\u00bb min_height=\u00bb243px\u00bb custom_margin=\u00bb0px||||false|false\u00bb custom_padding=\u00bb10px|10px|10px|10px|false|false\u00bb link_option_url=\u00bbhttps:\/\/www.jakin.eus\/audioak\/euskaraz\/hiperindibidualismoaren-gaitzak\/136&#8243; link_option_url_new_window=\u00bbon\u00bb global_colors_info=\u00bb{}\u00bb]<\/p>\n<h4>2020\/04\/28<\/h4>\n<p><span><span style=\"font-weight: 400;\">\u2014<br \/> Hiperindibidualismo-aren gaitzak<br \/> \u2014<br \/> <\/span><\/span><\/p>\n<h4><\/h4>\n<h4>entzun &gt;&gt;<\/h4>\n<p>[\/et_pb_text][\/et_pb_column][et_pb_column type=\u00bb1_4&#8243; _builder_version=\u00bb4.16&#8243; _module_preset=\u00bbdefault\u00bb global_colors_info=\u00bb{}\u00bb][et_pb_divider color=\u00bb#000000&#8243; divider_weight=\u00bb1px\u00bb _builder_version=\u00bb4.16&#8243; _module_preset=\u00bbdefault\u00bb custom_margin=\u00bb||-4px||false|false\u00bb global_colors_info=\u00bb{}\u00bb][\/et_pb_divider][et_pb_text admin_label=\u00bbArtikulua\u00bb _builder_version=\u00bb4.16&#8243; _module_preset=\u00bbdefault\u00bb text_font=\u00bbsagona-medium||||||||\u00bb text_text_color=\u00bb#000000&#8243; text_font_size=\u00bb19px\u00bb text_line_height=\u00bb1.3em\u00bb header_font=\u00bb||||||||\u00bb header_text_align=\u00bbleft\u00bb header_font_size=\u00bb80px\u00bb header_letter_spacing=\u00bb-2.5px\u00bb header_4_font=\u00bb|||||on|||\u00bb header_4_font_size=\u00bb15px\u00bb header_4_line_height=\u00bb0.5em\u00bb header_6_font=\u00bbsagona-bold||||||||\u00bb header_6_font_size=\u00bb19px\u00bb background_color=\u00bbrgba(96,212,212,0.5)\u00bb min_height=\u00bb243px\u00bb custom_margin=\u00bb0px||||false|false\u00bb custom_padding=\u00bb10px|10px|10px|10px|false|false\u00bb link_option_url=\u00bbhttps:\/\/www.eitb.eus\/es\/radio\/radio-euskadi\/programas\/hagase-la-luz\/detalle\/7175018\/impartir-clases-online-tiene-du-desventajas-ekai-txapartegi&#8212;-\/\u00bb link_option_url_new_window=\u00bbon\u00bb global_colors_info=\u00bb{}\u00bb]<\/p>\n<h4>2020\/04\/18<\/h4>\n<p><span><span style=\"font-weight: 400;\">\u2014<br \/> Las carencias emocional y afectivas de aprender online<br \/> \u2014<br \/> <\/span><\/span><\/p>\n<h4><\/h4>\n<h4>entzun &gt;&gt;<\/h4>\n<p>[\/et_pb_text][\/et_pb_column][et_pb_column type=\u00bb1_4&#8243; _builder_version=\u00bb4.16&#8243; _module_preset=\u00bbdefault\u00bb global_colors_info=\u00bb{}\u00bb][et_pb_divider color=\u00bb#000000&#8243; divider_weight=\u00bb1px\u00bb _builder_version=\u00bb4.16&#8243; _module_preset=\u00bbdefault\u00bb custom_margin=\u00bb||-4px||false|false\u00bb global_colors_info=\u00bb{}\u00bb][\/et_pb_divider][et_pb_text admin_label=\u00bbArtikulua\u00bb _builder_version=\u00bb4.16&#8243; _module_preset=\u00bbdefault\u00bb text_font=\u00bbsagona-medium||||||||\u00bb text_text_color=\u00bb#000000&#8243; text_font_size=\u00bb19px\u00bb text_line_height=\u00bb1.3em\u00bb header_font=\u00bb||||||||\u00bb header_text_align=\u00bbleft\u00bb header_font_size=\u00bb80px\u00bb header_letter_spacing=\u00bb-2.5px\u00bb header_4_font=\u00bb|||||on|||\u00bb header_4_font_size=\u00bb15px\u00bb header_4_line_height=\u00bb0.5em\u00bb header_6_font=\u00bbsagona-bold||||||||\u00bb header_6_font_size=\u00bb19px\u00bb background_color=\u00bbrgba(96,212,212,0.5)\u00bb min_height=\u00bb243px\u00bb custom_margin=\u00bb0px||||false|false\u00bb custom_padding=\u00bb10px|10px|10px|10px|false|false\u00bb link_option_url=\u00bbhttps:\/\/www.eitb.eus\/es\/radio\/radio-euskadi\/programas\/hagase-la-luz\/audios\/detalle\/7099001\/audio-nuevos-tiempos-filosofia-antonio-casado-da-rocha&#8212;&#8212;\/\u00bb link_option_url_new_window=\u00bbon\u00bb global_colors_info=\u00bb{}\u00bb]<\/p>\n<h4>2020\/03\/14<\/h4>\n<p><span><span style=\"font-weight: 400;\">\u2014<br \/> Reinventar la filosof\u00eda para reinventar el mundo<br \/> \u2014<br \/> <\/span><\/span><\/p>\n<h4><\/h4>\n<h4>entzun &gt;&gt;<\/h4>\n<p>[\/et_pb_text][\/et_pb_column][\/et_pb_row][et_pb_row use_custom_gutter=\u00bbon\u00bb gutter_width=\u00bb2&#8243; disabled_on=\u00bbon|on|off\u00bb _builder_version=\u00bb4.16&#8243; _module_preset=\u00bbdefault\u00bb min_height=\u00bb64px\u00bb custom_margin=\u00bb|auto|-64px|auto||\u00bb custom_padding=\u00bb|||0px|false|false\u00bb animation_style=\u00bbfade\u00bb global_colors_info=\u00bb{}\u00bb][et_pb_column type=\u00bb4_4&#8243; _builder_version=\u00bb4.16&#8243; _module_preset=\u00bbdefault\u00bb global_colors_info=\u00bb{}\u00bb][et_pb_divider color=\u00bb#000000&#8243; divider_weight=\u00bb1px\u00bb _builder_version=\u00bb4.16&#8243; _module_preset=\u00bbdefault\u00bb custom_margin=\u00bb||-23px||false|false\u00bb custom_padding=\u00bb||0px|||\u00bb global_colors_info=\u00bb{}\u00bb][\/et_pb_divider][\/et_pb_column][\/et_pb_row][et_pb_row column_structure=\u00bb1_4,1_2,1_4&#8243; use_custom_gutter=\u00bbon\u00bb gutter_width=\u00bb2&#8243; disabled_on=\u00bbon|on|off\u00bb _builder_version=\u00bb4.16&#8243; _module_preset=\u00bbdefault\u00bb custom_margin=\u00bb|auto|-54px|auto||\u00bb custom_padding=\u00bb|||0px|false|false\u00bb animation_style=\u00bbfade\u00bb global_colors_info=\u00bb{}\u00bb][et_pb_column type=\u00bb1_4&#8243; _builder_version=\u00bb4.16&#8243; _module_preset=\u00bbdefault\u00bb global_colors_info=\u00bb{}\u00bb][et_pb_image src=\u00bbhttps:\/\/agorafilosofiaelkartea.eus\/wp-content\/uploads\/2020\/10\/leibniz-ezk.png\u00bb title_text=\u00bbleibniz-ezk\u00bb _builder_version=\u00bb4.16&#8243; _module_preset=\u00bbdefault\u00bb width=\u00bb100%\u00bb max_width=\u00bb100%\u00bb custom_margin=\u00bb|1027px||||\u00bb custom_padding=\u00bb||0px|||\u00bb global_colors_info=\u00bb{}\u00bb][\/et_pb_image][\/et_pb_column][et_pb_column type=\u00bb1_2&#8243; _builder_version=\u00bb4.16&#8243; _module_preset=\u00bbdefault\u00bb global_colors_info=\u00bb{}\u00bb][et_pb_text _builder_version=\u00bb4.16&#8243; _module_preset=\u00bbdefault\u00bb header_3_font_size=\u00bb60px\u00bb header_3_letter_spacing=\u00bb-1px\u00bb custom_padding=\u00bb36px|||||\u00bb global_colors_info=\u00bb{}\u00bb]<\/p>\n<h3 style=\"text-align: center;\">A zer monada!<\/h3>\n<p>[\/et_pb_text][\/et_pb_column][et_pb_column type=\u00bb1_4&#8243; _builder_version=\u00bb4.16&#8243; _module_preset=\u00bbdefault\u00bb global_colors_info=\u00bb{}\u00bb][et_pb_image src=\u00bbhttps:\/\/agorafilosofiaelkartea.eus\/wp-content\/uploads\/2020\/10\/leibniz-esk.png\u00bb title_text=\u00bbleibniz-esk\u00bb _builder_version=\u00bb4.16&#8243; _module_preset=\u00bbdefault\u00bb width=\u00bb100%\u00bb max_width=\u00bb100%\u00bb custom_margin=\u00bb|1027px||||\u00bb custom_padding=\u00bb||0px|||\u00bb global_colors_info=\u00bb{}\u00bb][\/et_pb_image][\/et_pb_column][\/et_pb_row][et_pb_row disabled_on=\u00bboff|off|on\u00bb _builder_version=\u00bb4.16&#8243; _module_preset=\u00bbdefault\u00bb custom_margin=\u00bb||-10px||false|false\u00bb custom_padding=\u00bb||0px||false|false\u00bb animation_style=\u00bbfade\u00bb global_colors_info=\u00bb{}\u00bb][et_pb_column type=\u00bb4_4&#8243; _builder_version=\u00bb4.16&#8243; _module_preset=\u00bbdefault\u00bb global_colors_info=\u00bb{}\u00bb][et_pb_divider color=\u00bb#000000&#8243; divider_weight=\u00bb1px\u00bb _builder_version=\u00bb4.16&#8243; _module_preset=\u00bbdefault\u00bb custom_margin=\u00bb0px||-25px||false|false\u00bb custom_padding=\u00bb0px||0px|||\u00bb global_colors_info=\u00bb{}\u00bb][\/et_pb_divider][et_pb_image src=\u00bbhttps:\/\/agorafilosofiaelkartea.eus\/wp-content\/uploads\/2020\/10\/laibniz1-banner.png\u00bb title_text=\u00bblaibniz1-banner\u00bb align=\u00bbcenter\u00bb _builder_version=\u00bb4.16&#8243; _module_preset=\u00bbdefault\u00bb width=\u00bb100%\u00bb custom_margin=\u00bb2px||-21px||false|false\u00bb custom_padding=\u00bb0px||0px|||\u00bb global_colors_info=\u00bb{}\u00bb][\/et_pb_image][\/et_pb_column][\/et_pb_row][et_pb_row use_custom_gutter=\u00bbon\u00bb gutter_width=\u00bb2&#8243; _builder_version=\u00bb4.16&#8243; _module_preset=\u00bbdefault\u00bb min_height=\u00bb64px\u00bb custom_margin=\u00bb|auto|-64px|auto||\u00bb custom_padding=\u00bb||110px|0px|false|false\u00bb animation_style=\u00bbfade\u00bb global_colors_info=\u00bb{}\u00bb][et_pb_column type=\u00bb4_4&#8243; _builder_version=\u00bb4.16&#8243; _module_preset=\u00bbdefault\u00bb global_colors_info=\u00bb{}\u00bb][et_pb_divider color=\u00bb#000000&#8243; divider_weight=\u00bb1px\u00bb _builder_version=\u00bb4.16&#8243; _module_preset=\u00bbdefault\u00bb custom_margin=\u00bb||-19px||false|false\u00bb custom_padding=\u00bb||0px|||\u00bb global_colors_info=\u00bb{}\u00bb][\/et_pb_divider][\/et_pb_column][\/et_pb_row][et_pb_row column_structure=\u00bb1_2,1_4,1_4&#8243; use_custom_gutter=\u00bbon\u00bb gutter_width=\u00bb2&#8243; _builder_version=\u00bb4.16&#8243; _module_preset=\u00bbdefault\u00bb custom_margin=\u00bb-5px||25px||false|false\u00bb custom_padding=\u00bb0px||0px|0px|false|false\u00bb animation_style=\u00bbfade\u00bb global_colors_info=\u00bb{}\u00bb][et_pb_column type=\u00bb1_2&#8243; _builder_version=\u00bb4.16&#8243; _module_preset=\u00bbdefault\u00bb global_colors_info=\u00bb{}\u00bb][et_pb_text admin_label=\u00bbArtikulua\u00bb _builder_version=\u00bb4.16&#8243; _module_preset=\u00bbdefault\u00bb text_font=\u00bbsagona-medium||||||||\u00bb text_text_color=\u00bb#000000&#8243; text_font_size=\u00bb19px\u00bb text_line_height=\u00bb1.3em\u00bb header_font=\u00bb||||||||\u00bb header_text_align=\u00bbleft\u00bb header_font_size=\u00bb80px\u00bb header_letter_spacing=\u00bb-2.5px\u00bb header_4_font=\u00bb|||||on|||\u00bb header_4_font_size=\u00bb15px\u00bb header_4_line_height=\u00bb0.5em\u00bb header_6_font=\u00bbsagona-bold||||||||\u00bb header_6_font_size=\u00bb19px\u00bb background_color=\u00bbrgba(96,212,212,0.5)\u00bb min_height=\u00bb243px\u00bb custom_margin=\u00bb0px||||false|false\u00bb custom_padding=\u00bb10px|10px|10px|10px|false|false\u00bb link_option_url=\u00bbhttps:\/\/www.eitb.eus\/es\/radio\/radio-euskadi\/programas\/hagase-la-luz\/detalle\/7033160\/las-diversas-caras-amor-san-valentin&#8212;&#8212;&#8212;-\/\u00bb link_option_url_new_window=\u00bbon\u00bb global_colors_info=\u00bb{}\u00bb]<\/p>\n<h4>2020\/02\/15<\/h4>\n<p><span><span style=\"font-weight: 400;\">\u2014<span style=\"font-size: 40px;\"><br \/> Cuando el amor es<br \/> <\/span><\/span><\/span><span><span style=\"font-weight: 400;\"><span style=\"font-size: 40px;\">mucho m\u00e1s que rom\u00e1ntico<\/span><br \/> \u2014<br \/> <\/span><\/span><\/p>\n<h4><\/h4>\n<h4>entzun &gt;&gt;<\/h4>\n<p>[\/et_pb_text][\/et_pb_column][et_pb_column type=\u00bb1_4&#8243; _builder_version=\u00bb4.16&#8243; _module_preset=\u00bbdefault\u00bb global_colors_info=\u00bb{}\u00bb][et_pb_text admin_label=\u00bbArtikulua\u00bb _builder_version=\u00bb4.16&#8243; _module_preset=\u00bbdefault\u00bb text_font=\u00bbsagona-medium||||||||\u00bb text_text_color=\u00bb#000000&#8243; text_font_size=\u00bb19px\u00bb text_line_height=\u00bb1.3em\u00bb header_font=\u00bb||||||||\u00bb header_text_align=\u00bbleft\u00bb header_font_size=\u00bb80px\u00bb header_letter_spacing=\u00bb-2.5px\u00bb header_4_font=\u00bb|||||on|||\u00bb header_4_font_size=\u00bb15px\u00bb header_4_line_height=\u00bb0.5em\u00bb header_6_font=\u00bbsagona-bold||||||||\u00bb header_6_font_size=\u00bb19px\u00bb background_color=\u00bbrgba(96,212,212,0.5)\u00bb min_height=\u00bb243px\u00bb custom_margin=\u00bb0px||||false|false\u00bb custom_padding=\u00bb10px|10px|10px|10px|false|false\u00bb link_option_url=\u00bbhttps:\/\/ataria.eus\/tolosaldea\/1579541337758-pote-filosofikoak-ekimena-jarriko-dute-martxan\u00bb link_option_url_new_window=\u00bbon\u00bb global_colors_info=\u00bb{}\u00bb]<\/p>\n<h4>2020\/01\/20<\/h4>\n<p><span><span style=\"font-weight: 400;\">\u2014<br \/> Pote Filosofikoak ekimena jarriko dute martxan<br \/> \u2014<br \/> <\/span><\/span><\/p>\n<h4><\/h4>\n<h4>entzun &gt;&gt;<\/h4>\n<p>[\/et_pb_text][\/et_pb_column][et_pb_column type=\u00bb1_4&#8243; _builder_version=\u00bb4.16&#8243; _module_preset=\u00bbdefault\u00bb global_colors_info=\u00bb{}\u00bb][et_pb_text admin_label=\u00bbArtikulua\u00bb _builder_version=\u00bb4.16&#8243; _module_preset=\u00bbdefault\u00bb text_font=\u00bbsagona-medium||||||||\u00bb text_text_color=\u00bb#000000&#8243; text_font_size=\u00bb19px\u00bb text_line_height=\u00bb1.3em\u00bb header_font=\u00bb||||||||\u00bb header_text_align=\u00bbleft\u00bb header_font_size=\u00bb80px\u00bb header_letter_spacing=\u00bb-2.5px\u00bb header_4_font=\u00bb|||||on|||\u00bb header_4_font_size=\u00bb15px\u00bb header_4_line_height=\u00bb0.5em\u00bb header_6_font=\u00bbsagona-bold||||||||\u00bb header_6_font_size=\u00bb19px\u00bb background_color=\u00bbrgba(96,212,212,0.5)\u00bb min_height=\u00bb243px\u00bb custom_margin=\u00bb0px||||false|false\u00bb custom_padding=\u00bb10px|10px|10px|10px|false|false\u00bb link_option_url=\u00bbhttps:\/\/www.eitb.eus\/es\/radio\/radio-euskadi\/programas\/hagase-la-luz\/audios\/detalle\/6383778\/audio-debemos-preguntar-ninos-darles-respuestas\/\u00bb link_option_url_new_window=\u00bbon\u00bb global_colors_info=\u00bb{}\u00bb]<\/p>\n<h4>2019\/05\/05<\/h4>\n<p><span><span style=\"font-weight: 400;\">\u2014<br \/> \u00abDebemos preguntar m\u00e1s a los ni\u00f1os y darles menos respuestas\u00bb<br \/> \u2014<\/span><\/span><\/p>\n<h4><\/h4>\n<h4>entzun &gt;&gt;<\/h4>\n<p>[\/et_pb_text][\/et_pb_column][\/et_pb_row][et_pb_row column_structure=\u00bb1_4,1_4,1_4,1_4&#8243; use_custom_gutter=\u00bbon\u00bb gutter_width=\u00bb2&#8243; _builder_version=\u00bb4.16&#8243; _module_preset=\u00bbdefault\u00bb custom_margin=\u00bb-5px||25px||false|false\u00bb custom_padding=\u00bb0px||0px|0px|false|false\u00bb animation_style=\u00bbfade\u00bb global_colors_info=\u00bb{}\u00bb][et_pb_column type=\u00bb1_4&#8243; _builder_version=\u00bb4.16&#8243; _module_preset=\u00bbdefault\u00bb global_colors_info=\u00bb{}\u00bb][et_pb_divider color=\u00bb#000000&#8243; divider_weight=\u00bb1px\u00bb _builder_version=\u00bb4.16&#8243; _module_preset=\u00bbdefault\u00bb custom_margin=\u00bb||-4px||false|false\u00bb global_colors_info=\u00bb{}\u00bb][\/et_pb_divider][et_pb_text admin_label=\u00bbArtikulua\u00bb _builder_version=\u00bb4.16&#8243; _module_preset=\u00bbdefault\u00bb text_font=\u00bbsagona-medium||||||||\u00bb text_text_color=\u00bb#000000&#8243; text_font_size=\u00bb19px\u00bb text_line_height=\u00bb1.3em\u00bb header_font=\u00bb||||||||\u00bb header_text_align=\u00bbleft\u00bb header_font_size=\u00bb80px\u00bb header_letter_spacing=\u00bb-2.5px\u00bb header_4_font=\u00bb|||||on|||\u00bb header_4_font_size=\u00bb15px\u00bb header_4_line_height=\u00bb0.5em\u00bb header_6_font=\u00bbsagona-bold||||||||\u00bb header_6_font_size=\u00bb19px\u00bb background_color=\u00bbrgba(96,212,212,0.5)\u00bb min_height=\u00bb243px\u00bb custom_margin=\u00bb0px||||false|false\u00bb custom_padding=\u00bb10px|10px|10px|10px|false|false\u00bb link_option_url=\u00bbhttps:\/\/www.eitb.eus\/eu\/irratia\/euskadi-irratia\/programak\/hirigorrian\/osoa\/6025041\/inigo-martinez-maitasuna-alkoholik-definitu-nahi-izan-zuen-platonek\/\u00bb link_option_url_new_window=\u00bbon\u00bb global_colors_info=\u00bb{}\u00bb]<\/p>\n<h4>2018\/11\/28<\/h4>\n<p><span><span style=\"font-weight: 400;\">\u2014<br \/> \u00abMaitasuna alkoholik gabe definitu nahi izan zuen Platonek\u00bb<br \/> \u2014<br \/> <\/span><\/span><\/p>\n<h4><\/h4>\n<h4>entzun &gt;&gt;<\/h4>\n<p>[\/et_pb_text][\/et_pb_column][et_pb_column type=\u00bb1_4&#8243; _builder_version=\u00bb4.16&#8243; _module_preset=\u00bbdefault\u00bb global_colors_info=\u00bb{}\u00bb][et_pb_divider color=\u00bb#000000&#8243; divider_weight=\u00bb1px\u00bb _builder_version=\u00bb4.16&#8243; _module_preset=\u00bbdefault\u00bb custom_margin=\u00bb||-4px||false|false\u00bb global_colors_info=\u00bb{}\u00bb][\/et_pb_divider][et_pb_text admin_label=\u00bbArtikulua\u00bb _builder_version=\u00bb4.16&#8243; _module_preset=\u00bbdefault\u00bb text_font=\u00bbsagona-medium||||||||\u00bb text_text_color=\u00bb#000000&#8243; text_font_size=\u00bb19px\u00bb text_line_height=\u00bb1.3em\u00bb header_font=\u00bb||||||||\u00bb header_text_align=\u00bbleft\u00bb header_font_size=\u00bb80px\u00bb header_letter_spacing=\u00bb-2.5px\u00bb header_4_font=\u00bb|||||on|||\u00bb header_4_font_size=\u00bb15px\u00bb header_4_line_height=\u00bb0.5em\u00bb header_6_font=\u00bbsagona-bold||||||||\u00bb header_6_font_size=\u00bb19px\u00bb background_color=\u00bbrgba(96,212,212,0.5)\u00bb min_height=\u00bb243px\u00bb custom_margin=\u00bb0px||||false|false\u00bb custom_padding=\u00bb10px|10px|10px|10px|false|false\u00bb link_option_url=\u00bbhttps:\/\/halabedi.eus\/es\/agora-elkartea-beharrezkoa-da-hezkuntza-sisteman-filosofiari-eta-galdera-irekiei-lekua-egitea\/\u00bb link_option_url_new_window=\u00bbon\u00bb global_colors_info=\u00bb{}\u00bb]<\/p>\n<h4>2017\/12\/19<\/h4>\n<p><span><span style=\"font-weight: 400;\">\u2014<br \/> \u00abBeharrezkoa da hezkuntza-sisteman filosofiari eta galdera irekiei lekua egitea\u00bb<br \/> \u2014<br \/> <\/span><\/span><\/p>\n<h4><\/h4>\n<h4>entzun &gt;&gt;<\/h4>\n<p>[\/et_pb_text][\/et_pb_column][et_pb_column type=\u00bb1_4&#8243; _builder_version=\u00bb4.16&#8243; _module_preset=\u00bbdefault\u00bb global_colors_info=\u00bb{}\u00bb][et_pb_divider color=\u00bb#000000&#8243; divider_weight=\u00bb1px\u00bb _builder_version=\u00bb4.16&#8243; _module_preset=\u00bbdefault\u00bb custom_margin=\u00bb||-4px||false|false\u00bb global_colors_info=\u00bb{}\u00bb][\/et_pb_divider][et_pb_text admin_label=\u00bbArtikulua\u00bb _builder_version=\u00bb4.16&#8243; _module_preset=\u00bbdefault\u00bb text_font=\u00bbsagona-medium||||||||\u00bb text_text_color=\u00bb#000000&#8243; text_font_size=\u00bb19px\u00bb text_line_height=\u00bb1.3em\u00bb header_font=\u00bb||||||||\u00bb header_text_align=\u00bbleft\u00bb header_font_size=\u00bb80px\u00bb header_letter_spacing=\u00bb-2.5px\u00bb header_4_font=\u00bb|||||on|||\u00bb header_4_font_size=\u00bb15px\u00bb header_4_line_height=\u00bb0.5em\u00bb header_6_font=\u00bbsagona-bold||||||||\u00bb header_6_font_size=\u00bb19px\u00bb background_color=\u00bbrgba(96,212,212,0.5)\u00bb min_height=\u00bb243px\u00bb custom_margin=\u00bb0px||||false|false\u00bb custom_padding=\u00bb10px|10px|10px|10px|false|false\u00bb link_option_url=\u00bbhttps:\/\/www.eitb.eus\/es\/radio\/radio-euskadi\/programas\/mas-que-palabras\/detalle\/4911829\/el-fin-filosofia-aequieren-acabar-pensamiento-critico\/\u00bb link_option_url_new_window=\u00bbon\u00bb global_colors_info=\u00bb{}\u00bb]<\/p>\n<h4>2017\/06\/18<\/h4>\n<p><span><span style=\"font-weight: 400;\">\u2014<br \/> El fin de la filosof\u00eda: \u00bfquieren acabar con el pensamiento cr\u00edtico?<br \/> \u2014<br \/> <\/span><\/span><\/p>\n<h4><\/h4>\n<h4>entzun &gt;&gt;<\/h4>\n<p>[\/et_pb_text][\/et_pb_column][et_pb_column type=\u00bb1_4&#8243; _builder_version=\u00bb4.16&#8243; _module_preset=\u00bbdefault\u00bb global_colors_info=\u00bb{}\u00bb][et_pb_divider color=\u00bb#000000&#8243; divider_weight=\u00bb1px\u00bb _builder_version=\u00bb4.16&#8243; _module_preset=\u00bbdefault\u00bb custom_margin=\u00bb||-4px||false|false\u00bb global_colors_info=\u00bb{}\u00bb][\/et_pb_divider][et_pb_text admin_label=\u00bbArtikulua\u00bb _builder_version=\u00bb4.16&#8243; _module_preset=\u00bbdefault\u00bb text_font=\u00bbsagona-medium||||||||\u00bb text_text_color=\u00bb#000000&#8243; text_font_size=\u00bb19px\u00bb text_line_height=\u00bb1.3em\u00bb header_font=\u00bb||||||||\u00bb header_text_align=\u00bbleft\u00bb header_font_size=\u00bb80px\u00bb header_letter_spacing=\u00bb-2.5px\u00bb header_4_font=\u00bb|||||on|||\u00bb header_4_font_size=\u00bb15px\u00bb header_4_line_height=\u00bb0.5em\u00bb header_6_font=\u00bbsagona-bold||||||||\u00bb header_6_font_size=\u00bb19px\u00bb background_color=\u00bbrgba(96,212,212,0.5)\u00bb min_height=\u00bb243px\u00bb custom_margin=\u00bb0px||||false|false\u00bb custom_padding=\u00bb10px|10px|10px|10px|false|false\u00bb link_option_url=\u00bbhttps:\/\/www.eitb.eus\/es\/radio\/radio-euskadi\/programas\/ganbara\/detalle\/4141210\/la-filosofia-pierde-relevancia-educacion-sociedad-re-\/\u00bb link_option_url_new_window=\u00bbon\u00bb global_colors_info=\u00bb{}\u00bb]<\/p>\n<h4>2016\/06\/08<\/h4>\n<p><span><span style=\"font-weight: 400;\">\u2014<br \/> Denunciamos la p\u00e9rdida de relevancia de la filosof\u00eda en la educaci\u00f3n<br \/> \u2014<br \/> <\/span><\/span><\/p>\n<h4><\/h4>\n<h4>entzun &gt;&gt;<\/h4>\n<p>[\/et_pb_text][\/et_pb_column][\/et_pb_row][et_pb_row column_structure=\u00bb1_4,1_4,1_2&#8243; use_custom_gutter=\u00bbon\u00bb gutter_width=\u00bb2&#8243; _builder_version=\u00bb4.16&#8243; _module_preset=\u00bbdefault\u00bb custom_margin=\u00bb-5px||25px||false|false\u00bb custom_padding=\u00bb0px||0px|0px|false|false\u00bb animation_style=\u00bbfade\u00bb global_colors_info=\u00bb{}\u00bb][et_pb_column type=\u00bb1_4&#8243; _builder_version=\u00bb4.16&#8243; _module_preset=\u00bbdefault\u00bb global_colors_info=\u00bb{}\u00bb][et_pb_divider color=\u00bb#000000&#8243; divider_weight=\u00bb1px\u00bb _builder_version=\u00bb4.16&#8243; _module_preset=\u00bbdefault\u00bb custom_margin=\u00bb||-4px||false|false\u00bb global_colors_info=\u00bb{}\u00bb][\/et_pb_divider][et_pb_text admin_label=\u00bbArtikulua\u00bb _builder_version=\u00bb4.16&#8243; _module_preset=\u00bbdefault\u00bb text_font=\u00bbsagona-medium||||||||\u00bb text_text_color=\u00bb#000000&#8243; text_font_size=\u00bb19px\u00bb text_line_height=\u00bb1.3em\u00bb header_font=\u00bb||||||||\u00bb header_text_align=\u00bbleft\u00bb header_font_size=\u00bb80px\u00bb header_letter_spacing=\u00bb-2.5px\u00bb header_4_font=\u00bb|||||on|||\u00bb header_4_font_size=\u00bb15px\u00bb header_4_line_height=\u00bb0.5em\u00bb header_6_font=\u00bbsagona-bold||||||||\u00bb header_6_font_size=\u00bb19px\u00bb background_color=\u00bbrgba(96,212,212,0.5)\u00bb min_height=\u00bb243px\u00bb custom_margin=\u00bb0px||||false|false\u00bb custom_padding=\u00bb10px|10px|10px|10px|false|false\u00bb link_option_url=\u00bbhttps:\/\/cadenaser.com\/emisora\/2016\/05\/31\/ser_vitoria\/1464697324_545250.html\u00bb link_option_url_new_window=\u00bbon\u00bb global_colors_info=\u00bb{}\u00bb]<\/p>\n<h4>2016\/05\/31<\/h4>\n<p><span><span style=\"font-weight: 400;\">\u2014<span style=\"font-size: 40px;\"><br \/> <\/span>Si descartes levantara la cabeza&#8230;<br \/> \u2014<\/span><\/span><\/p>\n<h4><\/h4>\n<h4>entzun &gt;&gt;<\/h4>\n<p>[\/et_pb_text][\/et_pb_column][et_pb_column type=\u00bb1_4&#8243; _builder_version=\u00bb4.16&#8243; _module_preset=\u00bbdefault\u00bb global_colors_info=\u00bb{}\u00bb][et_pb_divider color=\u00bb#000000&#8243; divider_weight=\u00bb1px\u00bb _builder_version=\u00bb4.16&#8243; _module_preset=\u00bbdefault\u00bb custom_margin=\u00bb||-4px||false|false\u00bb global_colors_info=\u00bb{}\u00bb][\/et_pb_divider][et_pb_text admin_label=\u00bbArtikulua\u00bb _builder_version=\u00bb4.16&#8243; _module_preset=\u00bbdefault\u00bb text_font=\u00bbsagona-medium||||||||\u00bb text_text_color=\u00bb#000000&#8243; text_font_size=\u00bb19px\u00bb text_line_height=\u00bb1.3em\u00bb header_font=\u00bb||||||||\u00bb header_text_align=\u00bbleft\u00bb header_font_size=\u00bb80px\u00bb header_letter_spacing=\u00bb-2.5px\u00bb header_4_font=\u00bb|||||on|||\u00bb header_4_font_size=\u00bb15px\u00bb header_4_line_height=\u00bb0.5em\u00bb header_6_font=\u00bbsagona-bold||||||||\u00bb header_6_font_size=\u00bb19px\u00bb background_color=\u00bbrgba(245,134,120,0.5)\u00bb min_height=\u00bb243px\u00bb custom_margin=\u00bb0px||||false|false\u00bb custom_padding=\u00bb10px|10px|10px|10px|false|false\u00bb link_option_url=\u00bbhttps:\/\/www.youtube.com\/watch?v=LI3FDc4Olxg&#038;feature=share&#038;fbclid=IwAR01m9YTb-eVubPReweiyTvNfJB7mtr_P4bvcWuK1jrR7o7d6ND4ySXN0Rg\u00bb link_option_url_new_window=\u00bbon\u00bb global_colors_info=\u00bb{}\u00bb]<\/p>\n<h4>2020\/04\/18<\/h4>\n<p><span><span style=\"font-weight: 400;\">\u2014<br \/> \u00abDolutik komunean diren bizitzetara\u00bb Mikel Urdangarin EHUko filosofia Ikerlaria<br \/> \u2014<br \/> <\/span><\/span><\/p>\n<h4><\/h4>\n<h4>ikusi &gt;&gt;<\/h4>\n<p>[\/et_pb_text][\/et_pb_column][et_pb_column type=\u00bb1_2&#8243; _builder_version=\u00bb4.16&#8243; _module_preset=\u00bbdefault\u00bb global_colors_info=\u00bb{}\u00bb][et_pb_divider color=\u00bb#000000&#8243; divider_weight=\u00bb1px\u00bb _builder_version=\u00bb4.16&#8243; _module_preset=\u00bbdefault\u00bb custom_margin=\u00bb||-4px||false|false\u00bb global_colors_info=\u00bb{}\u00bb][\/et_pb_divider][et_pb_text admin_label=\u00bbArtikulua\u00bb _builder_version=\u00bb4.16&#8243; _module_preset=\u00bbdefault\u00bb text_font=\u00bbsagona-medium||||||||\u00bb text_text_color=\u00bb#000000&#8243; text_font_size=\u00bb19px\u00bb text_line_height=\u00bb1.3em\u00bb header_font=\u00bb||||||||\u00bb header_text_align=\u00bbleft\u00bb header_font_size=\u00bb80px\u00bb header_letter_spacing=\u00bb-2.5px\u00bb header_4_font=\u00bb|||||on|||\u00bb header_4_font_size=\u00bb15px\u00bb header_4_line_height=\u00bb0.5em\u00bb header_6_font=\u00bbsagona-bold||||||||\u00bb header_6_font_size=\u00bb19px\u00bb background_color=\u00bbrgba(245,134,120,0.5)\u00bb min_height=\u00bb243px\u00bb custom_margin=\u00bb0px||||false|false\u00bb custom_padding=\u00bb10px|10px|10px|10px|false|false\u00bb link_option_url=\u00bbhttps:\/\/vimeo.com\/218936618&#8243; link_option_url_new_window=\u00bbon\u00bb global_colors_info=\u00bb{}\u00bb]<\/p>\n<h4>2019\/05\/05<\/h4>\n<p><span><span style=\"font-weight: 400;\">\u2014<span style=\"font-size: 40px;\"><br \/> Filosofiaren<br \/> Defentsak<\/span><br \/> \u2014<\/span><\/span><\/p>\n<h4><\/h4>\n<h4>ikusi &gt;&gt;<\/h4>\n<p>[\/et_pb_text][\/et_pb_column][\/et_pb_row][\/et_pb_section][et_pb_section fb_built=\u00bb1&#8243; disabled_on=\u00bbon|on|on\u00bb _builder_version=\u00bb4.16&#8243; _module_preset=\u00bbdefault\u00bb custom_margin=\u00bb||0px||false|false\u00bb custom_padding=\u00bb0px||0px|||\u00bb disabled=\u00bbon\u00bb global_colors_info=\u00bb{}\u00bb][et_pb_row _builder_version=\u00bb4.16&#8243; _module_preset=\u00bbdefault\u00bb custom_margin=\u00bb|auto|4px|auto||\u00bb custom_padding=\u00bb4px||3px|||\u00bb global_colors_info=\u00bb{}\u00bb][et_pb_column type=\u00bb4_4&#8243; _builder_version=\u00bb4.16&#8243; _module_preset=\u00bbdefault\u00bb global_colors_info=\u00bb{}\u00bb][et_pb_divider color=\u00bb#000000&#8243; divider_weight=\u00bb1px\u00bb _builder_version=\u00bb4.16&#8243; _module_preset=\u00bbdefault\u00bb custom_margin=\u00bb||0px|||\u00bb custom_padding=\u00bb||0px|||\u00bb global_colors_info=\u00bb{}\u00bb][\/et_pb_divider][et_pb_text _builder_version=\u00bb4.16&#8243; _module_preset=\u00bbdefault\u00bb header_font=\u00bb||||||||\u00bb header_text_align=\u00bbleft\u00bb header_font_size=\u00bb80px\u00bb header_letter_spacing=\u00bb-2.5px\u00bb header_4_font=\u00bb||||on|on||#60d4d4|solid\u00bb header_4_font_size=\u00bb17px\u00bb header_4_line_height=\u00bb0.5em\u00bb width=\u00bb100%\u00bb min_height=\u00bb11px\u00bb custom_margin=\u00bb||17px|||\u00bb global_colors_info=\u00bb{}\u00bb]<\/p>\n<h4>filosofia prentsan<\/h4>\n<p>[\/et_pb_text][et_pb_divider color=\u00bb#000000&#8243; divider_weight=\u00bb1px\u00bb _builder_version=\u00bb4.16&#8243; _module_preset=\u00bbdefault\u00bb custom_margin=\u00bb||0px|||\u00bb global_colors_info=\u00bb{}\u00bb][\/et_pb_divider][et_pb_image _builder_version=\u00bb4.16&#8243; _module_preset=\u00bbdefault\u00bb global_colors_info=\u00bb{}\u00bb][\/et_pb_image][\/et_pb_column][\/et_pb_row][et_pb_row column_structure=\u00bb1_4,1_4,1_4,1_4&#8243; use_custom_gutter=\u00bbon\u00bb gutter_width=\u00bb2&#8243; _builder_version=\u00bb4.16&#8243; _module_preset=\u00bbdefault\u00bb custom_margin=\u00bb-5px||25px||false|false\u00bb custom_padding=\u00bb0px||0px|0px|false|false\u00bb global_colors_info=\u00bb{}\u00bb][et_pb_column type=\u00bb1_4&#8243; _builder_version=\u00bb4.16&#8243; _module_preset=\u00bbdefault\u00bb global_colors_info=\u00bb{}\u00bb][et_pb_divider color=\u00bb#000000&#8243; divider_weight=\u00bb1px\u00bb _builder_version=\u00bb4.16&#8243; _module_preset=\u00bbdefault\u00bb custom_margin=\u00bb||-4px||false|false\u00bb global_colors_info=\u00bb{}\u00bb][\/et_pb_divider][et_pb_text admin_label=\u00bbArtikulua\u00bb _builder_version=\u00bb4.16&#8243; _module_preset=\u00bbdefault\u00bb text_font=\u00bbsagona-medium||||||||\u00bb text_text_color=\u00bb#000000&#8243; text_font_size=\u00bb19px\u00bb text_line_height=\u00bb1.3em\u00bb header_font=\u00bb||||||||\u00bb header_text_align=\u00bbleft\u00bb header_font_size=\u00bb80px\u00bb header_letter_spacing=\u00bb-2.5px\u00bb header_4_font=\u00bb|||||on|||\u00bb header_4_font_size=\u00bb15px\u00bb header_4_line_height=\u00bb0.5em\u00bb header_6_font=\u00bbsagona-bold||||||||\u00bb header_6_font_size=\u00bb19px\u00bb background_color=\u00bbrgba(218,195,176,0.5)\u00bb min_height=\u00bb243px\u00bb custom_margin=\u00bb0px||||false|false\u00bb custom_padding=\u00bb10px|10px|10px|10px|false|false\u00bb link_option_url=\u00bbhttp:\/\/www.euskonews.eus\/zbk\/457\/elkarrizketa-inigo-martinez-filosofia-irakaslea-bizitza-harrapaezina-harrapatzeko-saiakera-poetiko-ezinezko-bat-da\/ar-0457020001E\/\u00bb global_colors_info=\u00bb{}\u00bb]<\/p>\n<h4>2008\/10\/17<\/h4>\n<p><span><span style=\"font-weight: 400;\">\u2014<br \/> \u00abBizitza? Harrapaezina harrapatzeko saiakera poetiko ezinezko bat da\u00bb<br \/> \u2014<br \/> <\/span><\/span><\/p>\n<h4><\/h4>\n<h4>irakurri &gt;&gt;<\/h4>\n<p>[\/et_pb_text][\/et_pb_column][et_pb_column type=\u00bb1_4&#8243; _builder_version=\u00bb4.16&#8243; _module_preset=\u00bbdefault\u00bb global_colors_info=\u00bb{}\u00bb][et_pb_divider color=\u00bb#000000&#8243; divider_weight=\u00bb1px\u00bb _builder_version=\u00bb4.16&#8243; _module_preset=\u00bbdefault\u00bb custom_margin=\u00bb||-4px||false|false\u00bb global_colors_info=\u00bb{}\u00bb][\/et_pb_divider][et_pb_text admin_label=\u00bbArtikulua\u00bb _builder_version=\u00bb4.16&#8243; _module_preset=\u00bbdefault\u00bb text_font=\u00bbsagona-medium||||||||\u00bb text_text_color=\u00bb#000000&#8243; text_font_size=\u00bb19px\u00bb text_line_height=\u00bb1.3em\u00bb header_font=\u00bb||||||||\u00bb header_text_align=\u00bbleft\u00bb header_font_size=\u00bb80px\u00bb header_letter_spacing=\u00bb-2.5px\u00bb header_4_font=\u00bb|||||on|||\u00bb header_4_font_size=\u00bb15px\u00bb header_4_line_height=\u00bb0.5em\u00bb header_6_font=\u00bbsagona-bold||||||||\u00bb header_6_font_size=\u00bb19px\u00bb background_color=\u00bbrgba(218,195,176,0.5)\u00bb min_height=\u00bb243px\u00bb custom_margin=\u00bb0px||||false|false\u00bb custom_padding=\u00bb10px|10px|10px|10px|false|false\u00bb link_option_url=\u00bbhttps:\/\/www.naiz.eus\/es\/hemeroteca\/gaur8\/editions\/gaur8_2016-09-24-07-00\/hemeroteca_articles\/heziberri-planaren-aurrean-filosofiaren-defentsa-sutsua-hainbat-jakintza-arlotatik\u00bb global_colors_info=\u00bb{}\u00bb]<\/p>\n<h4>2016\/09\/24<\/h4>\n<p><span><span style=\"font-weight: 400;\">\u2014<br \/> Heziberri planaren aurrean, filosofiaren defentsa sutsua hainbat jakintza arlotatik<br \/> \u2014<br \/> <\/span><\/span><\/p>\n<h4><\/h4>\n<h4>irakurri &gt;&gt;<\/h4>\n<p>[\/et_pb_text][\/et_pb_column][et_pb_column type=\u00bb1_4&#8243; _builder_version=\u00bb4.16&#8243; _module_preset=\u00bbdefault\u00bb global_colors_info=\u00bb{}\u00bb][et_pb_divider color=\u00bb#000000&#8243; divider_weight=\u00bb1px\u00bb _builder_version=\u00bb4.16&#8243; _module_preset=\u00bbdefault\u00bb custom_margin=\u00bb||-4px||false|false\u00bb global_colors_info=\u00bb{}\u00bb][\/et_pb_divider][et_pb_text admin_label=\u00bbArtikulua\u00bb _builder_version=\u00bb4.16&#8243; _module_preset=\u00bbdefault\u00bb text_font=\u00bbsagona-medium||||||||\u00bb text_text_color=\u00bb#000000&#8243; text_font_size=\u00bb19px\u00bb text_line_height=\u00bb1.3em\u00bb header_font=\u00bb||||||||\u00bb header_text_align=\u00bbleft\u00bb header_font_size=\u00bb80px\u00bb header_letter_spacing=\u00bb-2.5px\u00bb header_4_font=\u00bb|||||on|||\u00bb header_4_font_size=\u00bb15px\u00bb header_4_line_height=\u00bb0.5em\u00bb header_6_font=\u00bbsagona-bold||||||||\u00bb header_6_font_size=\u00bb19px\u00bb background_color=\u00bbrgba(218,195,176,0.5)\u00bb min_height=\u00bb243px\u00bb custom_margin=\u00bb0px||||false|false\u00bb custom_padding=\u00bb10px|10px|10px|10px|false|false\u00bb link_option_url=\u00bbhttps:\/\/www.diariovasco.com\/culturas\/201705\/25\/lagun-filosofiaren-alde-20170525134358.html\u00bb global_colors_info=\u00bb{}\u00bb]<\/p>\n<h4>2017\/05\/25<\/h4>\n<p><span><span style=\"font-weight: 400;\">\u2014<br \/>Hamahiru lagun filosofiaren alde<br \/> \u2014<br \/> <\/span><\/span><\/p>\n<h4><\/h4>\n<h4>irakurri &gt;&gt;<\/h4>\n<p>[\/et_pb_text][\/et_pb_column][et_pb_column type=\u00bb1_4&#8243; _builder_version=\u00bb4.16&#8243; _module_preset=\u00bbdefault\u00bb global_colors_info=\u00bb{}\u00bb][et_pb_divider color=\u00bb#000000&#8243; divider_weight=\u00bb1px\u00bb _builder_version=\u00bb4.16&#8243; _module_preset=\u00bbdefault\u00bb custom_margin=\u00bb||-4px||false|false\u00bb global_colors_info=\u00bb{}\u00bb][\/et_pb_divider][et_pb_text admin_label=\u00bbArtikulua\u00bb _builder_version=\u00bb4.16&#8243; _module_preset=\u00bbdefault\u00bb text_font=\u00bbsagona-medium||||||||\u00bb text_text_color=\u00bb#000000&#8243; text_font_size=\u00bb19px\u00bb text_line_height=\u00bb1.3em\u00bb header_font=\u00bb||||||||\u00bb header_text_align=\u00bbleft\u00bb header_font_size=\u00bb80px\u00bb header_letter_spacing=\u00bb-2.5px\u00bb header_4_font=\u00bb|||||on|||\u00bb header_4_font_size=\u00bb15px\u00bb header_4_line_height=\u00bb0.5em\u00bb header_6_font=\u00bbsagona-bold||||||||\u00bb header_6_font_size=\u00bb19px\u00bb background_color=\u00bbrgba(218,195,176,0.5)\u00bb min_height=\u00bb243px\u00bb custom_margin=\u00bb0px||||false|false\u00bb custom_padding=\u00bb10px|10px|10px|10px|false|false\u00bb link_option_url=\u00bbhttps:\/\/uriola.eus\/komunitatea\/Enrique%20Zuazua\/1513328256478-filosofia-iturri-oinarri-eta-euskarri\u00bb global_colors_info=\u00bb{}\u00bb]<\/p>\n<h4>2017\/12\/15<\/h4>\n<p><span><span style=\"font-weight: 400;\">\u2014<br \/>Iturri, oinarri eta euskarri<br \/> \u2014<br \/> <\/span><\/span><\/p>\n<h4><\/h4>\n<h4>irakurri &gt;&gt;<\/h4>\n<p>[\/et_pb_text][\/et_pb_column][\/et_pb_row][et_pb_row column_structure=\u00bb1_2,1_4,1_4&#8243; use_custom_gutter=\u00bbon\u00bb gutter_width=\u00bb2&#8243; _builder_version=\u00bb4.16&#8243; _module_preset=\u00bbdefault\u00bb custom_margin=\u00bb-5px||25px||false|false\u00bb custom_padding=\u00bb0px||0px|0px|false|false\u00bb global_colors_info=\u00bb{}\u00bb][et_pb_column type=\u00bb1_2&#8243; _builder_version=\u00bb4.16&#8243; _module_preset=\u00bbdefault\u00bb global_colors_info=\u00bb{}\u00bb][et_pb_divider color=\u00bb#000000&#8243; divider_weight=\u00bb1px\u00bb _builder_version=\u00bb4.16&#8243; _module_preset=\u00bbdefault\u00bb custom_margin=\u00bb||-4px||false|false\u00bb global_colors_info=\u00bb{}\u00bb][\/et_pb_divider][et_pb_text admin_label=\u00bbArtikulua\u00bb _builder_version=\u00bb4.16&#8243; _module_preset=\u00bbdefault\u00bb text_font=\u00bbsagona-medium||||||||\u00bb text_text_color=\u00bb#000000&#8243; text_font_size=\u00bb19px\u00bb text_line_height=\u00bb1.3em\u00bb header_font=\u00bb||||||||\u00bb header_text_align=\u00bbleft\u00bb header_font_size=\u00bb80px\u00bb header_letter_spacing=\u00bb-2.5px\u00bb header_4_font=\u00bb|||||on|||\u00bb header_4_font_size=\u00bb15px\u00bb header_4_line_height=\u00bb0.5em\u00bb header_6_font=\u00bbsagona-bold||||||||\u00bb header_6_font_size=\u00bb19px\u00bb background_color=\u00bbrgba(218,195,176,0.5)\u00bb min_height=\u00bb243px\u00bb custom_margin=\u00bb0px||||false|false\u00bb custom_padding=\u00bb10px|10px|10px|10px|false|false\u00bb link_option_url=\u00bbhttps:\/\/www.ehu.eus\/eu\/campusa\/edukia\/-\/asset_publisher\/401tBNJAcZGn\/content\/poniendo-en-valor-el-pensamiento\/pop_up?_101_INSTANCE_401tBNJAcZGn_viewMode=print&#038;_101_INSTANCE_401tBNJAcZGn_languageId=eu_ES\u00bb global_colors_info=\u00bb{}\u00bb]<\/p>\n<h4>2018\/09\/19<\/h4>\n<p><span><span style=\"font-weight: 400;\">\u2014<span style=\"font-size: 40px;\"><br \/> Pentsamendua <br \/>balioan jartzen<\/span><br \/> \u2014<br \/> <\/span><\/span><\/p>\n<h4><\/h4>\n<h4>irakurri &gt;&gt;<\/h4>\n<p>[\/et_pb_text][\/et_pb_column][et_pb_column type=\u00bb1_4&#8243; _builder_version=\u00bb4.16&#8243; _module_preset=\u00bbdefault\u00bb global_colors_info=\u00bb{}\u00bb][et_pb_divider color=\u00bb#000000&#8243; divider_weight=\u00bb1px\u00bb _builder_version=\u00bb4.16&#8243; _module_preset=\u00bbdefault\u00bb custom_margin=\u00bb||-4px||false|false\u00bb global_colors_info=\u00bb{}\u00bb][\/et_pb_divider][et_pb_text admin_label=\u00bbArtikulua\u00bb _builder_version=\u00bb4.16&#8243; _module_preset=\u00bbdefault\u00bb text_font=\u00bbsagona-medium||||||||\u00bb text_text_color=\u00bb#000000&#8243; text_font_size=\u00bb19px\u00bb text_line_height=\u00bb1.3em\u00bb header_font=\u00bb||||||||\u00bb header_text_align=\u00bbleft\u00bb header_font_size=\u00bb80px\u00bb header_letter_spacing=\u00bb-2.5px\u00bb header_4_font=\u00bb|||||on|||\u00bb header_4_font_size=\u00bb15px\u00bb header_4_line_height=\u00bb0.5em\u00bb header_6_font=\u00bbsagona-bold||||||||\u00bb header_6_font_size=\u00bb19px\u00bb background_color=\u00bbrgba(218,195,176,0.5)\u00bb min_height=\u00bb243px\u00bb custom_margin=\u00bb0px||||false|false\u00bb custom_padding=\u00bb10px|10px|10px|10px|false|false\u00bb link_option_url=\u00bbhttps:\/\/alea.eus\/gasteiz\/1527250052212-arnasten-dugun-bezala-guztiok-filosofatzen-dugu\u00bb global_colors_info=\u00bb{}\u00bb]<\/p>\n<h4>2018\/05\/27<\/h4>\n<h4><span style=\"color: #ffffff;\">kafe filosofikoak<\/span><\/h4>\n<p><span><span style=\"font-weight: 400;\">\u2014<br \/> \u00abArnasten dugun bezala, guztiok filosofatzen dugu.\u00bb<br \/> \u2014<br \/> <\/span><\/span><\/p>\n<h4><\/h4>\n<h4>irakurri &gt;&gt;<\/h4>\n<p>[\/et_pb_text][\/et_pb_column][et_pb_column type=\u00bb1_4&#8243; _builder_version=\u00bb4.16&#8243; _module_preset=\u00bbdefault\u00bb global_colors_info=\u00bb{}\u00bb][et_pb_divider color=\u00bb#000000&#8243; divider_weight=\u00bb1px\u00bb _builder_version=\u00bb4.16&#8243; _module_preset=\u00bbdefault\u00bb custom_margin=\u00bb||-4px||false|false\u00bb global_colors_info=\u00bb{}\u00bb][\/et_pb_divider][et_pb_text admin_label=\u00bbArtikulua\u00bb _builder_version=\u00bb4.16&#8243; _module_preset=\u00bbdefault\u00bb text_font=\u00bbsagona-medium||||||||\u00bb text_text_color=\u00bb#000000&#8243; text_font_size=\u00bb19px\u00bb text_line_height=\u00bb1.3em\u00bb header_font=\u00bb||||||||\u00bb header_text_align=\u00bbleft\u00bb header_font_size=\u00bb80px\u00bb header_letter_spacing=\u00bb-2.5px\u00bb header_4_font=\u00bb|||||on|||\u00bb header_4_font_size=\u00bb15px\u00bb header_4_line_height=\u00bb0.5em\u00bb header_6_font=\u00bbsagona-bold||||||||\u00bb header_6_font_size=\u00bb19px\u00bb background_color=\u00bbrgba(218,195,176,0.5)\u00bb min_height=\u00bb243px\u00bb custom_margin=\u00bb0px||||false|false\u00bb custom_padding=\u00bb10px|10px|10px|10px|false|false\u00bb link_option_url=\u00bbhttps:\/\/www.deusto.es\/cs\/Satellite\/deusto\/es\/universidad-deusto\/vive-deusto\/-i-olimpiada-de-filosofia-de-euskadi\/noticia\u00bb global_colors_info=\u00bb{}\u00bb]<\/p>\n<h4>2020\/01\/18<\/h4>\n<h4><span style=\"color: #ffffff;\">filosofia olinpiadak<br \/><\/span><\/h4>\n<p><span><span style=\"font-weight: 400;\">\u2014<br \/> I Olimpiada de Filosof\u00eda de Euskadi<br \/> \u2014<br \/> <\/span><\/span><\/p>\n<h4><\/h4>\n<h4>irakurri &gt;&gt;<\/h4>\n<p>[\/et_pb_text][\/et_pb_column][\/et_pb_row][et_pb_row column_structure=\u00bb1_4,1_4,1_4,1_4&#8243; use_custom_gutter=\u00bbon\u00bb gutter_width=\u00bb2&#8243; _builder_version=\u00bb4.16&#8243; _module_preset=\u00bbdefault\u00bb custom_margin=\u00bb-5px||25px||false|false\u00bb custom_padding=\u00bb0px||0px|0px|false|false\u00bb global_colors_info=\u00bb{}\u00bb][et_pb_column type=\u00bb1_4&#8243; _builder_version=\u00bb4.16&#8243; _module_preset=\u00bbdefault\u00bb global_colors_info=\u00bb{}\u00bb][et_pb_divider color=\u00bb#000000&#8243; divider_weight=\u00bb1px\u00bb _builder_version=\u00bb4.16&#8243; _module_preset=\u00bbdefault\u00bb custom_margin=\u00bb||-4px||false|false\u00bb global_colors_info=\u00bb{}\u00bb][\/et_pb_divider][et_pb_text admin_label=\u00bbArtikulua\u00bb _builder_version=\u00bb4.16&#8243; _module_preset=\u00bbdefault\u00bb text_font=\u00bbsagona-medium||||||||\u00bb text_text_color=\u00bb#000000&#8243; text_font_size=\u00bb19px\u00bb text_line_height=\u00bb1.3em\u00bb header_font=\u00bb||||||||\u00bb header_text_align=\u00bbleft\u00bb header_font_size=\u00bb80px\u00bb header_letter_spacing=\u00bb-2.5px\u00bb header_4_font=\u00bb|||||on|||\u00bb header_4_font_size=\u00bb15px\u00bb header_4_line_height=\u00bb0.5em\u00bb header_6_font=\u00bbsagona-bold||||||||\u00bb header_6_font_size=\u00bb19px\u00bb background_color=\u00bbrgba(218,195,176,0.5)\u00bb min_height=\u00bb243px\u00bb custom_margin=\u00bb0px||||false|false\u00bb custom_padding=\u00bb10px|10px|10px|10px|false|false\u00bb link_option_url=\u00bbhttps:\/\/www.deia.eus\/actualidad\/sociedad\/2020\/01\/18\/motivacion\/1012371.html\u00bb global_colors_info=\u00bb{}\u00bb]<\/p>\n<h4>2020\/01\/18<\/h4>\n<h4><span style=\"color: #ffffff;\">filosofia olinpiadak<\/span><\/h4>\n<p><span><span style=\"font-weight: 400;\">\u2014<br \/> El poder de la motivaci\u00f3n<br \/> \u2014<br \/> <\/span><\/span><\/p>\n<h4><\/h4>\n<h4>irakurri &gt;&gt;<\/h4>\n<p>[\/et_pb_text][\/et_pb_column][et_pb_column type=\u00bb1_4&#8243; _builder_version=\u00bb4.16&#8243; _module_preset=\u00bbdefault\u00bb global_colors_info=\u00bb{}\u00bb][et_pb_divider color=\u00bb#000000&#8243; divider_weight=\u00bb1px\u00bb _builder_version=\u00bb4.16&#8243; _module_preset=\u00bbdefault\u00bb custom_margin=\u00bb||-4px||false|false\u00bb global_colors_info=\u00bb{}\u00bb][\/et_pb_divider][et_pb_text admin_label=\u00bbArtikulua\u00bb _builder_version=\u00bb4.16&#8243; _module_preset=\u00bbdefault\u00bb text_font=\u00bbsagona-medium||||||||\u00bb text_text_color=\u00bb#000000&#8243; text_font_size=\u00bb19px\u00bb text_line_height=\u00bb1.3em\u00bb header_font=\u00bb||||||||\u00bb header_text_align=\u00bbleft\u00bb header_font_size=\u00bb80px\u00bb header_letter_spacing=\u00bb-2.5px\u00bb header_4_font=\u00bb|||||on|||\u00bb header_4_font_size=\u00bb15px\u00bb header_4_line_height=\u00bb0.5em\u00bb header_6_font=\u00bbsagona-bold||||||||\u00bb header_6_font_size=\u00bb19px\u00bb background_color=\u00bbrgba(218,195,176,0.5)\u00bb min_height=\u00bb243px\u00bb custom_margin=\u00bb0px||||false|false\u00bb custom_padding=\u00bb10px|10px|10px|10px|false|false\u00bb link_option_url=\u00bbhttps:\/\/www.argia.eus\/albistea\/pote-filosofikoak-egitasmoa-estreinatuko-dute-tolosan\u00bb global_colors_info=\u00bb{}\u00bb]<\/p>\n<h4>2020\/01\/22<\/h4>\n<h4><span style=\"color: #ffffff;\">pote filosofikoak<\/span><\/h4>\n<p><span><span style=\"font-weight: 400;\">\u2014<br \/> Pote Filosofikoak egitasmoa estreinatuko dute Tolosan<br \/> \u2014<br \/> <\/span><\/span><\/p>\n<h4><\/h4>\n<h4>irakurri &gt;&gt;<\/h4>\n<p>[\/et_pb_text][\/et_pb_column][et_pb_column type=\u00bb1_4&#8243; _builder_version=\u00bb4.16&#8243; _module_preset=\u00bbdefault\u00bb global_colors_info=\u00bb{}\u00bb][et_pb_divider color=\u00bb#000000&#8243; divider_weight=\u00bb1px\u00bb _builder_version=\u00bb4.16&#8243; _module_preset=\u00bbdefault\u00bb custom_margin=\u00bb||-4px||false|false\u00bb global_colors_info=\u00bb{}\u00bb][\/et_pb_divider][et_pb_text admin_label=\u00bbArtikulua\u00bb _builder_version=\u00bb4.16&#8243; _module_preset=\u00bbdefault\u00bb text_font=\u00bbsagona-medium||||||||\u00bb text_text_color=\u00bb#000000&#8243; text_font_size=\u00bb19px\u00bb text_line_height=\u00bb1.3em\u00bb header_font=\u00bb||||||||\u00bb header_text_align=\u00bbleft\u00bb header_font_size=\u00bb80px\u00bb header_letter_spacing=\u00bb-2.5px\u00bb header_4_font=\u00bb|||||on|||\u00bb header_4_font_size=\u00bb15px\u00bb header_4_line_height=\u00bb0.5em\u00bb header_6_font=\u00bbsagona-bold||||||||\u00bb header_6_font_size=\u00bb19px\u00bb background_color=\u00bbrgba(218,195,176,0.5)\u00bb min_height=\u00bb243px\u00bb custom_margin=\u00bb0px||||false|false\u00bb custom_padding=\u00bb10px|10px|10px|10px|false|false\u00bb link_option_url=\u00bbhttps:\/\/gipuzkoa.hitza.eus\/2020\/01\/24\/filosofia-plazaratzeko-poteoa\/\u00bb global_colors_info=\u00bb{}\u00bb]<\/p>\n<h4>2020\/01\/24<\/h4>\n<h4><span style=\"color: #ffffff;\">pote filosofikoak<\/span><\/h4>\n<p><span><span style=\"font-weight: 400;\">\u2014<br \/> Filosofia plazaratzeko poteoa<br \/> \u2014<br \/> <\/span><\/span><\/p>\n<h4><\/h4>\n<h4>irakurri &gt;&gt;<\/h4>\n<p>[\/et_pb_text][\/et_pb_column][et_pb_column type=\u00bb1_4&#8243; _builder_version=\u00bb4.16&#8243; _module_preset=\u00bbdefault\u00bb global_colors_info=\u00bb{}\u00bb][et_pb_divider color=\u00bb#000000&#8243; divider_weight=\u00bb1px\u00bb _builder_version=\u00bb4.16&#8243; _module_preset=\u00bbdefault\u00bb custom_margin=\u00bb||-4px||false|false\u00bb global_colors_info=\u00bb{}\u00bb][\/et_pb_divider][et_pb_text admin_label=\u00bbArtikulua\u00bb _builder_version=\u00bb4.16&#8243; _module_preset=\u00bbdefault\u00bb text_font=\u00bbsagona-medium||||||||\u00bb text_text_color=\u00bb#000000&#8243; text_font_size=\u00bb19px\u00bb text_line_height=\u00bb1.3em\u00bb header_font=\u00bb||||||||\u00bb header_text_align=\u00bbleft\u00bb header_font_size=\u00bb80px\u00bb header_letter_spacing=\u00bb-2.5px\u00bb header_4_font=\u00bb|||||on|||\u00bb header_4_font_size=\u00bb15px\u00bb header_4_line_height=\u00bb0.5em\u00bb header_6_font=\u00bbsagona-bold||||||||\u00bb header_6_font_size=\u00bb19px\u00bb background_color=\u00bbrgba(218,195,176,0.5)\u00bb min_height=\u00bb243px\u00bb custom_margin=\u00bb0px||||false|false\u00bb custom_padding=\u00bb10px|10px|10px|10px|false|false\u00bb link_option_url=\u00bbhttps:\/\/goierri.hitza.eus\/2020\/02\/25\/bakardadeari-buruz-hitzaldia-egingo-dute-bihar-lazkaon\/\u00bb global_colors_info=\u00bb{}\u00bb]<\/p>\n<h4>2020\/02\/25<\/h4>\n<h4><span style=\"color: #ffffff;\">pote filosofikoak<\/span><\/h4>\n<p><span><span style=\"font-weight: 400;\">\u2014<br \/> Bakardadeari buruz hitzaldia egingo dute bihar Lazkaon<br \/> \u2014<br \/> <\/span><\/span><\/p>\n<h4><\/h4>\n<h4>irakurri &gt;&gt;<\/h4>\n<p>[\/et_pb_text][\/et_pb_column][\/et_pb_row][et_pb_row column_structure=\u00bb1_4,1_4,1_2&#8243; use_custom_gutter=\u00bbon\u00bb gutter_width=\u00bb2&#8243; _builder_version=\u00bb4.16&#8243; _module_preset=\u00bbdefault\u00bb custom_margin=\u00bb-5px||25px||false|false\u00bb custom_padding=\u00bb0px||0px|0px|false|false\u00bb global_colors_info=\u00bb{}\u00bb][et_pb_column type=\u00bb1_4&#8243; _builder_version=\u00bb4.16&#8243; _module_preset=\u00bbdefault\u00bb global_colors_info=\u00bb{}\u00bb][et_pb_divider color=\u00bb#000000&#8243; divider_weight=\u00bb1px\u00bb _builder_version=\u00bb4.16&#8243; _module_preset=\u00bbdefault\u00bb custom_margin=\u00bb||-4px||false|false\u00bb global_colors_info=\u00bb{}\u00bb][\/et_pb_divider][et_pb_text admin_label=\u00bbArtikulua\u00bb _builder_version=\u00bb4.16&#8243; _module_preset=\u00bbdefault\u00bb text_font=\u00bbsagona-medium||||||||\u00bb text_text_color=\u00bb#000000&#8243; text_font_size=\u00bb19px\u00bb text_line_height=\u00bb1.3em\u00bb header_font=\u00bb||||||||\u00bb header_text_align=\u00bbleft\u00bb header_font_size=\u00bb80px\u00bb header_letter_spacing=\u00bb-2.5px\u00bb header_4_font=\u00bb|||||on|||\u00bb header_4_font_size=\u00bb15px\u00bb header_4_line_height=\u00bb0.5em\u00bb header_6_font=\u00bbsagona-bold||||||||\u00bb header_6_font_size=\u00bb19px\u00bb background_color=\u00bbrgba(218,195,176,0.5)\u00bb min_height=\u00bb243px\u00bb custom_margin=\u00bb0px||||false|false\u00bb custom_padding=\u00bb10px|10px|10px|10px|false|false\u00bb link_option_url=\u00bbhttp:\/\/goiberri.eus\/2020\/02\/25\/filosofia-barraren-bueltan\/\u00bb global_colors_info=\u00bb{}\u00bb]<\/p>\n<h4>2020\/02\/25<\/h4>\n<h4><span style=\"color: #ffffff;\">pote filosofikoak<\/span><\/h4>\n<p><span><span style=\"font-weight: 400;\">\u2014<br \/> Filosofia, barraren bueltan<br \/> \u2014<br \/> <\/span><\/span><\/p>\n<h4><\/h4>\n<h4>irakurri &gt;&gt;<\/h4>\n<p>[\/et_pb_text][\/et_pb_column][et_pb_column type=\u00bb1_4&#8243; _builder_version=\u00bb4.16&#8243; _module_preset=\u00bbdefault\u00bb global_colors_info=\u00bb{}\u00bb][et_pb_divider color=\u00bb#000000&#8243; divider_weight=\u00bb1px\u00bb _builder_version=\u00bb4.16&#8243; _module_preset=\u00bbdefault\u00bb custom_margin=\u00bb||-4px||false|false\u00bb global_colors_info=\u00bb{}\u00bb][\/et_pb_divider][et_pb_text admin_label=\u00bbArtikulua\u00bb _builder_version=\u00bb4.16&#8243; _module_preset=\u00bbdefault\u00bb text_font=\u00bbsagona-medium||||||||\u00bb text_text_color=\u00bb#000000&#8243; text_font_size=\u00bb19px\u00bb text_line_height=\u00bb1.3em\u00bb header_font=\u00bb||||||||\u00bb header_text_align=\u00bbleft\u00bb header_font_size=\u00bb80px\u00bb header_letter_spacing=\u00bb-2.5px\u00bb header_4_font=\u00bb|||||on|||\u00bb header_4_font_size=\u00bb15px\u00bb header_4_line_height=\u00bb0.5em\u00bb header_6_font=\u00bbsagona-bold||||||||\u00bb header_6_font_size=\u00bb19px\u00bb background_color=\u00bbrgba(218,195,176,0.5)\u00bb min_height=\u00bb243px\u00bb custom_margin=\u00bb0px||||false|false\u00bb custom_padding=\u00bb10px|10px|10px|10px|false|false\u00bb link_option_url=\u00bbhttps:\/\/www.argia.eus\/argia-astekaria\/2680\/inigo-martinez-pena-irakaslea\u00bb global_colors_info=\u00bb{}\u00bb]<\/p>\n<h4>2020\/03\/08<\/h4>\n<p><span><span style=\"font-weight: 400;\">\u2014<br \/>\u00abPentsamendua ez da adituen kontua; elkarrizketa filosofikoak bokazio berdinzalea du.\u00bb<br \/> \u2014<br \/> <\/span><\/span><\/p>\n<h4><\/h4>\n<h4>irakurri &gt;&gt;<\/h4>\n<p>[\/et_pb_text][\/et_pb_column][et_pb_column type=\u00bb1_2&#8243; _builder_version=\u00bb4.16&#8243; _module_preset=\u00bbdefault\u00bb global_colors_info=\u00bb{}\u00bb][et_pb_divider color=\u00bb#000000&#8243; divider_weight=\u00bb1px\u00bb _builder_version=\u00bb4.16&#8243; _module_preset=\u00bbdefault\u00bb custom_margin=\u00bb||-4px||false|false\u00bb global_colors_info=\u00bb{}\u00bb][\/et_pb_divider][et_pb_text admin_label=\u00bbArtikulua\u00bb _builder_version=\u00bb4.16&#8243; _module_preset=\u00bbdefault\u00bb text_font=\u00bbsagona-medium||||||||\u00bb text_text_color=\u00bb#000000&#8243; text_font_size=\u00bb19px\u00bb text_line_height=\u00bb1.3em\u00bb header_font=\u00bb||||||||\u00bb header_text_align=\u00bbleft\u00bb header_font_size=\u00bb80px\u00bb header_letter_spacing=\u00bb-2.5px\u00bb header_4_font=\u00bb|||||on|||\u00bb header_4_font_size=\u00bb15px\u00bb header_4_line_height=\u00bb0.5em\u00bb header_6_font=\u00bbsagona-bold||||||||\u00bb header_6_font_size=\u00bb19px\u00bb background_color=\u00bbrgba(96,212,212,0.5)\u00bb min_height=\u00bb243px\u00bb custom_margin=\u00bb0px||||false|false\u00bb custom_padding=\u00bb10px|10px|10px|10px|false|false\u00bb link_option_url=\u00bbhttps:\/\/cadenaser.com\/emisora\/2016\/05\/31\/ser_vitoria\/1464697324_545250.html\u00bb global_colors_info=\u00bb{}\u00bb]<\/p>\n<h4>2016\/05\/31<\/h4>\n<p><span><span style=\"font-weight: 400;\">\u2014<span style=\"font-size: 40px;\"><br \/> Si Descartes <br \/>levantara la cabeza&#8230;<\/span><br \/> \u2014<\/span><\/span><\/p>\n<h4><\/h4>\n<h4>entzun &gt;&gt;<\/h4>\n<p>[\/et_pb_text][\/et_pb_column][\/et_pb_row][et_pb_row column_structure=\u00bb1_4,1_4,1_4,1_4&#8243; use_custom_gutter=\u00bbon\u00bb gutter_width=\u00bb2&#8243; _builder_version=\u00bb4.16&#8243; _module_preset=\u00bbdefault\u00bb custom_margin=\u00bb-5px||25px||false|false\u00bb custom_padding=\u00bb0px||0px|0px|false|false\u00bb global_colors_info=\u00bb{}\u00bb][et_pb_column type=\u00bb1_4&#8243; _builder_version=\u00bb4.16&#8243; _module_preset=\u00bbdefault\u00bb global_colors_info=\u00bb{}\u00bb][et_pb_divider color=\u00bb#000000&#8243; divider_weight=\u00bb1px\u00bb _builder_version=\u00bb4.16&#8243; _module_preset=\u00bbdefault\u00bb custom_margin=\u00bb||-4px||false|false\u00bb global_colors_info=\u00bb{}\u00bb][\/et_pb_divider][et_pb_text admin_label=\u00bbArtikulua\u00bb _builder_version=\u00bb4.16&#8243; _module_preset=\u00bbdefault\u00bb text_font=\u00bbsagona-medium||||||||\u00bb text_text_color=\u00bb#000000&#8243; text_font_size=\u00bb19px\u00bb text_line_height=\u00bb1.3em\u00bb header_font=\u00bb||||||||\u00bb header_text_align=\u00bbleft\u00bb header_font_size=\u00bb80px\u00bb header_letter_spacing=\u00bb-2.5px\u00bb header_4_font=\u00bb|||||on|||\u00bb header_4_font_size=\u00bb15px\u00bb header_4_line_height=\u00bb0.5em\u00bb header_6_font=\u00bbsagona-bold||||||||\u00bb header_6_font_size=\u00bb19px\u00bb background_color=\u00bbrgba(96,212,212,0.5)\u00bb min_height=\u00bb243px\u00bb custom_margin=\u00bb0px||||false|false\u00bb custom_padding=\u00bb10px|10px|10px|10px|false|false\u00bb link_option_url=\u00bbhttps:\/\/www.eitb.eus\/es\/radio\/radio-euskadi\/programas\/ganbara\/detalle\/4141210\/la-filosofia-pierde-relevancia-educacion-sociedad-re-\/\u00bb global_colors_info=\u00bb{}\u00bb]<\/p>\n<h4>2016\/06\/08<\/h4>\n<p><span><span style=\"font-weight: 400;\">\u2014<br \/> Denunciamos la p\u00e9rdida de relevancia de la filosof\u00eda en la educaci\u00f3n<br \/> \u2014<br \/> <\/span><\/span><\/p>\n<h4><\/h4>\n<h4>entzun &gt;&gt;<\/h4>\n<p>[\/et_pb_text][\/et_pb_column][et_pb_column type=\u00bb1_4&#8243; _builder_version=\u00bb4.16&#8243; _module_preset=\u00bbdefault\u00bb global_colors_info=\u00bb{}\u00bb][et_pb_divider color=\u00bb#000000&#8243; divider_weight=\u00bb1px\u00bb _builder_version=\u00bb4.16&#8243; _module_preset=\u00bbdefault\u00bb custom_margin=\u00bb||-4px||false|false\u00bb global_colors_info=\u00bb{}\u00bb][\/et_pb_divider][et_pb_text admin_label=\u00bbArtikulua\u00bb _builder_version=\u00bb4.16&#8243; _module_preset=\u00bbdefault\u00bb text_font=\u00bbsagona-medium||||||||\u00bb text_text_color=\u00bb#000000&#8243; text_font_size=\u00bb19px\u00bb text_line_height=\u00bb1.3em\u00bb header_font=\u00bb||||||||\u00bb header_text_align=\u00bbleft\u00bb header_font_size=\u00bb80px\u00bb header_letter_spacing=\u00bb-2.5px\u00bb header_4_font=\u00bb|||||on|||\u00bb header_4_font_size=\u00bb15px\u00bb header_4_line_height=\u00bb0.5em\u00bb header_6_font=\u00bbsagona-bold||||||||\u00bb header_6_font_size=\u00bb19px\u00bb background_color=\u00bbrgba(96,212,212,0.5)\u00bb min_height=\u00bb243px\u00bb custom_margin=\u00bb0px||||false|false\u00bb custom_padding=\u00bb10px|10px|10px|10px|false|false\u00bb link_option_url=\u00bbhttps:\/\/www.eitb.eus\/es\/radio\/radio-euskadi\/programas\/mas-que-palabras\/detalle\/4911829\/el-fin-filosofia-aequieren-acabar-pensamiento-critico\/\u00bb global_colors_info=\u00bb{}\u00bb]<\/p>\n<h4>2017\/06\/18<\/h4>\n<p><span><span style=\"font-weight: 400;\">\u2014<br \/> El fin de la filosof\u00eda: \u00bfquieren acabar con el pensamiento cr\u00edtico?<br \/> \u2014<br \/> <\/span><\/span><\/p>\n<h4><\/h4>\n<h4>entzun &gt;&gt;<\/h4>\n<p>[\/et_pb_text][\/et_pb_column][et_pb_column type=\u00bb1_4&#8243; _builder_version=\u00bb4.16&#8243; _module_preset=\u00bbdefault\u00bb global_colors_info=\u00bb{}\u00bb][et_pb_divider color=\u00bb#000000&#8243; divider_weight=\u00bb1px\u00bb _builder_version=\u00bb4.16&#8243; _module_preset=\u00bbdefault\u00bb custom_margin=\u00bb||-4px||false|false\u00bb global_colors_info=\u00bb{}\u00bb][\/et_pb_divider][et_pb_text admin_label=\u00bbArtikulua\u00bb _builder_version=\u00bb4.16&#8243; _module_preset=\u00bbdefault\u00bb text_font=\u00bbsagona-medium||||||||\u00bb text_text_color=\u00bb#000000&#8243; text_font_size=\u00bb19px\u00bb text_line_height=\u00bb1.3em\u00bb header_font=\u00bb||||||||\u00bb header_text_align=\u00bbleft\u00bb header_font_size=\u00bb80px\u00bb header_letter_spacing=\u00bb-2.5px\u00bb header_4_font=\u00bb|||||on|||\u00bb header_4_font_size=\u00bb15px\u00bb header_4_line_height=\u00bb0.5em\u00bb header_6_font=\u00bbsagona-bold||||||||\u00bb header_6_font_size=\u00bb19px\u00bb background_color=\u00bbrgba(96,212,212,0.5)\u00bb min_height=\u00bb243px\u00bb custom_margin=\u00bb0px||||false|false\u00bb custom_padding=\u00bb10px|10px|10px|10px|false|false\u00bb link_option_url=\u00bbhttps:\/\/halabedi.eus\/es\/agora-elkartea-beharrezkoa-da-hezkuntza-sisteman-filosofiari-eta-galdera-irekiei-lekua-egitea\/\u00bb global_colors_info=\u00bb{}\u00bb]<\/p>\n<h4>2017\/12\/19<\/h4>\n<p><span><span style=\"font-weight: 400;\">\u2014<br \/> \u00abBeharrezkoa da hezkuntza-sisteman filosofiari eta galdera irekiei lekua egitea\u00bb<br \/> \u2014<br \/> <\/span><\/span><\/p>\n<h4><\/h4>\n<h4>entzun &gt;&gt;<\/h4>\n<p>[\/et_pb_text][\/et_pb_column][et_pb_column type=\u00bb1_4&#8243; _builder_version=\u00bb4.16&#8243; _module_preset=\u00bbdefault\u00bb global_colors_info=\u00bb{}\u00bb][et_pb_divider color=\u00bb#000000&#8243; divider_weight=\u00bb1px\u00bb _builder_version=\u00bb4.16&#8243; _module_preset=\u00bbdefault\u00bb custom_margin=\u00bb||-4px||false|false\u00bb global_colors_info=\u00bb{}\u00bb][\/et_pb_divider][et_pb_text admin_label=\u00bbArtikulua\u00bb _builder_version=\u00bb4.16&#8243; _module_preset=\u00bbdefault\u00bb text_font=\u00bbsagona-medium||||||||\u00bb text_text_color=\u00bb#000000&#8243; text_font_size=\u00bb19px\u00bb text_line_height=\u00bb1.3em\u00bb header_font=\u00bb||||||||\u00bb header_text_align=\u00bbleft\u00bb header_font_size=\u00bb80px\u00bb header_letter_spacing=\u00bb-2.5px\u00bb header_4_font=\u00bb|||||on|||\u00bb header_4_font_size=\u00bb15px\u00bb header_4_line_height=\u00bb0.5em\u00bb header_6_font=\u00bbsagona-bold||||||||\u00bb header_6_font_size=\u00bb19px\u00bb background_color=\u00bbrgba(96,212,212,0.5)\u00bb min_height=\u00bb243px\u00bb custom_margin=\u00bb0px||||false|false\u00bb custom_padding=\u00bb10px|10px|10px|10px|false|false\u00bb link_option_url=\u00bbhttps:\/\/www.eitb.eus\/eu\/irratia\/euskadi-irratia\/programak\/hirigorrian\/osoa\/6025041\/inigo-martinez-maitasuna-alkoholik-definitu-nahi-izan-zuen-platonek\/\u00bb global_colors_info=\u00bb{}\u00bb]<\/p>\n<h4>2018\/11\/28<\/h4>\n<p><span><span style=\"font-weight: 400;\">\u2014<br \/> \u00abMaitasuna alkoholik gabe definitu nahi izan zuen Platonek\u00bb<br \/> \u2014<br \/> <\/span><\/span><\/p>\n<h4><\/h4>\n<h4>entzun &gt;&gt;<\/h4>\n<p>[\/et_pb_text][\/et_pb_column][\/et_pb_row][et_pb_row use_custom_gutter=\u00bbon\u00bb gutter_width=\u00bb2&#8243; _builder_version=\u00bb4.16&#8243; _module_preset=\u00bbdefault\u00bb min_height=\u00bb64px\u00bb custom_margin=\u00bb|auto|-64px|auto||\u00bb custom_padding=\u00bb|||0px|false|false\u00bb global_colors_info=\u00bb{}\u00bb][et_pb_column type=\u00bb4_4&#8243; _builder_version=\u00bb4.16&#8243; _module_preset=\u00bbdefault\u00bb global_colors_info=\u00bb{}\u00bb][et_pb_divider color=\u00bb#000000&#8243; divider_weight=\u00bb1px\u00bb _builder_version=\u00bb4.16&#8243; _module_preset=\u00bbdefault\u00bb custom_margin=\u00bb||-19px||false|false\u00bb custom_padding=\u00bb||0px|||\u00bb global_colors_info=\u00bb{}\u00bb][\/et_pb_divider][\/et_pb_column][\/et_pb_row][et_pb_row column_structure=\u00bb1_4,1_2,1_4&#8243; use_custom_gutter=\u00bbon\u00bb gutter_width=\u00bb2&#8243; _builder_version=\u00bb4.16&#8243; _module_preset=\u00bbdefault\u00bb custom_margin=\u00bb|auto|-54px|auto||\u00bb custom_padding=\u00bb|||0px|false|false\u00bb global_colors_info=\u00bb{}\u00bb][et_pb_column type=\u00bb1_4&#8243; _builder_version=\u00bb4.16&#8243; _module_preset=\u00bbdefault\u00bb global_colors_info=\u00bb{}\u00bb][et_pb_image src=\u00bbhttps:\/\/agorafilosofiaelkartea.eus\/wp-content\/uploads\/2020\/08\/kant-ezk.png\u00bb title_text=\u00bbkant-ezk\u00bb _builder_version=\u00bb4.16&#8243; _module_preset=\u00bbdefault\u00bb width=\u00bb100%\u00bb max_width=\u00bb100%\u00bb custom_margin=\u00bb|1027px||||\u00bb custom_padding=\u00bb||0px|||\u00bb global_colors_info=\u00bb{}\u00bb][\/et_pb_image][\/et_pb_column][et_pb_column type=\u00bb1_2&#8243; _builder_version=\u00bb4.16&#8243; _module_preset=\u00bbdefault\u00bb global_colors_info=\u00bb{}\u00bb][et_pb_text _builder_version=\u00bb4.16&#8243; _module_preset=\u00bbdefault\u00bb header_3_font_size=\u00bb60px\u00bb header_3_letter_spacing=\u00bb-1px\u00bb custom_padding=\u00bb36px|||||\u00bb global_colors_info=\u00bb{}\u00bb]<\/p>\n<h3 style=\"text-align: center;\">Yes, we Kant.<\/h3>\n<p>[\/et_pb_text][\/et_pb_column][et_pb_column type=\u00bb1_4&#8243; _builder_version=\u00bb4.16&#8243; _module_preset=\u00bbdefault\u00bb global_colors_info=\u00bb{}\u00bb][et_pb_image src=\u00bbhttps:\/\/agorafilosofiaelkartea.eus\/wp-content\/uploads\/2020\/08\/kant-esk.png\u00bb title_text=\u00bbkant-esk\u00bb _builder_version=\u00bb4.16&#8243; _module_preset=\u00bbdefault\u00bb width=\u00bb100%\u00bb max_width=\u00bb100%\u00bb custom_margin=\u00bb|1027px||||\u00bb custom_padding=\u00bb||0px|||\u00bb global_colors_info=\u00bb{}\u00bb][\/et_pb_image][\/et_pb_column][\/et_pb_row][et_pb_row use_custom_gutter=\u00bbon\u00bb gutter_width=\u00bb2&#8243; _builder_version=\u00bb4.16&#8243; _module_preset=\u00bbdefault\u00bb min_height=\u00bb64px\u00bb custom_margin=\u00bb|auto|-64px|auto||\u00bb custom_padding=\u00bb||110px|0px|false|false\u00bb global_colors_info=\u00bb{}\u00bb][et_pb_column type=\u00bb4_4&#8243; _builder_version=\u00bb4.16&#8243; _module_preset=\u00bbdefault\u00bb global_colors_info=\u00bb{}\u00bb][et_pb_divider color=\u00bb#000000&#8243; divider_weight=\u00bb1px\u00bb _builder_version=\u00bb4.16&#8243; _module_preset=\u00bbdefault\u00bb custom_margin=\u00bb||-19px||false|false\u00bb custom_padding=\u00bb||0px|||\u00bb global_colors_info=\u00bb{}\u00bb][\/et_pb_divider][\/et_pb_column][\/et_pb_row][et_pb_row column_structure=\u00bb1_2,1_4,1_4&#8243; use_custom_gutter=\u00bbon\u00bb gutter_width=\u00bb2&#8243; _builder_version=\u00bb4.16&#8243; _module_preset=\u00bbdefault\u00bb custom_margin=\u00bb-5px||25px||false|false\u00bb custom_padding=\u00bb0px||0px|0px|false|false\u00bb global_colors_info=\u00bb{}\u00bb][et_pb_column type=\u00bb1_2&#8243; _builder_version=\u00bb4.16&#8243; _module_preset=\u00bbdefault\u00bb global_colors_info=\u00bb{}\u00bb][et_pb_divider color=\u00bb#000000&#8243; divider_weight=\u00bb1px\u00bb _builder_version=\u00bb4.16&#8243; _module_preset=\u00bbdefault\u00bb custom_margin=\u00bb||-4px||false|false\u00bb global_colors_info=\u00bb{}\u00bb][\/et_pb_divider][et_pb_text admin_label=\u00bbArtikulua\u00bb _builder_version=\u00bb4.16&#8243; _module_preset=\u00bbdefault\u00bb text_font=\u00bbsagona-medium||||||||\u00bb text_text_color=\u00bb#000000&#8243; text_font_size=\u00bb19px\u00bb text_line_height=\u00bb1.3em\u00bb header_font=\u00bb||||||||\u00bb header_text_align=\u00bbleft\u00bb header_font_size=\u00bb80px\u00bb header_letter_spacing=\u00bb-2.5px\u00bb header_4_font=\u00bb|||||on|||\u00bb header_4_font_size=\u00bb15px\u00bb header_4_line_height=\u00bb0.5em\u00bb header_6_font=\u00bbsagona-bold||||||||\u00bb header_6_font_size=\u00bb19px\u00bb background_color=\u00bbrgba(96,212,212,0.5)\u00bb min_height=\u00bb243px\u00bb custom_margin=\u00bb0px||||false|false\u00bb custom_padding=\u00bb10px|10px|10px|10px|false|false\u00bb link_option_url=\u00bbhttps:\/\/www.eitb.eus\/es\/radio\/radio-euskadi\/programas\/hagase-la-luz\/audios\/detalle\/6383778\/audio-debemos-preguntar-ninos-darles-respuestas\/\u00bb global_colors_info=\u00bb{}\u00bb]<\/p>\n<h4>2019\/05\/05<\/h4>\n<p><span><span style=\"font-weight: 400;\">\u2014<span style=\"font-size: 40px;\"><br \/> \u00abDebemos preguntar m\u00e1s a los ni\u00f1os y darles menos respuestas\u00bb<\/span><br \/> \u2014<\/span><\/span><\/p>\n<h4><\/h4>\n<h4>entzun &gt;&gt;<\/h4>\n<p>[\/et_pb_text][\/et_pb_column][et_pb_column type=\u00bb1_4&#8243; _builder_version=\u00bb4.16&#8243; _module_preset=\u00bbdefault\u00bb global_colors_info=\u00bb{}\u00bb][et_pb_divider color=\u00bb#000000&#8243; divider_weight=\u00bb1px\u00bb _builder_version=\u00bb4.16&#8243; _module_preset=\u00bbdefault\u00bb custom_margin=\u00bb||-4px||false|false\u00bb global_colors_info=\u00bb{}\u00bb][\/et_pb_divider][et_pb_text admin_label=\u00bbArtikulua\u00bb _builder_version=\u00bb4.16&#8243; _module_preset=\u00bbdefault\u00bb text_font=\u00bbsagona-medium||||||||\u00bb text_text_color=\u00bb#000000&#8243; text_font_size=\u00bb19px\u00bb text_line_height=\u00bb1.3em\u00bb header_font=\u00bb||||||||\u00bb header_text_align=\u00bbleft\u00bb header_font_size=\u00bb80px\u00bb header_letter_spacing=\u00bb-2.5px\u00bb header_4_font=\u00bb|||||on|||\u00bb header_4_font_size=\u00bb15px\u00bb header_4_line_height=\u00bb0.5em\u00bb header_6_font=\u00bbsagona-bold||||||||\u00bb header_6_font_size=\u00bb19px\u00bb background_color=\u00bbrgba(96,212,212,0.5)\u00bb min_height=\u00bb243px\u00bb custom_margin=\u00bb0px||||false|false\u00bb custom_padding=\u00bb10px|10px|10px|10px|false|false\u00bb link_option_url=\u00bbhttps:\/\/ataria.eus\/tolosaldea\/1579541337758-pote-filosofikoak-ekimena-jarriko-dute-martxan\u00bb global_colors_info=\u00bb{}\u00bb]<\/p>\n<h4>2020\/01\/20<\/h4>\n<p><span><span style=\"font-weight: 400;\">\u2014<br \/> Pote Filosofikoak ekimena jarriko dute martxan<br \/> \u2014<br \/> <\/span><\/span><\/p>\n<h4><\/h4>\n<h4>entzun &gt;&gt;<\/h4>\n<p>[\/et_pb_text][\/et_pb_column][et_pb_column type=\u00bb1_4&#8243; _builder_version=\u00bb4.16&#8243; _module_preset=\u00bbdefault\u00bb global_colors_info=\u00bb{}\u00bb][et_pb_divider color=\u00bb#000000&#8243; divider_weight=\u00bb1px\u00bb _builder_version=\u00bb4.16&#8243; _module_preset=\u00bbdefault\u00bb custom_margin=\u00bb||-4px||false|false\u00bb global_colors_info=\u00bb{}\u00bb][\/et_pb_divider][et_pb_text admin_label=\u00bbArtikulua\u00bb _builder_version=\u00bb4.16&#8243; _module_preset=\u00bbdefault\u00bb text_font=\u00bbsagona-medium||||||||\u00bb text_text_color=\u00bb#000000&#8243; text_font_size=\u00bb19px\u00bb text_line_height=\u00bb1.3em\u00bb header_font=\u00bb||||||||\u00bb header_text_align=\u00bbleft\u00bb header_font_size=\u00bb80px\u00bb header_letter_spacing=\u00bb-2.5px\u00bb header_4_font=\u00bb|||||on|||\u00bb header_4_font_size=\u00bb15px\u00bb header_4_line_height=\u00bb0.5em\u00bb header_6_font=\u00bbsagona-bold||||||||\u00bb header_6_font_size=\u00bb19px\u00bb background_color=\u00bbrgba(96,212,212,0.5)\u00bb min_height=\u00bb243px\u00bb custom_margin=\u00bb0px||||false|false\u00bb custom_padding=\u00bb10px|10px|10px|10px|false|false\u00bb link_option_url=\u00bbhttps:\/\/www.eitb.eus\/es\/radio\/radio-euskadi\/programas\/hagase-la-luz\/detalle\/7033160\/las-diversas-caras-amor-san-valentin&#8212;&#8212;&#8212;-\/\u00bb global_colors_info=\u00bb{}\u00bb]<\/p>\n<h4>2020\/02\/15<\/h4>\n<p><span><span style=\"font-weight: 400;\">\u2014<br \/> Cuando el amor es mucho m\u00e1s que rom\u00e1ntico<br \/> \u2014<br \/> <\/span><\/span><\/p>\n<h4><\/h4>\n<h4>entzun &gt;&gt;<\/h4>\n<p>[\/et_pb_text][\/et_pb_column][\/et_pb_row][et_pb_row column_structure=\u00bb1_4,1_4,1_4,1_4&#8243; use_custom_gutter=\u00bbon\u00bb gutter_width=\u00bb2&#8243; _builder_version=\u00bb4.16&#8243; _module_preset=\u00bbdefault\u00bb custom_margin=\u00bb-5px||25px||false|false\u00bb custom_padding=\u00bb0px||0px|0px|false|false\u00bb global_colors_info=\u00bb{}\u00bb][et_pb_column type=\u00bb1_4&#8243; _builder_version=\u00bb4.16&#8243; _module_preset=\u00bbdefault\u00bb global_colors_info=\u00bb{}\u00bb][et_pb_divider color=\u00bb#000000&#8243; divider_weight=\u00bb1px\u00bb _builder_version=\u00bb4.16&#8243; _module_preset=\u00bbdefault\u00bb custom_margin=\u00bb||-4px||false|false\u00bb global_colors_info=\u00bb{}\u00bb][\/et_pb_divider][et_pb_text admin_label=\u00bbArtikulua\u00bb _builder_version=\u00bb4.16&#8243; _module_preset=\u00bbdefault\u00bb text_font=\u00bbsagona-medium||||||||\u00bb text_text_color=\u00bb#000000&#8243; text_font_size=\u00bb19px\u00bb text_line_height=\u00bb1.3em\u00bb header_font=\u00bb||||||||\u00bb header_text_align=\u00bbleft\u00bb header_font_size=\u00bb80px\u00bb header_letter_spacing=\u00bb-2.5px\u00bb header_4_font=\u00bb|||||on|||\u00bb header_4_font_size=\u00bb15px\u00bb header_4_line_height=\u00bb0.5em\u00bb header_6_font=\u00bbsagona-bold||||||||\u00bb header_6_font_size=\u00bb19px\u00bb background_color=\u00bbrgba(96,212,212,0.5)\u00bb min_height=\u00bb243px\u00bb custom_margin=\u00bb0px||||false|false\u00bb custom_padding=\u00bb10px|10px|10px|10px|false|false\u00bb link_option_url=\u00bbhttps:\/\/www.eitb.eus\/es\/radio\/radio-euskadi\/programas\/hagase-la-luz\/audios\/detalle\/7099001\/audio-nuevos-tiempos-filosofia-antonio-casado-da-rocha&#8212;&#8212;\/\u00bb global_colors_info=\u00bb{}\u00bb]<\/p>\n<h4>2020\/03\/14<\/h4>\n<p><span><span style=\"font-weight: 400;\">\u2014<br \/> Reinventar la filosof\u00eda para reinventar el mundo<br \/> \u2014<br \/> <\/span><\/span><\/p>\n<h4><\/h4>\n<h4>entzun &gt;&gt;<\/h4>\n<p>[\/et_pb_text][\/et_pb_column][et_pb_column type=\u00bb1_4&#8243; _builder_version=\u00bb4.16&#8243; _module_preset=\u00bbdefault\u00bb global_colors_info=\u00bb{}\u00bb][et_pb_divider color=\u00bb#000000&#8243; divider_weight=\u00bb1px\u00bb _builder_version=\u00bb4.16&#8243; _module_preset=\u00bbdefault\u00bb custom_margin=\u00bb||-4px||false|false\u00bb global_colors_info=\u00bb{}\u00bb][\/et_pb_divider][et_pb_text admin_label=\u00bbArtikulua\u00bb _builder_version=\u00bb4.16&#8243; _module_preset=\u00bbdefault\u00bb text_font=\u00bbsagona-medium||||||||\u00bb text_text_color=\u00bb#000000&#8243; text_font_size=\u00bb19px\u00bb text_line_height=\u00bb1.3em\u00bb header_font=\u00bb||||||||\u00bb header_text_align=\u00bbleft\u00bb header_font_size=\u00bb80px\u00bb header_letter_spacing=\u00bb-2.5px\u00bb header_4_font=\u00bb|||||on|||\u00bb header_4_font_size=\u00bb15px\u00bb header_4_line_height=\u00bb0.5em\u00bb header_6_font=\u00bbsagona-bold||||||||\u00bb header_6_font_size=\u00bb19px\u00bb background_color=\u00bbrgba(96,212,212,0.5)\u00bb min_height=\u00bb243px\u00bb custom_margin=\u00bb0px||||false|false\u00bb custom_padding=\u00bb10px|10px|10px|10px|false|false\u00bb link_option_url=\u00bbhttps:\/\/www.eitb.eus\/es\/radio\/radio-euskadi\/programas\/hagase-la-luz\/detalle\/7175018\/impartir-clases-online-tiene-du-desventajas-ekai-txapartegi&#8212;-\/\u00bb global_colors_info=\u00bb{}\u00bb]<\/p>\n<h4>2020\/04\/18<\/h4>\n<p><span><span style=\"font-weight: 400;\">\u2014<br \/> Las carencias emocional y afectivas de aprender online<br \/> \u2014<br \/> <\/span><\/span><\/p>\n<h4><\/h4>\n<h4>entzun &gt;&gt;<\/h4>\n<p>[\/et_pb_text][\/et_pb_column][et_pb_column type=\u00bb1_4&#8243; _builder_version=\u00bb4.16&#8243; _module_preset=\u00bbdefault\u00bb global_colors_info=\u00bb{}\u00bb][et_pb_divider color=\u00bb#000000&#8243; divider_weight=\u00bb1px\u00bb _builder_version=\u00bb4.16&#8243; _module_preset=\u00bbdefault\u00bb custom_margin=\u00bb||-4px||false|false\u00bb global_colors_info=\u00bb{}\u00bb][\/et_pb_divider][et_pb_text admin_label=\u00bbArtikulua\u00bb _builder_version=\u00bb4.16&#8243; _module_preset=\u00bbdefault\u00bb text_font=\u00bbsagona-medium||||||||\u00bb text_text_color=\u00bb#000000&#8243; text_font_size=\u00bb19px\u00bb text_line_height=\u00bb1.3em\u00bb header_font=\u00bb||||||||\u00bb header_text_align=\u00bbleft\u00bb header_font_size=\u00bb80px\u00bb header_letter_spacing=\u00bb-2.5px\u00bb header_4_font=\u00bb|||||on|||\u00bb header_4_font_size=\u00bb15px\u00bb header_4_line_height=\u00bb0.5em\u00bb header_6_font=\u00bbsagona-bold||||||||\u00bb header_6_font_size=\u00bb19px\u00bb background_color=\u00bbrgba(96,212,212,0.5)\u00bb min_height=\u00bb243px\u00bb custom_margin=\u00bb0px||||false|false\u00bb custom_padding=\u00bb10px|10px|10px|10px|false|false\u00bb link_option_url=\u00bbhttps:\/\/www.jakin.eus\/audioak\/euskaraz\/hiperindibidualismoaren-gaitzak\/136&#8243; global_colors_info=\u00bb{}\u00bb]<\/p>\n<h4>2020\/04\/28<\/h4>\n<p><span><span style=\"font-weight: 400;\">\u2014<br \/> Hiperindibidualismo-aren gaitzak<br \/> \u2014<br \/> <\/span><\/span><\/p>\n<h4><\/h4>\n<h4>entzun &gt;&gt;<\/h4>\n<p>[\/et_pb_text][\/et_pb_column][et_pb_column type=\u00bb1_4&#8243; _builder_version=\u00bb4.16&#8243; _module_preset=\u00bbdefault\u00bb global_colors_info=\u00bb{}\u00bb][et_pb_divider color=\u00bb#000000&#8243; divider_weight=\u00bb1px\u00bb _builder_version=\u00bb4.16&#8243; _module_preset=\u00bbdefault\u00bb custom_margin=\u00bb||-4px||false|false\u00bb global_colors_info=\u00bb{}\u00bb][\/et_pb_divider][et_pb_text admin_label=\u00bbArtikulua\u00bb _builder_version=\u00bb4.16&#8243; _module_preset=\u00bbdefault\u00bb text_font=\u00bbsagona-medium||||||||\u00bb text_text_color=\u00bb#000000&#8243; text_font_size=\u00bb19px\u00bb text_line_height=\u00bb1.3em\u00bb header_font=\u00bb||||||||\u00bb header_text_align=\u00bbleft\u00bb header_font_size=\u00bb80px\u00bb header_letter_spacing=\u00bb-2.5px\u00bb header_4_font=\u00bb|||||on|||\u00bb header_4_font_size=\u00bb15px\u00bb header_4_line_height=\u00bb0.5em\u00bb header_6_font=\u00bbsagona-bold||||||||\u00bb header_6_font_size=\u00bb19px\u00bb background_color=\u00bbrgba(96,212,212,0.5)\u00bb min_height=\u00bb243px\u00bb custom_margin=\u00bb0px||||false|false\u00bb custom_padding=\u00bb10px|10px|10px|10px|false|false\u00bb link_option_url=\u00bbhttps:\/\/www.eitb.eus\/es\/radio\/radio-euskadi\/programas\/hagase-la-luz\/detalle\/7237581\/sopa-wuhan-lectura-imprescindible&#8212;&#8212;&#8212;&#8212;&#8212;-\/\u00bb global_colors_info=\u00bb{}\u00bb]<\/p>\n<h4>2020\/05\/16<\/h4>\n<p><span><span style=\"font-weight: 400;\">\u2014<br \/> \u00abSopa de Wuhan\u00bb, recetas para el postcovid<br \/> \u2014<br \/> <\/span><\/span><\/p>\n<h4><\/h4>\n<h4>entzun &gt;&gt;<\/h4>\n<p>[\/et_pb_text][\/et_pb_column][\/et_pb_row][et_pb_row column_structure=\u00bb1_4,1_4,1_2&#8243; use_custom_gutter=\u00bbon\u00bb gutter_width=\u00bb2&#8243; _builder_version=\u00bb4.16&#8243; _module_preset=\u00bbdefault\u00bb custom_margin=\u00bb-5px||25px||false|false\u00bb custom_padding=\u00bb0px||0px|0px|false|false\u00bb global_colors_info=\u00bb{}\u00bb][et_pb_column type=\u00bb1_4&#8243; _builder_version=\u00bb4.16&#8243; _module_preset=\u00bbdefault\u00bb global_colors_info=\u00bb{}\u00bb][et_pb_divider color=\u00bb#000000&#8243; divider_weight=\u00bb1px\u00bb _builder_version=\u00bb4.16&#8243; _module_preset=\u00bbdefault\u00bb custom_margin=\u00bb||-4px||false|false\u00bb global_colors_info=\u00bb{}\u00bb][\/et_pb_divider][et_pb_text admin_label=\u00bbArtikulua\u00bb _builder_version=\u00bb4.16&#8243; _module_preset=\u00bbdefault\u00bb text_font=\u00bbsagona-medium||||||||\u00bb text_text_color=\u00bb#000000&#8243; text_font_size=\u00bb19px\u00bb text_line_height=\u00bb1.3em\u00bb header_font=\u00bb||||||||\u00bb header_text_align=\u00bbleft\u00bb header_font_size=\u00bb80px\u00bb header_letter_spacing=\u00bb-2.5px\u00bb header_4_font=\u00bb|||||on|||\u00bb header_4_font_size=\u00bb15px\u00bb header_4_line_height=\u00bb0.5em\u00bb header_6_font=\u00bbsagona-bold||||||||\u00bb header_6_font_size=\u00bb19px\u00bb background_color=\u00bbrgba(96,212,212,0.5)\u00bb min_height=\u00bb243px\u00bb custom_margin=\u00bb0px||||false|false\u00bb custom_padding=\u00bb10px|10px|10px|10px|false|false\u00bb link_option_url=\u00bbhttps:\/\/www.eitb.eus\/es\/radio\/radio-euskadi\/programas\/hagase-la-luz\/detalle\/7206228\/maitane-nerekan-habla-emociones-humanas&#8212;&#8212;&#8212;&#8212;-\/\u00bb global_colors_info=\u00bb{}\u00bb]<\/p>\n<h4>2020\/05\/20<\/h4>\n<p><span><span style=\"font-weight: 400;\">\u2014<br \/> Las emociones humanas nos hacen, sobre todo, humanos<br \/> \u2014<br \/> <\/span><\/span><\/p>\n<h4><\/h4>\n<h4>entzun &gt;&gt;<\/h4>\n<p>[\/et_pb_text][\/et_pb_column][et_pb_column type=\u00bb1_4&#8243; _builder_version=\u00bb4.16&#8243; _module_preset=\u00bbdefault\u00bb global_colors_info=\u00bb{}\u00bb][et_pb_divider color=\u00bb#000000&#8243; divider_weight=\u00bb1px\u00bb _builder_version=\u00bb4.16&#8243; _module_preset=\u00bbdefault\u00bb custom_margin=\u00bb||-4px||false|false\u00bb global_colors_info=\u00bb{}\u00bb][\/et_pb_divider][et_pb_text admin_label=\u00bbArtikulua\u00bb _builder_version=\u00bb4.16&#8243; _module_preset=\u00bbdefault\u00bb text_font=\u00bbsagona-medium||||||||\u00bb text_text_color=\u00bb#000000&#8243; text_font_size=\u00bb19px\u00bb text_line_height=\u00bb1.3em\u00bb header_font=\u00bb||||||||\u00bb header_text_align=\u00bbleft\u00bb header_font_size=\u00bb80px\u00bb header_letter_spacing=\u00bb-2.5px\u00bb header_4_font=\u00bb|||||on|||\u00bb header_4_font_size=\u00bb15px\u00bb header_4_line_height=\u00bb0.5em\u00bb header_6_font=\u00bbsagona-bold||||||||\u00bb header_6_font_size=\u00bb19px\u00bb background_color=\u00bbrgba(245,134,120,0.5)\u00bb min_height=\u00bb243px\u00bb custom_margin=\u00bb0px||||false|false\u00bb custom_padding=\u00bb10px|10px|10px|10px|false|false\u00bb link_option_url=\u00bbhttps:\/\/www.youtube.com\/watch?v=LI3FDc4Olxg&#038;feature=share&#038;fbclid=IwAR01m9YTb-eVubPReweiyTvNfJB7mtr_P4bvcWuK1jrR7o7d6ND4ySXN0Rg\u00bb global_colors_info=\u00bb{}\u00bb]<\/p>\n<h4>2020\/04\/18<\/h4>\n<p><span><span style=\"font-weight: 400;\">\u2014<br \/> \u00abDolutik komunean diren bizitzetara\u00bb Mikel Urdangarin EHUko filosofia Ikerlaria<br \/> \u2014<br \/> <\/span><\/span><\/p>\n<h4><\/h4>\n<h4>ikusi &gt;&gt;<\/h4>\n<p>[\/et_pb_text][\/et_pb_column][et_pb_column type=\u00bb1_2&#8243; _builder_version=\u00bb4.16&#8243; _module_preset=\u00bbdefault\u00bb global_colors_info=\u00bb{}\u00bb][et_pb_divider color=\u00bb#000000&#8243; divider_weight=\u00bb1px\u00bb _builder_version=\u00bb4.16&#8243; _module_preset=\u00bbdefault\u00bb custom_margin=\u00bb||-4px||false|false\u00bb global_colors_info=\u00bb{}\u00bb][\/et_pb_divider][et_pb_text admin_label=\u00bbArtikulua\u00bb _builder_version=\u00bb4.16&#8243; _module_preset=\u00bbdefault\u00bb text_font=\u00bbsagona-medium||||||||\u00bb text_text_color=\u00bb#000000&#8243; text_font_size=\u00bb19px\u00bb text_line_height=\u00bb1.3em\u00bb header_font=\u00bb||||||||\u00bb header_text_align=\u00bbleft\u00bb header_font_size=\u00bb80px\u00bb header_letter_spacing=\u00bb-2.5px\u00bb header_4_font=\u00bb|||||on|||\u00bb header_4_font_size=\u00bb15px\u00bb header_4_line_height=\u00bb0.5em\u00bb header_6_font=\u00bbsagona-bold||||||||\u00bb header_6_font_size=\u00bb19px\u00bb background_color=\u00bbrgba(245,134,120,0.5)\u00bb min_height=\u00bb243px\u00bb custom_margin=\u00bb0px||||false|false\u00bb custom_padding=\u00bb10px|10px|10px|10px|false|false\u00bb link_option_url=\u00bbhttps:\/\/vimeo.com\/218936618&#8243; global_colors_info=\u00bb{}\u00bb]<\/p>\n<h4>2019\/05\/05<\/h4>\n<p><span><span style=\"font-weight: 400;\">\u2014<span style=\"font-size: 40px;\"><br \/> Filosofiaren<br \/> Defentsak<\/span><br \/> \u2014<\/span><\/span><\/p>\n<h4><\/h4>\n<h4>ikusi &gt;&gt;<\/h4>\n<p>[\/et_pb_text][\/et_pb_column][\/et_pb_row][\/et_pb_section][et_pb_section fb_built=\u00bb1&#8243; _builder_version=\u00bb4.16&#8243; _module_preset=\u00bbdefault\u00bb custom_margin=\u00bb||-20px|||\u00bb custom_padding=\u00bb0px||19px|||\u00bb global_colors_info=\u00bb{}\u00bb][et_pb_row use_custom_gutter=\u00bbon\u00bb gutter_width=\u00bb2&#8243; _builder_version=\u00bb4.16&#8243; _module_preset=\u00bbdefault\u00bb min_height=\u00bb117px\u00bb custom_margin=\u00bb|auto|-64px|auto||\u00bb custom_padding=\u00bb|||0px|false|false\u00bb global_colors_info=\u00bb{}\u00bb][et_pb_column type=\u00bb4_4&#8243; _builder_version=\u00bb4.16&#8243; _module_preset=\u00bbdefault\u00bb global_colors_info=\u00bb{}\u00bb][et_pb_divider color=\u00bb#000000&#8243; divider_weight=\u00bb1px\u00bb _builder_version=\u00bb4.16&#8243; _module_preset=\u00bbdefault\u00bb custom_margin=\u00bb||-12px||false|false\u00bb global_colors_info=\u00bb{}\u00bb][\/et_pb_divider][\/et_pb_column][\/et_pb_row][et_pb_row column_structure=\u00bb1_2,1_2&#8243; _builder_version=\u00bb4.16&#8243; _module_preset=\u00bbdefault\u00bb global_colors_info=\u00bb{}\u00bb][et_pb_column type=\u00bb1_2&#8243; _builder_version=\u00bb4.16&#8243; _module_preset=\u00bbdefault\u00bb global_colors_info=\u00bb{}\u00bb][et_pb_image src=\u00bbhttps:\/\/agorafilosofiaelkartea.eus\/wp-content\/uploads\/2020\/08\/logo-footer-1.png\u00bb title_text=\u00bblogo-footer-1&#8243; _builder_version=\u00bb4.16&#8243; _module_preset=\u00bbdefault\u00bb width=\u00bb54%\u00bb global_colors_info=\u00bb{}\u00bb][\/et_pb_image][\/et_pb_column][et_pb_column type=\u00bb1_2&#8243; _builder_version=\u00bb4.16&#8243; _module_preset=\u00bbdefault\u00bb global_colors_info=\u00bb{}\u00bb][et_pb_text _builder_version=\u00bb4.16&#8243; _module_preset=\u00bbdefault\u00bb global_colors_info=\u00bb{}\u00bb]<\/p>\n<h2 style=\"text-align: right;\"><\/h2>\n<h2 style=\"text-align: right;\"><\/h2>\n<h2 style=\"text-align: right;\"><\/h2>\n<h2 style=\"text-align: right;\">2021<\/h2>\n<p>[\/et_pb_text][\/et_pb_column][\/et_pb_row][\/et_pb_section]<\/p>\n","protected":false},"excerpt":{"rendered":"<p>filosofia prentsan2023\/10\/21 irratsaioa \u2014\u00abCaf\u00e9 filos\u00f3fico sobre Simone Weil en Bilbao.\u00bb\u2014 irakurri 2023\/03\/18 irratsaioa \u2014 Los sesgos cognitivos son errores de razonamiento \u2014 ENTZUN &gt;&gt;2020\/04\/01 IRRATSAIOA \u2014Olinpiadas filos\u00f3ficas: la juventud reflexiona sobre el mundo\u2014 ENTZUN&gt;&gt;2020\/03\/10 artikulua \u2014\u00bfUna asignatura de pensamiento cr\u00edtico? Tere Maldonado\u2014 irakurri &gt;&gt;2020\/03\/08 \u2014 \u00abPentsamendua ez da adituen kontua; elkarrizketa filosofikoak bokazio berdinzalea du.\u00bb [&hellip;]<\/p>\n","protected":false},"author":1,"featured_media":0,"parent":0,"menu_order":0,"comment_status":"closed","ping_status":"closed","template":"","meta":{"_et_pb_use_builder":"on","_et_pb_old_content":"","_et_gb_content_width":"","footnotes":""},"class_list":["post-271","page","type-page","status-publish","hentry"],"_links":{"self":[{"href":"https:\/\/agorafilosofiaelkartea.eus\/index.php\/wp-json\/wp\/v2\/pages\/271","targetHints":{"allow":["GET"]}}],"collection":[{"href":"https:\/\/agorafilosofiaelkartea.eus\/index.php\/wp-json\/wp\/v2\/pages"}],"about":[{"href":"https:\/\/agorafilosofiaelkartea.eus\/index.php\/wp-json\/wp\/v2\/types\/page"}],"author":[{"embeddable":true,"href":"https:\/\/agorafilosofiaelkartea.eus\/index.php\/wp-json\/wp\/v2\/users\/1"}],"replies":[{"embeddable":true,"href":"https:\/\/agorafilosofiaelkartea.eus\/index.php\/wp-json\/wp\/v2\/comments?post=271"}],"version-history":[{"count":42,"href":"https:\/\/agorafilosofiaelkartea.eus\/index.php\/wp-json\/wp\/v2\/pages\/271\/revisions"}],"predecessor-version":[{"id":6921,"href":"https:\/\/agorafilosofiaelkartea.eus\/index.php\/wp-json\/wp\/v2\/pages\/271\/revisions\/6921"}],"wp:attachment":[{"href":"https:\/\/agorafilosofiaelkartea.eus\/index.php\/wp-json\/wp\/v2\/media?parent=271"}],"curies":[{"name":"wp","href":"https:\/\/api.w.org\/{rel}","templated":true}]}}