{"id":20,"date":"2020-08-28T15:44:45","date_gmt":"2020-08-28T15:44:45","guid":{"rendered":"http:\/\/agorafilosofiaelkartea.eus\/?page_id=20"},"modified":"2025-01-29T09:44:18","modified_gmt":"2025-01-29T09:44:18","slug":"hasiera","status":"publish","type":"page","link":"https:\/\/agorafilosofiaelkartea.eus\/","title":{"rendered":"Hasiera"},"content":{"rendered":"<p>[et_pb_section fb_built=\u00bb1&#8243; _builder_version=\u00bb4.16&#8243; _module_preset=\u00bbdefault\u00bb custom_margin=\u00bb||-20px|||\u00bb custom_padding=\u00bb0px||19px|||\u00bb global_colors_info=\u00bb{}\u00bb][et_pb_row column_structure=\u00bb1_4,1_4,1_4,1_4&#8243; _builder_version=\u00bb4.16&#8243; _module_preset=\u00bbdefault\u00bb custom_padding=\u00bb4px||2px|||\u00bb global_colors_info=\u00bb{}\u00bb][et_pb_column type=\u00bb1_4&#8243; _builder_version=\u00bb4.16&#8243; _module_preset=\u00bbdefault\u00bb global_colors_info=\u00bb{}\u00bb][et_pb_divider color=\u00bb#000000&#8243; divider_weight=\u00bb6px\u00bb _builder_version=\u00bb4.16&#8243; _module_preset=\u00bbdefault\u00bb global_colors_info=\u00bb{}\u00bb][\/et_pb_divider][et_pb_image _builder_version=\u00bb4.16&#8243; _module_preset=\u00bbdefault\u00bb global_colors_info=\u00bb{}\u00bb][\/et_pb_image][\/et_pb_column][et_pb_column type=\u00bb1_4&#8243; _builder_version=\u00bb4.16&#8243; _module_preset=\u00bbdefault\u00bb global_colors_info=\u00bb{}\u00bb][et_pb_divider color=\u00bb#000000&#8243; divider_weight=\u00bb1px\u00bb _builder_version=\u00bb4.16&#8243; _module_preset=\u00bbdefault\u00bb width=\u00bb350%\u00bb global_colors_info=\u00bb{}\u00bb][\/et_pb_divider][et_pb_image _builder_version=\u00bb4.16&#8243; _module_preset=\u00bbdefault\u00bb global_colors_info=\u00bb{}\u00bb][\/et_pb_image][\/et_pb_column][et_pb_column type=\u00bb1_4&#8243; _builder_version=\u00bb4.16&#8243; _module_preset=\u00bbdefault\u00bb global_colors_info=\u00bb{}\u00bb][\/et_pb_column][et_pb_column type=\u00bb1_4&#8243; _builder_version=\u00bb4.16&#8243; _module_preset=\u00bbdefault\u00bb global_colors_info=\u00bb{}\u00bb][\/et_pb_column][\/et_pb_row][et_pb_row column_structure=\u00bb1_4,1_4,1_4,1_4&#8243; _builder_version=\u00bb4.16&#8243; _module_preset=\u00bbdefault\u00bb min_height=\u00bb24px\u00bb custom_padding=\u00bb||3px|||\u00bb global_colors_info=\u00bb{}\u00bb][et_pb_column type=\u00bb1_4&#8243; _builder_version=\u00bb4.16&#8243; _module_preset=\u00bbdefault\u00bb global_colors_info=\u00bb{}\u00bb][et_pb_image src=\u00bbhttps:\/\/agorafilosofiaelkartea.eus\/wp-content\/uploads\/2020\/10\/triangelua.png\u00bb title_text=\u00bbtriangelua\u00bb _builder_version=\u00bb4.16&#8243; _module_preset=\u00bbdefault\u00bb min_height=\u00bb6px\u00bb custom_margin=\u00bb||10px||false|false\u00bb global_colors_info=\u00bb{}\u00bb][\/et_pb_image][et_pb_text _builder_version=\u00bb4.16&#8243; _module_preset=\u00bbdefault\u00bb header_font=\u00bb||||||||\u00bb header_text_align=\u00bbleft\u00bb header_font_size=\u00bb80px\u00bb header_letter_spacing=\u00bb-2.5px\u00bb header_4_font=\u00bb||||on|on||#f58678|solid\u00bb header_4_font_size=\u00bb17px\u00bb header_4_line_height=\u00bb0.5em\u00bb width=\u00bb100%\u00bb link_option_url=\u00bbhttps:\/\/agorafilosofiaelkartea.eus\/?page_id=27&#038;et_fb=1&#038;PageSpeed=off\u00bb global_colors_info=\u00bb{}\u00bb]<\/p>\n<h4>nor<\/h4>\n<h4>gara?<\/h4>\n<p>[\/et_pb_text][\/et_pb_column][et_pb_column type=\u00bb1_4&#8243; _builder_version=\u00bb4.16&#8243; _module_preset=\u00bbdefault\u00bb global_colors_info=\u00bb{}\u00bb][\/et_pb_column][et_pb_column type=\u00bb1_4&#8243; _builder_version=\u00bb4.16&#8243; _module_preset=\u00bbdefault\u00bb global_colors_info=\u00bb{}\u00bb][\/et_pb_column][et_pb_column type=\u00bb1_4&#8243; _builder_version=\u00bb4.16&#8243; _module_preset=\u00bbdefault\u00bb global_colors_info=\u00bb{}\u00bb][\/et_pb_column][\/et_pb_row][et_pb_row disabled_on=\u00bbon|off|off\u00bb _builder_version=\u00bb4.16&#8243; _module_preset=\u00bbdefault\u00bb min_height=\u00bb285px\u00bb global_colors_info=\u00bb{}\u00bb][et_pb_column type=\u00bb4_4&#8243; _builder_version=\u00bb4.16&#8243; _module_preset=\u00bbdefault\u00bb global_colors_info=\u00bb{}\u00bb][et_pb_text _builder_version=\u00bb4.16&#8243; _module_preset=\u00bbdefault\u00bb text_font=\u00bbsagona-medium||||||||\u00bb header_font=\u00bbsagona-medium||||||||\u00bb header_text_align=\u00bbleft\u00bb header_font_size=\u00bb150px\u00bb header_letter_spacing=\u00bb-6px\u00bb header_line_height=\u00bb0.8em\u00bb inline_fonts=\u00bbsagona-medium\u00bb global_colors_info=\u00bb{}\u00bb]<\/p>\n<h1><span style=\"font-family: sagona-medium; font-weight: normal;\">Ongi etorri<br \/><\/span><span style=\"font-family: sagona-medium; font-weight: normal;\">agorara.<\/span><\/h1>\n<p>[\/et_pb_text][\/et_pb_column][\/et_pb_row][et_pb_row disabled_on=\u00bboff|on|on\u00bb _builder_version=\u00bb4.16&#8243; _module_preset=\u00bbdefault\u00bb min_height=\u00bb230px\u00bb custom_padding=\u00bb||0px|||\u00bb global_colors_info=\u00bb{}\u00bb][et_pb_column type=\u00bb4_4&#8243; _builder_version=\u00bb4.16&#8243; _module_preset=\u00bbdefault\u00bb global_colors_info=\u00bb{}\u00bb][et_pb_text _builder_version=\u00bb4.16&#8243; _module_preset=\u00bbdefault\u00bb text_font=\u00bbsagona-medium||||||||\u00bb header_font=\u00bbsagona-medium||||||||\u00bb header_text_align=\u00bbleft\u00bb header_font_size=\u00bb76px\u00bb header_letter_spacing=\u00bb-3px\u00bb header_line_height=\u00bb0.8em\u00bb inline_fonts=\u00bbsagona-medium\u00bb global_colors_info=\u00bb{}\u00bb]<\/p>\n<h1><span style=\"font-family: sagona-medium; font-weight: normal;\">Ongi etorri<br \/> <\/span><span style=\"font-family: sagona-medium; font-weight: normal;\">agorara.<\/span><\/h1>\n<p>[\/et_pb_text][\/et_pb_column][\/et_pb_row][\/et_pb_section][et_pb_section fb_built=\u00bb1&#8243; _builder_version=\u00bb4.16&#8243; _module_preset=\u00bbdefault\u00bb custom_margin=\u00bb||0px||false|false\u00bb custom_padding=\u00bb0px||0px|||\u00bb global_colors_info=\u00bb{}\u00bb][et_pb_row column_structure=\u00bb1_2,1_4,1_4&#8243; use_custom_gutter=\u00bbon\u00bb gutter_width=\u00bb2&#8243; _builder_version=\u00bb4.16&#8243; _module_preset=\u00bbdefault\u00bb custom_padding=\u00bb|||0px|false|false\u00bb animation_style=\u00bbfade\u00bb global_colors_info=\u00bb{}\u00bb][et_pb_column type=\u00bb1_2&#8243; _builder_version=\u00bb4.16&#8243; _module_preset=\u00bbdefault\u00bb global_colors_info=\u00bb{}\u00bb][et_pb_divider color=\u00bb#000000&#8243; divider_weight=\u00bb1px\u00bb _builder_version=\u00bb4.16&#8243; _module_preset=\u00bbdefault\u00bb custom_margin=\u00bb||-4px||false|false\u00bb global_colors_info=\u00bb{}\u00bb][\/et_pb_divider][et_pb_image src=\u00bbhttps:\/\/agorafilosofiaelkartea.eus\/wp-content\/uploads\/2024\/11\/ZAINTZAK_home.gif\u00bb title_text=\u00bbZAINTZAK_home\u00bb url=\u00bbhttps:\/\/agorafilosofiaelkartea.eus\/index.php\/filosofia-olinpiada-2024-25\/\u00bb _builder_version=\u00bb4.27.2&#8243; _module_preset=\u00bbdefault\u00bb global_colors_info=\u00bb{}\u00bb][\/et_pb_image][et_pb_text _builder_version=\u00bb4.27.2&#8243; _module_preset=\u00bbdefault\u00bb text_font=\u00bbsagona-medium||||||||\u00bb text_text_color=\u00bb#000000&#8243; text_font_size=\u00bb19px\u00bb text_line_height=\u00bb1.3em\u00bb header_font=\u00bb||||||||\u00bb header_text_align=\u00bbleft\u00bb header_font_size=\u00bb80px\u00bb header_letter_spacing=\u00bb-2.5px\u00bb header_4_font=\u00bb|||||on|||\u00bb header_4_line_height=\u00bb0.5em\u00bb header_6_font=\u00bbsagona-bold||||||||\u00bb header_6_font_size=\u00bb19px\u00bb link_option_url=\u00bbhttps:\/\/agorafilosofiaelkartea.eus\/index.php\/filosofia-olinpiada-2024-25\/\u00bb global_colors_info=\u00bb{}\u00bb]<\/p>\n<h6>Filosofia Olinpiada 2024 \/ 2025<\/h6>\n<p>Zaintzak&#8230; Zer esan nahi du zaintzeak? Zer ezkutatzen da &#8216;zaintza&#8217; terminoaren atzean?<\/p>\n<p>[\/et_pb_text][\/et_pb_column][et_pb_column type=\u00bb1_4&#8243; _builder_version=\u00bb4.16&#8243; _module_preset=\u00bbdefault\u00bb global_colors_info=\u00bb{}\u00bb][et_pb_divider color=\u00bb#000000&#8243; divider_weight=\u00bb1px\u00bb _builder_version=\u00bb4.16&#8243; _module_preset=\u00bbdefault\u00bb custom_margin=\u00bb||-4px||false|false\u00bb global_colors_info=\u00bb{}\u00bb][\/et_pb_divider][et_pb_image src=\u00bbhttps:\/\/agorafilosofiaelkartea.eus\/wp-content\/uploads\/2021\/11\/P.gif\u00bb title_text=\u00bbP!\u00bb url=\u00bbhttps:\/\/agorafilosofiaelkartea.eus\/index.php\/pentsatu-2\/\u00bb _builder_version=\u00bb4.16&#8243; _module_preset=\u00bbdefault\u00bb global_colors_info=\u00bb{}\u00bb][\/et_pb_image][et_pb_text _builder_version=\u00bb4.27.2&#8243; _module_preset=\u00bbdefault\u00bb text_font=\u00bbsagona-medium||||||||\u00bb text_text_color=\u00bb#000000&#8243; text_font_size=\u00bb19px\u00bb text_line_height=\u00bb1.3em\u00bb header_font=\u00bb||||||||\u00bb header_text_align=\u00bbleft\u00bb header_font_size=\u00bb80px\u00bb header_letter_spacing=\u00bb-2.5px\u00bb header_4_font=\u00bb|||||on|||\u00bb header_4_line_height=\u00bb0.5em\u00bb header_6_font=\u00bbsagona-bold||||||||\u00bb header_6_font_size=\u00bb19px\u00bb link_option_url=\u00bbhttps:\/\/agorafilosofiaelkartea.eus\/index.php\/pentsatu-2\/\u00bb global_colors_info=\u00bb{}\u00bb]<\/p>\n<h6>\u00a0Pentsatu! Jaialdia<\/h6>\n<p>Hausnartu gabe bizi ezin diren irakasleentzat.<\/p>\n<p>[\/et_pb_text][\/et_pb_column][et_pb_column type=\u00bb1_4&#8243; _builder_version=\u00bb4.16&#8243; _module_preset=\u00bbdefault\u00bb global_colors_info=\u00bb{}\u00bb][et_pb_divider color=\u00bb#000000&#8243; divider_weight=\u00bb1px\u00bb _builder_version=\u00bb4.16&#8243; _module_preset=\u00bbdefault\u00bb custom_margin=\u00bb||-4px||false|false\u00bb global_colors_info=\u00bb{}\u00bb][\/et_pb_divider][et_pb_image src=\u00bbhttps:\/\/agorafilosofiaelkartea.eus\/wp-content\/uploads\/2020\/08\/kafe-f.png\u00bb title_text=\u00bbkafe-f\u00bb url=\u00bbhttps:\/\/agorafilosofiaelkartea.eus\/index.php\/kafepotefilosofikoak\/\u00bb _builder_version=\u00bb4.16&#8243; _module_preset=\u00bbdefault\u00bb global_colors_info=\u00bb{}\u00bb][\/et_pb_image][et_pb_text _builder_version=\u00bb4.16&#8243; _module_preset=\u00bbdefault\u00bb text_font=\u00bbsagona-medium||||||||\u00bb text_text_color=\u00bb#000000&#8243; text_font_size=\u00bb19px\u00bb text_line_height=\u00bb1.3em\u00bb header_font=\u00bb||||||||\u00bb header_text_align=\u00bbleft\u00bb header_font_size=\u00bb80px\u00bb header_letter_spacing=\u00bb-2.5px\u00bb header_4_font=\u00bb|||||on|||\u00bb header_4_line_height=\u00bb0.5em\u00bb header_6_font=\u00bbsagona-bold||||||||\u00bb header_6_font_size=\u00bb19px\u00bb link_option_url=\u00bbhttps:\/\/agorafilosofiaelkartea.eus\/index.php\/kafepotefilosofikoak\/\u00bb global_colors_info=\u00bb{}\u00bb]<\/p>\n<h6>Kafe &amp; Pote filosofikoak<\/h6>\n<p>Tragoak beti errazten baitu pentsamendua.<\/p>\n<p>[\/et_pb_text][\/et_pb_column][\/et_pb_row][et_pb_row column_structure=\u00bb1_3,2_3&#8243; use_custom_gutter=\u00bbon\u00bb gutter_width=\u00bb2&#8243; disabled_on=\u00bboff|off|off\u00bb _builder_version=\u00bb4.27.2&#8243; _module_preset=\u00bbdefault\u00bb background_color=\u00bbRGBA(255,255,255,0)\u00bb custom_padding=\u00bb|||0px|false|false\u00bb animation_style=\u00bbfade\u00bb link_option_url=\u00bbhttps:\/\/agorafilosofiaelkartea.eus\/index.php\/emakumeak-filosofian\/\u00bb global_colors_info=\u00bb{}\u00bb][et_pb_column type=\u00bb1_3&#8243; _builder_version=\u00bb4.16&#8243; _module_preset=\u00bbdefault\u00bb global_colors_info=\u00bb{}\u00bb][et_pb_divider color=\u00bb#000000&#8243; divider_weight=\u00bb6px\u00bb _builder_version=\u00bb4.16&#8243; _module_preset=\u00bbdefault\u00bb custom_margin=\u00bb||-4px||false|false\u00bb global_colors_info=\u00bb{}\u00bb][\/et_pb_divider][et_pb_text _builder_version=\u00bb4.16&#8243; _module_preset=\u00bbdefault\u00bb text_font=\u00bbsagona-medium||||||||\u00bb text_text_color=\u00bb#000000&#8243; text_font_size=\u00bb19px\u00bb text_line_height=\u00bb1.3em\u00bb header_font=\u00bb||||||||\u00bb header_text_align=\u00bbleft\u00bb header_font_size=\u00bb80px\u00bb header_letter_spacing=\u00bb-2.5px\u00bb header_3_font_size=\u00bb40px\u00bb header_3_letter_spacing=\u00bb-1px\u00bb header_4_font=\u00bb|||||on|||\u00bb header_4_line_height=\u00bb0.5em\u00bb header_6_font=\u00bbsagona-bold||||||||\u00bb header_6_font_size=\u00bb19px\u00bb global_colors_info=\u00bb{}\u00bb]<\/p>\n<h3>Egutegia.<\/h3>\n<p>&nbsp;<\/p>\n<p>[\/et_pb_text][\/et_pb_column][et_pb_column type=\u00bb2_3&#8243; _builder_version=\u00bb4.16&#8243; _module_preset=\u00bbdefault\u00bb global_colors_info=\u00bb{}\u00bb][et_pb_text _builder_version=\u00bb4.27.2&#8243; _module_preset=\u00bbdefault\u00bb text_font=\u00bbsagona-medium||||||||\u00bb text_text_color=\u00bb#000000&#8243; text_font_size=\u00bb19px\u00bb text_line_height=\u00bb1.3em\u00bb header_font=\u00bb||||||||\u00bb header_text_align=\u00bbleft\u00bb header_font_size=\u00bb80px\u00bb header_letter_spacing=\u00bb-2.5px\u00bb header_4_font=\u00bb|||||on|||\u00bb header_4_line_height=\u00bb0.5em\u00bb header_6_font=\u00bbsagona-bold||||||||\u00bb header_6_font_size=\u00bb19px\u00bb link_option_url=\u00bbhttps:\/\/agorafilosofiaelkartea.eus\/index.php\/kafepotefilosofikoak\/\u00bb global_colors_info=\u00bb{}\u00bb]<\/p>\n<h6><\/h6>\n<p>&nbsp;<\/p>\n<p>&nbsp;<\/p>\n<p>KAFE eta POTE filosofikoak. Gasteiz, Bilbo eta Gipuzkoan (Tolosaldea, Goierri eta laster Legazpian).<\/p>\n<p>FILOSOFIA OLINPIADA. Ikasturte honetan&#8230; Bilbon!<\/p>\n<p>&nbsp;<\/p>\n<p>[\/et_pb_text][\/et_pb_column][\/et_pb_row][et_pb_row column_structure=\u00bb1_4,1_4,1_4,1_4&#8243; use_custom_gutter=\u00bbon\u00bb gutter_width=\u00bb2&#8243; disabled_on=\u00bbon|on|on\u00bb _builder_version=\u00bb4.22.2&#8243; _module_preset=\u00bbdefault\u00bb custom_padding=\u00bb|||0px|false|false\u00bb animation_style=\u00bbfade\u00bb link_option_url=\u00bbhttps:\/\/agorafilosofiaelkartea.eus\/index.php\/emakumeak-filosofian\/\u00bb disabled=\u00bbon\u00bb global_colors_info=\u00bb{}\u00bb][et_pb_column type=\u00bb1_4&#8243; _builder_version=\u00bb4.16&#8243; _module_preset=\u00bbdefault\u00bb global_colors_info=\u00bb{}\u00bb][et_pb_divider color=\u00bb#000000&#8243; divider_weight=\u00bb6px\u00bb _builder_version=\u00bb4.16&#8243; _module_preset=\u00bbdefault\u00bb custom_margin=\u00bb||-4px||false|false\u00bb global_colors_info=\u00bb{}\u00bb][\/et_pb_divider][et_pb_text _builder_version=\u00bb4.16&#8243; _module_preset=\u00bbdefault\u00bb text_font=\u00bbsagona-medium||||||||\u00bb text_text_color=\u00bb#000000&#8243; text_font_size=\u00bb19px\u00bb text_line_height=\u00bb1.3em\u00bb header_font=\u00bb||||||||\u00bb header_text_align=\u00bbleft\u00bb header_font_size=\u00bb80px\u00bb header_letter_spacing=\u00bb-2.5px\u00bb header_3_font_size=\u00bb40px\u00bb header_3_letter_spacing=\u00bb-1px\u00bb header_4_font=\u00bb|||||on|||\u00bb header_4_line_height=\u00bb0.5em\u00bb header_6_font=\u00bbsagona-bold||||||||\u00bb header_6_font_size=\u00bb19px\u00bb global_colors_info=\u00bb{}\u00bb]<\/p>\n<h3>Monografikoaren aurkezpenak<\/h3>\n<p>&nbsp;<\/p>\n<p>[\/et_pb_text][\/et_pb_column][et_pb_column type=\u00bb1_4&#8243; _builder_version=\u00bb4.16&#8243; _module_preset=\u00bbdefault\u00bb global_colors_info=\u00bb{}\u00bb][et_pb_text _builder_version=\u00bb4.16&#8243; _module_preset=\u00bbdefault\u00bb header_text_align=\u00bbleft\u00bb header_text_color=\u00bb#000000&#8243; header_2_font=\u00bbsagona-light||||||||\u00bb header_2_text_color=\u00bb#000000&#8243; header_2_font_size=\u00bb160px\u00bb header_2_letter_spacing=\u00bb-5px\u00bb header_2_line_height=\u00bb0.8em\u00bb header_4_font=\u00bbsagona-bold|||||on|||\u00bb header_4_line_height=\u00bb0.5em\u00bb custom_margin=\u00bb0px|0px|16px||false|false\u00bb custom_padding=\u00bb0px|10px|0px|10px|false|false\u00bb border_width_all=\u00bb1px\u00bb border_color_all=\u00bbrgba(218,195,176,0.7)\u00bb global_colors_info=\u00bb{}\u00bb]<\/p>\n<h4><\/h4>\n<p>&nbsp;<\/p>\n<p>&nbsp;<\/p>\n<h4 style=\"text-align: right;\">2022<\/h4>\n<h4 style=\"text-align: right;\">otsailak<\/h4>\n<h2 style=\"text-align: right;\">22<\/h2>\n<p>[\/et_pb_text][et_pb_text _builder_version=\u00bb4.16&#8243; _module_preset=\u00bbdefault\u00bb text_font=\u00bbsagona-medium||||||||\u00bb text_text_color=\u00bb#000000&#8243; text_font_size=\u00bb19px\u00bb text_line_height=\u00bb1.3em\u00bb header_font=\u00bb||||||||\u00bb header_text_align=\u00bbleft\u00bb header_font_size=\u00bb80px\u00bb header_letter_spacing=\u00bb-2.5px\u00bb header_4_font=\u00bb|||||on|||\u00bb header_4_line_height=\u00bb0.5em\u00bb header_6_font=\u00bbsagona-bold||||||||\u00bb header_6_font_size=\u00bb19px\u00bb global_colors_info=\u00bb{}\u00bb]<\/p>\n<h6>Bilbon!<\/h6>\n<p>Bira Kulturan 18:00etan.<\/p>\n<p>[\/et_pb_text][\/et_pb_column][et_pb_column type=\u00bb1_4&#8243; _builder_version=\u00bb4.16&#8243; _module_preset=\u00bbdefault\u00bb global_colors_info=\u00bb{}\u00bb][et_pb_text _builder_version=\u00bb4.16&#8243; _module_preset=\u00bbdefault\u00bb header_text_align=\u00bbleft\u00bb header_text_color=\u00bb#000000&#8243; header_2_font=\u00bbsagona-light||||||||\u00bb header_2_text_color=\u00bb#000000&#8243; header_2_font_size=\u00bb160px\u00bb header_2_letter_spacing=\u00bb-5px\u00bb header_2_line_height=\u00bb0.8em\u00bb header_4_font=\u00bbsagona-bold|||||on|||\u00bb header_4_line_height=\u00bb0.5em\u00bb custom_margin=\u00bb0px|0px|16px||false|false\u00bb custom_padding=\u00bb0px|10px|0px|10px|false|false\u00bb border_width_all=\u00bb1px\u00bb border_color_all=\u00bbrgba(218,195,176,0.7)\u00bb global_colors_info=\u00bb{}\u00bb]<\/p>\n<h4><\/h4>\n<p>&nbsp;<\/p>\n<p>&nbsp;<\/p>\n<h4 style=\"text-align: right;\">2022<\/h4>\n<h4 style=\"text-align: right;\">MARTXOAK<\/h4>\n<h2 style=\"text-align: right;\">03<\/h2>\n<p>[\/et_pb_text][et_pb_text _builder_version=\u00bb4.16&#8243; _module_preset=\u00bbdefault\u00bb text_font=\u00bbsagona-medium||||||||\u00bb text_text_color=\u00bb#000000&#8243; text_font_size=\u00bb19px\u00bb text_line_height=\u00bb1.3em\u00bb header_font=\u00bb||||||||\u00bb header_text_align=\u00bbleft\u00bb header_font_size=\u00bb80px\u00bb header_letter_spacing=\u00bb-2.5px\u00bb header_4_font=\u00bb|||||on|||\u00bb header_4_line_height=\u00bb0.5em\u00bb header_6_font=\u00bbsagona-bold||||||||\u00bb header_6_font_size=\u00bb19px\u00bb global_colors_info=\u00bb{}\u00bb]<\/p>\n<h6>Baionan!<\/h6>\n<p><span style=\"font-weight: 400;\">Kalostrapen 18:00etan.<\/span><\/p>\n<p>[\/et_pb_text][\/et_pb_column][et_pb_column type=\u00bb1_4&#8243; _builder_version=\u00bb4.16&#8243; _module_preset=\u00bbdefault\u00bb global_colors_info=\u00bb{}\u00bb][et_pb_text _builder_version=\u00bb4.16&#8243; _module_preset=\u00bbdefault\u00bb header_text_align=\u00bbleft\u00bb header_text_color=\u00bb#000000&#8243; header_2_font=\u00bbsagona-light||||||||\u00bb header_2_text_color=\u00bb#000000&#8243; header_2_font_size=\u00bb160px\u00bb header_2_letter_spacing=\u00bb-5px\u00bb header_2_line_height=\u00bb0.8em\u00bb header_4_font=\u00bb|||||on|||\u00bb header_4_line_height=\u00bb0.5em\u00bb custom_margin=\u00bb0px|0px|16px||false|false\u00bb custom_padding=\u00bb0px|10px|0px|10px|false|false\u00bb border_width_all=\u00bb1px\u00bb border_color_all=\u00bbrgba(218,195,176,0.7)\u00bb global_colors_info=\u00bb{}\u00bb]<\/p>\n<h4><\/h4>\n<p>&nbsp;<\/p>\n<p>&nbsp;<\/p>\n<h4 style=\"text-align: right;\">2022<\/h4>\n<h4 style=\"text-align: right;\">martxoak<\/h4>\n<h2 style=\"text-align: right;\">10<\/h2>\n<p>[\/et_pb_text][et_pb_text _builder_version=\u00bb4.16&#8243; _module_preset=\u00bbdefault\u00bb text_font=\u00bbsagona-medium||||||||\u00bb text_text_color=\u00bb#000000&#8243; text_font_size=\u00bb19px\u00bb text_line_height=\u00bb1.3em\u00bb header_font=\u00bb||||||||\u00bb header_text_align=\u00bbleft\u00bb header_font_size=\u00bb80px\u00bb header_letter_spacing=\u00bb-2.5px\u00bb header_4_font=\u00bb|||||on|||\u00bb header_4_line_height=\u00bb0.5em\u00bb header_6_font=\u00bbsagona-bold||||||||\u00bb header_6_font_size=\u00bb19px\u00bb global_colors_info=\u00bb{}\u00bb]<\/p>\n<h6>Donostian!<\/h6>\n<p><span style=\"font-weight: 400;\">Kaxildan 18:30ean.\u00a0<\/span><\/p>\n<p>[\/et_pb_text][\/et_pb_column][\/et_pb_row][et_pb_row column_structure=\u00bb1_3,1_3,1_3&#8243; use_custom_gutter=\u00bbon\u00bb gutter_width=\u00bb2&#8243; disabled_on=\u00bbon|on|on\u00bb _builder_version=\u00bb4.16&#8243; _module_preset=\u00bbdefault\u00bb custom_padding=\u00bb|||0px|false|false\u00bb animation_style=\u00bbfade\u00bb disabled=\u00bbon\u00bb global_colors_info=\u00bb{}\u00bb][et_pb_column type=\u00bb1_3&#8243; _builder_version=\u00bb4.16&#8243; _module_preset=\u00bbdefault\u00bb global_colors_info=\u00bb{}\u00bb][et_pb_text _builder_version=\u00bb4.16&#8243; _module_preset=\u00bbdefault\u00bb header_text_align=\u00bbleft\u00bb header_text_color=\u00bb#000000&#8243; header_2_font=\u00bbsagona-light||||||||\u00bb header_2_text_color=\u00bb#000000&#8243; header_2_font_size=\u00bb160px\u00bb header_2_letter_spacing=\u00bb-5px\u00bb header_2_line_height=\u00bb0.8em\u00bb header_4_font=\u00bb|||||on|||\u00bb header_4_line_height=\u00bb0.5em\u00bb background_image=\u00bbhttps:\/\/agorafilosofiaelkartea.eus\/wp-content\/uploads\/2021\/11\/Inigo_hiper_tx.gif\u00bb custom_margin=\u00bb0px|0px|16px||false|false\u00bb custom_padding=\u00bb0px|10px|0px|10px|false|false\u00bb link_option_url=\u00bbhttps:\/\/www.kaxilda.com\/actividad\/inigo-martinez-penaren-mandamentu-hipermodernoak-liburuaren-aurkezpena\/\u00bb link_option_url_new_window=\u00bbon\u00bb border_width_all=\u00bb1px\u00bb border_color_all=\u00bbrgba(218,195,176,0.7)\u00bb global_colors_info=\u00bb{}\u00bb]<\/p>\n<h4><\/h4>\n<p>&nbsp;<\/p>\n<p>&nbsp;<\/p>\n<h4 style=\"text-align: right;\"><span style=\"color: #ffffff;\">2021<\/span><\/h4>\n<h4 style=\"text-align: right;\"><span style=\"color: #ffffff;\">urriak<\/span><\/h4>\n<h2 style=\"text-align: right;\"><span style=\"color: #ffffff;\">20<\/span><\/h2>\n<p>[\/et_pb_text][et_pb_text _builder_version=\u00bb4.16&#8243; _module_preset=\u00bbdefault\u00bb text_font=\u00bbsagona-medium||||||||\u00bb text_text_color=\u00bb#000000&#8243; text_font_size=\u00bb19px\u00bb text_line_height=\u00bb1.3em\u00bb header_font=\u00bb||||||||\u00bb header_text_align=\u00bbleft\u00bb header_font_size=\u00bb80px\u00bb header_letter_spacing=\u00bb-2.5px\u00bb header_4_font=\u00bb|||||on|||\u00bb header_4_line_height=\u00bb0.5em\u00bb header_6_font=\u00bbsagona-bold||||||||\u00bb header_6_font_size=\u00bb19px\u00bb link_option_url=\u00bbhttps:\/\/www.kaxilda.com\/actividad\/inigo-martinez-penaren-mandamentu-hipermodernoak-liburuaren-aurkezpena\/\u00bb link_option_url_new_window=\u00bbon\u00bb global_colors_info=\u00bb{}\u00bb]<\/p>\n<h6>Mandamentu Hipermodernoak<\/h6>\n<p>I\u00f1igo Mart\u00ednez Pe\u00f1aren liburuaren aurkezpena Kaxildan, Donostian, arratsaldeko 18:30etan. Ez da mandamentua baina, tira, zatoz!<span style=\"font-family: trebuchet ms, sans-serif;\" face=\"trebuchet ms, sans-serif\"><a href=\"mailto:potefilosofikoak@gmail.com\" target=\"_blank\" rel=\"noopener\"><span style=\"text-decoration: underline; color: #808080;\"><\/span><\/a><\/span>[\/et_pb_text][\/et_pb_column][et_pb_column type=\u00bb1_3&#8243; _builder_version=\u00bb4.16&#8243; _module_preset=\u00bbdefault\u00bb global_colors_info=\u00bb{}\u00bb][et_pb_text _builder_version=\u00bb4.16&#8243; _module_preset=\u00bbdefault\u00bb header_text_align=\u00bbleft\u00bb header_text_color=\u00bb#000000&#8243; header_2_font=\u00bbsagona-light||||||||\u00bb header_2_text_color=\u00bb#000000&#8243; header_2_font_size=\u00bb160px\u00bb header_2_letter_spacing=\u00bb-5px\u00bb header_2_line_height=\u00bb0.8em\u00bb header_4_font=\u00bb|||||on|||\u00bb header_4_line_height=\u00bb0.5em\u00bb background_image=\u00bbhttps:\/\/agorafilosofiaelkartea.eus\/wp-content\/uploads\/2021\/11\/adimen_art_tx.jpg\u00bb custom_margin=\u00bb0px|0px|16px||false|false\u00bb custom_padding=\u00bb0px|10px|0px|10px|false|false\u00bb link_option_url=\u00bbhttps:\/\/agorafilosofiaelkartea.eus\/index.php\/kafepotefilosofikoak\/\u00bb border_width_all=\u00bb1px\u00bb border_color_all=\u00bbrgba(218,195,176,0.7)\u00bb global_colors_info=\u00bb{}\u00bb]<\/p>\n<h4><\/h4>\n<p>&nbsp;<\/p>\n<p>&nbsp;<\/p>\n<h4 style=\"text-align: right;\"><span style=\"color: #ffffff;\">2021<\/span><\/h4>\n<h4 style=\"text-align: right;\"><span style=\"color: #ffffff;\">urriak<\/span><\/h4>\n<h2 style=\"text-align: right;\"><span style=\"color: #ffffff;\">27<\/span><\/h2>\n<p>[\/et_pb_text][et_pb_text _builder_version=\u00bb4.16&#8243; _module_preset=\u00bbdefault\u00bb text_font=\u00bbsagona-medium||||||||\u00bb text_text_color=\u00bb#000000&#8243; text_font_size=\u00bb19px\u00bb text_line_height=\u00bb1.3em\u00bb header_font=\u00bb||||||||\u00bb header_text_align=\u00bbleft\u00bb header_font_size=\u00bb80px\u00bb header_letter_spacing=\u00bb-2.5px\u00bb header_4_font=\u00bb|||||on|||\u00bb header_4_line_height=\u00bb0.5em\u00bb header_6_font=\u00bbsagona-bold||||||||\u00bb header_6_font_size=\u00bb19px\u00bb link_option_url=\u00bbhttps:\/\/agorafilosofiaelkartea.eus\/index.php\/kafepotefilosofikoak\/\u00bb global_colors_info=\u00bb{}\u00bb]<\/p>\n<h6>Pote Filosofikoa<\/h6>\n<p>\u201cEta adimen artifizialak ordezkatzen bagaitu?\u201d Aitor Iraola fisikariarekin, Iruran, Gela Borobilean, 18:30etan.<span style=\"font-family: trebuchet ms, sans-serif;\" face=\"trebuchet ms, sans-serif\"><a href=\"mailto:potefilosofikoak@gmail.com\" target=\"_blank\" rel=\"noopener\"><span style=\"text-decoration: underline; color: #808080;\"><\/span><\/a><\/span>[\/et_pb_text][\/et_pb_column][et_pb_column type=\u00bb1_3&#8243; _builder_version=\u00bb4.16&#8243; _module_preset=\u00bbdefault\u00bb global_colors_info=\u00bb{}\u00bb][et_pb_text _builder_version=\u00bb4.16&#8243; _module_preset=\u00bbdefault\u00bb header_text_align=\u00bbleft\u00bb header_text_color=\u00bb#000000&#8243; header_2_font=\u00bbsagona-light||||||||\u00bb header_2_text_color=\u00bb#000000&#8243; header_2_font_size=\u00bb160px\u00bb header_2_letter_spacing=\u00bb-5px\u00bb header_2_line_height=\u00bb0.8em\u00bb header_4_font=\u00bb|||||on|||\u00bb header_4_line_height=\u00bb0.5em\u00bb background_image=\u00bbhttps:\/\/agorafilosofiaelkartea.eus\/wp-content\/uploads\/2021\/11\/femi_teresa_tx.jpg\u00bb custom_margin=\u00bb0px|0px|16px||false|false\u00bb custom_padding=\u00bb0px|10px|0px|10px|false|false\u00bb link_option_url=\u00bbhttps:\/\/agorafilosofiaelkartea.eus\/index.php\/kafepotefilosofikoak\/\u00bb border_width_all=\u00bb1px\u00bb border_color_all=\u00bbrgba(218,195,176,0.7)\u00bb global_colors_info=\u00bb{}\u00bb]<\/p>\n<h4><\/h4>\n<p>&nbsp;<\/p>\n<p>&nbsp;<\/p>\n<h4 style=\"text-align: right;\"><span style=\"color: #ffffff;\">2021<\/span><\/h4>\n<h4 style=\"text-align: right;\"><span style=\"color: #ffffff;\">azaroak<\/span><\/h4>\n<h2 style=\"text-align: right;\"><span style=\"color: #ffffff;\">23<\/span><\/h2>\n<p>[\/et_pb_text][et_pb_text _builder_version=\u00bb4.16&#8243; _module_preset=\u00bbdefault\u00bb text_font=\u00bbsagona-medium||||||||\u00bb text_text_color=\u00bb#000000&#8243; text_font_size=\u00bb19px\u00bb text_line_height=\u00bb1.3em\u00bb header_font=\u00bb||||||||\u00bb header_text_align=\u00bbleft\u00bb header_font_size=\u00bb80px\u00bb header_letter_spacing=\u00bb-2.5px\u00bb header_4_font=\u00bb|||||on|||\u00bb header_4_line_height=\u00bb0.5em\u00bb header_6_font=\u00bbsagona-bold||||||||\u00bb header_6_font_size=\u00bb19px\u00bb link_option_url=\u00bbhttps:\/\/agorafilosofiaelkartea.eus\/index.php\/kafepotefilosofikoak\/\u00bb global_colors_info=\u00bb{}\u00bb]<\/p>\n<h6>Kafe Filosofikoa<\/h6>\n<p>Feminismoaren eta hizkuntzaren arteko loturaz. Teresa Maldonado, &#8216;Hablemos Claro&#8217; liburuaren idazlearekin. 19:00etan, Bilbon!<span style=\"font-family: trebuchet ms, sans-serif;\" face=\"trebuchet ms, sans-serif\"><a href=\"mailto:potefilosofikoak@gmail.com\" target=\"_blank\" rel=\"noopener\"><span style=\"text-decoration: underline; color: #808080;\"><\/span><\/a><\/span>[\/et_pb_text][\/et_pb_column][\/et_pb_row][et_pb_row use_custom_gutter=\u00bbon\u00bb gutter_width=\u00bb2&#8243; disabled_on=\u00bbon|on|off\u00bb _builder_version=\u00bb4.16&#8243; _module_preset=\u00bbdefault\u00bb min_height=\u00bb64px\u00bb custom_margin=\u00bb|auto|-64px|auto||\u00bb custom_padding=\u00bb|||0px|false|false\u00bb global_colors_info=\u00bb{}\u00bb][et_pb_column type=\u00bb4_4&#8243; _builder_version=\u00bb4.16&#8243; _module_preset=\u00bbdefault\u00bb global_colors_info=\u00bb{}\u00bb][et_pb_divider color=\u00bb#000000&#8243; divider_weight=\u00bb1px\u00bb _builder_version=\u00bb4.16&#8243; _module_preset=\u00bbdefault\u00bb custom_margin=\u00bb||-19px||false|false\u00bb custom_padding=\u00bb||0px|||\u00bb global_colors_info=\u00bb{}\u00bb][\/et_pb_divider][\/et_pb_column][\/et_pb_row][et_pb_row column_structure=\u00bb1_4,1_2,1_4&#8243; use_custom_gutter=\u00bbon\u00bb gutter_width=\u00bb2&#8243; disabled_on=\u00bbon|on|off\u00bb _builder_version=\u00bb4.16&#8243; _module_preset=\u00bbdefault\u00bb custom_margin=\u00bb|auto|-54px|auto||\u00bb custom_padding=\u00bb|||0px|false|false\u00bb animation_style=\u00bbfade\u00bb global_colors_info=\u00bb{}\u00bb][et_pb_column type=\u00bb1_4&#8243; _builder_version=\u00bb4.16&#8243; _module_preset=\u00bbdefault\u00bb global_colors_info=\u00bb{}\u00bb][et_pb_image src=\u00bbhttps:\/\/agorafilosofiaelkartea.eus\/wp-content\/uploads\/2020\/08\/kant-ezk.png\u00bb title_text=\u00bbkant-ezk\u00bb _builder_version=\u00bb4.16&#8243; _module_preset=\u00bbdefault\u00bb width=\u00bb100%\u00bb max_width=\u00bb100%\u00bb custom_margin=\u00bb|1027px||||\u00bb custom_padding=\u00bb||0px|||\u00bb global_colors_info=\u00bb{}\u00bb][\/et_pb_image][\/et_pb_column][et_pb_column type=\u00bb1_2&#8243; _builder_version=\u00bb4.16&#8243; _module_preset=\u00bbdefault\u00bb global_colors_info=\u00bb{}\u00bb][et_pb_text _builder_version=\u00bb4.16&#8243; _module_preset=\u00bbdefault\u00bb header_3_font_size=\u00bb60px\u00bb header_3_letter_spacing=\u00bb-1px\u00bb custom_padding=\u00bb36px|||||\u00bb global_colors_info=\u00bb{}\u00bb]<\/p>\n<h3 style=\"text-align: center;\">Yes, we Kant.<\/h3>\n<p>[\/et_pb_text][\/et_pb_column][et_pb_column type=\u00bb1_4&#8243; _builder_version=\u00bb4.16&#8243; _module_preset=\u00bbdefault\u00bb global_colors_info=\u00bb{}\u00bb][et_pb_image src=\u00bbhttps:\/\/agorafilosofiaelkartea.eus\/wp-content\/uploads\/2020\/08\/kant-esk.png\u00bb title_text=\u00bbkant-esk\u00bb _builder_version=\u00bb4.16&#8243; _module_preset=\u00bbdefault\u00bb width=\u00bb100%\u00bb max_width=\u00bb100%\u00bb custom_margin=\u00bb|1027px||||\u00bb custom_padding=\u00bb||0px|||\u00bb global_colors_info=\u00bb{}\u00bb][\/et_pb_image][\/et_pb_column][\/et_pb_row][et_pb_row disabled_on=\u00bboff|off|on\u00bb _builder_version=\u00bb4.16&#8243; _module_preset=\u00bbdefault\u00bb custom_margin=\u00bb||-10px||false|false\u00bb custom_padding=\u00bb||0px||false|false\u00bb animation_style=\u00bbfade\u00bb global_colors_info=\u00bb{}\u00bb][et_pb_column type=\u00bb4_4&#8243; _builder_version=\u00bb4.16&#8243; _module_preset=\u00bbdefault\u00bb global_colors_info=\u00bb{}\u00bb][et_pb_divider color=\u00bb#000000&#8243; divider_weight=\u00bb1px\u00bb _builder_version=\u00bb4.16&#8243; _module_preset=\u00bbdefault\u00bb custom_margin=\u00bb0px||-25px||false|false\u00bb custom_padding=\u00bb0px||0px|||\u00bb global_colors_info=\u00bb{}\u00bb][\/et_pb_divider][et_pb_image src=\u00bbhttps:\/\/agorafilosofiaelkartea.eus\/wp-content\/uploads\/2020\/10\/wekant-banner.png\u00bb title_text=\u00bbwekant-banner\u00bb align=\u00bbcenter\u00bb _builder_version=\u00bb4.16&#8243; _module_preset=\u00bbdefault\u00bb width=\u00bb100%\u00bb custom_margin=\u00bb2px||-1px||false|false\u00bb custom_padding=\u00bb0px|||||\u00bb global_colors_info=\u00bb{}\u00bb][\/et_pb_image][\/et_pb_column][\/et_pb_row][et_pb_row column_structure=\u00bb1_2,1_2&#8243; use_custom_gutter=\u00bbon\u00bb gutter_width=\u00bb2&#8243; _builder_version=\u00bb4.16&#8243; _module_preset=\u00bbdefault\u00bb custom_padding=\u00bb0px|||0px|false|false\u00bb animation_style=\u00bbfade\u00bb global_colors_info=\u00bb{}\u00bb][et_pb_column type=\u00bb1_2&#8243; _builder_version=\u00bb4.16&#8243; _module_preset=\u00bbdefault\u00bb global_colors_info=\u00bb{}\u00bb][et_pb_divider color=\u00bb#000000&#8243; divider_weight=\u00bb1px\u00bb _builder_version=\u00bb4.16&#8243; _module_preset=\u00bbdefault\u00bb custom_margin=\u00bb0px||-4px||false|false\u00bb custom_padding=\u00bb0px|||||\u00bb global_colors_info=\u00bb{}\u00bb][\/et_pb_divider][et_pb_image src=\u00bbhttps:\/\/agorafilosofiaelkartea.eus\/wp-content\/uploads\/2020\/08\/library.jpg\u00bb title_text=\u00bblibrary\u00bb _builder_version=\u00bb4.16&#8243; _module_preset=\u00bbdefault\u00bb global_colors_info=\u00bb{}\u00bb][\/et_pb_image][et_pb_text _builder_version=\u00bb4.16&#8243; _module_preset=\u00bbdefault\u00bb text_font=\u00bbsagona-medium||||||||\u00bb text_text_color=\u00bb#000000&#8243; text_font_size=\u00bb19px\u00bb text_line_height=\u00bb1.3em\u00bb header_font=\u00bb||||||||\u00bb header_text_align=\u00bbleft\u00bb header_font_size=\u00bb80px\u00bb header_letter_spacing=\u00bb-2.5px\u00bb header_4_font=\u00bb|||||on|||\u00bb header_4_line_height=\u00bb0.5em\u00bb header_6_font=\u00bbsagona-bold||||||||\u00bb header_6_font_size=\u00bb19px\u00bb global_colors_info=\u00bb{}\u00bb]<\/p>\n<h6>Materialak<\/h6>\n<p><a href=\"https:\/\/agorafilosofiaelkartea.eus\/index.php\/arazo-egoerak\/\"><span style=\"text-decoration: underline;\">Arazo-egoerak<\/span><\/a>, USE frogak, <a href=\"https:\/\/agorafilosofiaelkartea.eus\/index.php\/unitate-didaktikoak\/\"><span style=\"text-decoration: underline;\">Unitate Didaktikoak<\/span><\/a>, Praktika onak&#8230; Zeure eskura.<\/p>\n<p>[\/et_pb_text][\/et_pb_column][et_pb_column type=\u00bb1_2&#8243; _builder_version=\u00bb4.16&#8243; _module_preset=\u00bbdefault\u00bb global_colors_info=\u00bb{}\u00bb][et_pb_divider color=\u00bb#000000&#8243; divider_weight=\u00bb1px\u00bb _builder_version=\u00bb4.16&#8243; _module_preset=\u00bbdefault\u00bb custom_margin=\u00bb||-4px||false|false\u00bb global_colors_info=\u00bb{}\u00bb][\/et_pb_divider][et_pb_image src=\u00bbhttps:\/\/agorafilosofiaelkartea.eus\/wp-content\/uploads\/2021\/11\/EF_001.gif\u00bb title_text=\u00bbEF_001&#8243; url=\u00bbhttps:\/\/agorafilosofiaelkartea.eus\/index.php\/emakumeak-filosofian\/\u00bb _builder_version=\u00bb4.16&#8243; _module_preset=\u00bbdefault\u00bb global_colors_info=\u00bb{}\u00bb][\/et_pb_image][et_pb_text _builder_version=\u00bb4.16&#8243; _module_preset=\u00bbdefault\u00bb text_font=\u00bbsagona-medium||||||||\u00bb text_text_color=\u00bb#000000&#8243; text_font_size=\u00bb19px\u00bb text_line_height=\u00bb1.3em\u00bb header_font=\u00bb||||||||\u00bb header_text_align=\u00bbleft\u00bb header_font_size=\u00bb80px\u00bb header_letter_spacing=\u00bb-2.5px\u00bb header_4_font=\u00bb|||||on|||\u00bb header_4_line_height=\u00bb0.5em\u00bb header_6_font=\u00bbsagona-bold||||||||\u00bb header_6_font_size=\u00bb19px\u00bb link_option_url=\u00bbhttps:\/\/agorafilosofiaelkartea.eus\/index.php\/emakumeak-filosofian\/\u00bb global_colors_info=\u00bb{}\u00bb]<\/p>\n<h6>Emakumeak filosofian<\/h6>\n<p>Ez dagoela emakume filosoforik? Filosofoa ez den emakumerik aurkitzea, hori bai erronka.<\/p>\n<p>[\/et_pb_text][\/et_pb_column][\/et_pb_row][\/et_pb_section][et_pb_section fb_built=\u00bb1&#8243; _builder_version=\u00bb4.16&#8243; _module_preset=\u00bbdefault\u00bb custom_margin=\u00bb||-20px|||\u00bb custom_padding=\u00bb0px||100px|||\u00bb animation_style=\u00bbfade\u00bb global_colors_info=\u00bb{}\u00bb][et_pb_row use_custom_gutter=\u00bbon\u00bb gutter_width=\u00bb2&#8243; _builder_version=\u00bb4.16&#8243; _module_preset=\u00bbdefault\u00bb min_height=\u00bb117px\u00bb custom_margin=\u00bb|auto|-64px|auto||\u00bb custom_padding=\u00bb|||0px|false|false\u00bb animation_style=\u00bbfade\u00bb global_colors_info=\u00bb{}\u00bb][et_pb_column type=\u00bb4_4&#8243; _builder_version=\u00bb4.16&#8243; _module_preset=\u00bbdefault\u00bb global_colors_info=\u00bb{}\u00bb][et_pb_divider color=\u00bb#000000&#8243; divider_weight=\u00bb1px\u00bb _builder_version=\u00bb4.16&#8243; _module_preset=\u00bbdefault\u00bb custom_margin=\u00bb||-12px||false|false\u00bb global_colors_info=\u00bb{}\u00bb][\/et_pb_divider][\/et_pb_column][\/et_pb_row][et_pb_row column_structure=\u00bb3_4,1_4&#8243; disabled_on=\u00bbon|off|off\u00bb _builder_version=\u00bb4.16&#8243; _module_preset=\u00bbdefault\u00bb global_colors_info=\u00bb{}\u00bb][et_pb_column type=\u00bb3_4&#8243; _builder_version=\u00bb4.16&#8243; _module_preset=\u00bbdefault\u00bb global_colors_info=\u00bb{}\u00bb][et_pb_text _builder_version=\u00bb4.27.2&#8243; _module_preset=\u00bbdefault\u00bb header_3_font_size=\u00bb60px\u00bb header_3_letter_spacing=\u00bb-1px\u00bb inline_fonts=\u00bbsagona-light\u00bb global_colors_info=\u00bb{}\u00bb]<\/p>\n<h3>Elkartruka ditzagun ikuspegiak. Idatziguzu: <span style=\"font-family: sagona-light;\">filosofiaelkartea@gmail.com<\/span><\/h3>\n<p>&nbsp;<\/p>\n<p>[\/et_pb_text][\/et_pb_column][et_pb_column type=\u00bb1_4&#8243; _builder_version=\u00bb4.16&#8243; _module_preset=\u00bbdefault\u00bb global_colors_info=\u00bb{}\u00bb][\/et_pb_column][\/et_pb_row][et_pb_row column_structure=\u00bb1_2,1_2&#8243; disabled_on=\u00bbon|on|on\u00bb _builder_version=\u00bb4.27.2&#8243; _module_preset=\u00bbdefault\u00bb disabled=\u00bbon\u00bb global_colors_info=\u00bb{}\u00bb][et_pb_column type=\u00bb1_2&#8243; _builder_version=\u00bb4.16&#8243; _module_preset=\u00bbdefault\u00bb global_colors_info=\u00bb{}\u00bb][et_pb_text _builder_version=\u00bb4.16&#8243; _module_preset=\u00bbdefault\u00bb header_3_font_size=\u00bb60px\u00bb header_3_letter_spacing=\u00bb-1px\u00bb global_colors_info=\u00bb{}\u00bb]<\/p>\n<h3>Elkartruka ditzagun ikuspegiak. Idatziguzu: <span style=\"font-size: large;\">filosofiaelkartea@gmail.com<\/span><\/h3>\n<p>&nbsp;<\/p>\n<p>[\/et_pb_text][\/et_pb_column][et_pb_column type=\u00bb1_2&#8243; _builder_version=\u00bb4.16&#8243; _module_preset=\u00bbdefault\u00bb global_colors_info=\u00bb{}\u00bb][et_pb_contact_form email=\u00bbagorafilosofiaelkartea@gmail.com\u00bb success_message=\u00bbbidalita!\u00bb submit_button_text=\u00bbbidali\u00bb disabled_on=\u00bbon|on|on\u00bb _builder_version=\u00bb4.22.2&#8243; _module_preset=\u00bbdefault\u00bb _unique_id=\u00bbfef4d44a-4db4-4618-8f46-e9284061ba0e\u00bb form_field_background_color=\u00bb#ffffff\u00bb form_field_text_color=\u00bb#000000&#8243; form_field_custom_padding=\u00bb|||0px|false|false\u00bb title_level=\u00bbh4&#8243; title_font=\u00bb||||||||\u00bb title_font_size=\u00bb18px\u00bb captcha_font=\u00bb|||||on|||\u00bb captcha_text_color=\u00bbrgba(0,0,0,0.34)\u00bb captcha_font_size=\u00bb16px\u00bb captcha_letter_spacing=\u00bb1px\u00bb form_field_font=\u00bbsagona-medium|||||on|||\u00bb form_field_font_size=\u00bb16px\u00bb form_field_letter_spacing=\u00bb0.2px\u00bb custom_button=\u00bbon\u00bb button_text_size=\u00bb16px\u00bb button_text_color=\u00bb#000000&#8243; button_bg_color=\u00bb#60d4d4&#8243; button_border_width=\u00bb0px\u00bb button_letter_spacing=\u00bb0.3px\u00bb button_font=\u00bbsagona-medium|||||on|||\u00bb button_icon=\u00bb&#x3d;||divi||400&#8243; button_custom_margin=\u00bb7px||3px||false|false\u00bb button_custom_padding=\u00bb0px|50px|2px|50px|false|false\u00bb text_orientation=\u00bbleft\u00bb width=\u00bb100%\u00bb custom_margin=\u00bb|||0px|false|false\u00bb custom_padding=\u00bb|||0px|false|false\u00bb border_width_bottom=\u00bb1px\u00bb border_color_bottom=\u00bbrgba(0,0,0,0.08)\u00bb disabled=\u00bbon\u00bb global_colors_info=\u00bb{}\u00bb][et_pb_contact_field field_id=\u00bbName\u00bb field_title=\u00bbizena\u00bb _builder_version=\u00bb4.16&#8243; global_colors_info=\u00bb{}\u00bb button_text_size__hover_enabled=\u00bboff\u00bb button_one_text_size__hover_enabled=\u00bboff\u00bb button_two_text_size__hover_enabled=\u00bboff\u00bb button_text_color__hover_enabled=\u00bboff\u00bb button_one_text_color__hover_enabled=\u00bboff\u00bb button_two_text_color__hover_enabled=\u00bboff\u00bb button_border_width__hover_enabled=\u00bboff\u00bb button_one_border_width__hover_enabled=\u00bboff\u00bb button_two_border_width__hover_enabled=\u00bboff\u00bb button_border_color__hover_enabled=\u00bboff\u00bb button_one_border_color__hover_enabled=\u00bboff\u00bb button_two_border_color__hover_enabled=\u00bboff\u00bb button_border_radius__hover_enabled=\u00bboff\u00bb button_one_border_radius__hover_enabled=\u00bboff\u00bb button_two_border_radius__hover_enabled=\u00bboff\u00bb button_letter_spacing__hover_enabled=\u00bboff\u00bb button_one_letter_spacing__hover_enabled=\u00bboff\u00bb button_two_letter_spacing__hover_enabled=\u00bboff\u00bb button_bg_color__hover_enabled=\u00bboff\u00bb button_one_bg_color__hover_enabled=\u00bboff\u00bb button_two_bg_color__hover_enabled=\u00bboff\u00bb][\/et_pb_contact_field][et_pb_contact_field field_id=\u00bbEmail\u00bb field_title=\u00bbemaila\u00bb field_type=\u00bbemail\u00bb _builder_version=\u00bb4.16&#8243; global_colors_info=\u00bb{}\u00bb button_text_size__hover_enabled=\u00bboff\u00bb button_one_text_size__hover_enabled=\u00bboff\u00bb button_two_text_size__hover_enabled=\u00bboff\u00bb button_text_color__hover_enabled=\u00bboff\u00bb button_one_text_color__hover_enabled=\u00bboff\u00bb button_two_text_color__hover_enabled=\u00bboff\u00bb button_border_width__hover_enabled=\u00bboff\u00bb button_one_border_width__hover_enabled=\u00bboff\u00bb button_two_border_width__hover_enabled=\u00bboff\u00bb button_border_color__hover_enabled=\u00bboff\u00bb button_one_border_color__hover_enabled=\u00bboff\u00bb button_two_border_color__hover_enabled=\u00bboff\u00bb button_border_radius__hover_enabled=\u00bboff\u00bb button_one_border_radius__hover_enabled=\u00bboff\u00bb button_two_border_radius__hover_enabled=\u00bboff\u00bb button_letter_spacing__hover_enabled=\u00bboff\u00bb button_one_letter_spacing__hover_enabled=\u00bboff\u00bb button_two_letter_spacing__hover_enabled=\u00bboff\u00bb button_bg_color__hover_enabled=\u00bboff\u00bb button_one_bg_color__hover_enabled=\u00bboff\u00bb button_two_bg_color__hover_enabled=\u00bboff\u00bb][\/et_pb_contact_field][et_pb_contact_field field_id=\u00bbMessage\u00bb field_title=\u00bbmezu edo disertazioa\u00bb field_type=\u00bbtext\u00bb fullwidth_field=\u00bbon\u00bb _builder_version=\u00bb4.16&#8243; global_colors_info=\u00bb{}\u00bb button_text_size__hover_enabled=\u00bboff\u00bb button_one_text_size__hover_enabled=\u00bboff\u00bb button_two_text_size__hover_enabled=\u00bboff\u00bb button_text_color__hover_enabled=\u00bboff\u00bb button_one_text_color__hover_enabled=\u00bboff\u00bb button_two_text_color__hover_enabled=\u00bboff\u00bb button_border_width__hover_enabled=\u00bboff\u00bb button_one_border_width__hover_enabled=\u00bboff\u00bb button_two_border_width__hover_enabled=\u00bboff\u00bb button_border_color__hover_enabled=\u00bboff\u00bb button_one_border_color__hover_enabled=\u00bboff\u00bb button_two_border_color__hover_enabled=\u00bboff\u00bb button_border_radius__hover_enabled=\u00bboff\u00bb button_one_border_radius__hover_enabled=\u00bboff\u00bb button_two_border_radius__hover_enabled=\u00bboff\u00bb button_letter_spacing__hover_enabled=\u00bboff\u00bb button_one_letter_spacing__hover_enabled=\u00bboff\u00bb button_two_letter_spacing__hover_enabled=\u00bboff\u00bb button_bg_color__hover_enabled=\u00bboff\u00bb button_one_bg_color__hover_enabled=\u00bboff\u00bb button_two_bg_color__hover_enabled=\u00bboff\u00bb][\/et_pb_contact_field][\/et_pb_contact_form][\/et_pb_column][\/et_pb_row][et_pb_row column_structure=\u00bb3_4,1_4&#8243; disabled_on=\u00bboff|on|on\u00bb _builder_version=\u00bb4.16&#8243; _module_preset=\u00bbdefault\u00bb global_colors_info=\u00bb{}\u00bb][et_pb_column type=\u00bb3_4&#8243; _builder_version=\u00bb4.16&#8243; _module_preset=\u00bbdefault\u00bb global_colors_info=\u00bb{}\u00bb][et_pb_text _builder_version=\u00bb4.27.2&#8243; _module_preset=\u00bbdefault\u00bb header_3_font_size=\u00bb40px\u00bb header_3_letter_spacing=\u00bb-1px\u00bb inline_fonts=\u00bbsagona-light\u00bb global_colors_info=\u00bb{}\u00bb]<\/p>\n<h3>Elkartruka ditzagun ikuspegiak. Idatziguzu: <span style=\"font-family: sagona-light;\">filosofiaelkartea@gmail.com<\/span><\/h3>\n<p>[\/et_pb_text][\/et_pb_column][et_pb_column type=\u00bb1_4&#8243; _builder_version=\u00bb4.16&#8243; _module_preset=\u00bbdefault\u00bb global_colors_info=\u00bb{}\u00bb][\/et_pb_column][\/et_pb_row][\/et_pb_section][et_pb_section fb_built=\u00bb1&#8243; _builder_version=\u00bb4.16&#8243; _module_preset=\u00bbdefault\u00bb custom_margin=\u00bb||-20px|||\u00bb custom_padding=\u00bb0px||19px|||\u00bb global_colors_info=\u00bb{}\u00bb][et_pb_row use_custom_gutter=\u00bbon\u00bb gutter_width=\u00bb2&#8243; _builder_version=\u00bb4.16&#8243; _module_preset=\u00bbdefault\u00bb min_height=\u00bb117px\u00bb custom_margin=\u00bb|auto|-64px|auto||\u00bb custom_padding=\u00bb|||0px|false|false\u00bb global_colors_info=\u00bb{}\u00bb][et_pb_column type=\u00bb4_4&#8243; _builder_version=\u00bb4.16&#8243; _module_preset=\u00bbdefault\u00bb global_colors_info=\u00bb{}\u00bb][et_pb_divider color=\u00bb#000000&#8243; divider_weight=\u00bb1px\u00bb _builder_version=\u00bb4.16&#8243; _module_preset=\u00bbdefault\u00bb custom_margin=\u00bb||-12px||false|false\u00bb global_colors_info=\u00bb{}\u00bb][\/et_pb_divider][\/et_pb_column][\/et_pb_row][et_pb_row column_structure=\u00bb1_3,1_3,1_3&#8243; _builder_version=\u00bb4.16&#8243; _module_preset=\u00bbdefault\u00bb global_colors_info=\u00bb{}\u00bb][et_pb_column type=\u00bb1_3&#8243; _builder_version=\u00bb4.16&#8243; _module_preset=\u00bbdefault\u00bb global_colors_info=\u00bb{}\u00bb][et_pb_image src=\u00bbhttps:\/\/agorafilosofiaelkartea.eus\/wp-content\/uploads\/2020\/08\/logo-footer-1.png\u00bb title_text=\u00bblogo-footer-1&#8243; _builder_version=\u00bb4.16&#8243; _module_preset=\u00bbdefault\u00bb width=\u00bb54%\u00bb global_colors_info=\u00bb{}\u00bb][\/et_pb_image][\/et_pb_column][et_pb_column type=\u00bb1_3&#8243; _builder_version=\u00bb4.16&#8243; _module_preset=\u00bbdefault\u00bb global_colors_info=\u00bb{}\u00bb][et_pb_text _builder_version=\u00bb4.27.2&#8243; _module_preset=\u00bbdefault\u00bb global_colors_info=\u00bb{}\u00bb]<\/p>\n<h2 style=\"text-align: right;\"><\/h2>\n<h2 style=\"text-align: right;\"><\/h2>\n<h2 style=\"text-align: right;\"><\/h2>\n<h2 style=\"text-align: right;\">2025<\/h2>\n<p>[\/et_pb_text][\/et_pb_column][et_pb_column type=\u00bb1_3&#8243; _builder_version=\u00bb4.23&#8243; _module_preset=\u00bbdefault\u00bb global_colors_info=\u00bb{}\u00bb][\/et_pb_column][\/et_pb_row][\/et_pb_section]<\/p>\n","protected":false},"excerpt":{"rendered":"<p>nor gara?Ongi etorriagorara.Ongi etorri agorara.Filosofia Olinpiada 2024 \/ 2025 Zaintzak&#8230; Zer esan nahi du zaintzeak? Zer ezkutatzen da &#8216;zaintza&#8217; terminoaren atzean?\u00a0Pentsatu! Jaialdia Hausnartu gabe bizi ezin diren irakasleentzat.Kafe &amp; Pote filosofikoak Tragoak beti errazten baitu pentsamendua.Egutegia. &nbsp; &nbsp; &nbsp; KAFE eta POTE filosofikoak. Gasteiz, Bilbo eta Gipuzkoan (Tolosaldea, Goierri eta laster Legazpian). FILOSOFIA OLINPIADA. Ikasturte [&hellip;]<\/p>\n","protected":false},"author":1,"featured_media":0,"parent":0,"menu_order":0,"comment_status":"closed","ping_status":"closed","template":"","meta":{"_et_pb_use_builder":"on","_et_pb_old_content":"","_et_gb_content_width":"","footnotes":""},"class_list":["post-20","page","type-page","status-publish","hentry"],"_links":{"self":[{"href":"https:\/\/agorafilosofiaelkartea.eus\/index.php\/wp-json\/wp\/v2\/pages\/20","targetHints":{"allow":["GET"]}}],"collection":[{"href":"https:\/\/agorafilosofiaelkartea.eus\/index.php\/wp-json\/wp\/v2\/pages"}],"about":[{"href":"https:\/\/agorafilosofiaelkartea.eus\/index.php\/wp-json\/wp\/v2\/types\/page"}],"author":[{"embeddable":true,"href":"https:\/\/agorafilosofiaelkartea.eus\/index.php\/wp-json\/wp\/v2\/users\/1"}],"replies":[{"embeddable":true,"href":"https:\/\/agorafilosofiaelkartea.eus\/index.php\/wp-json\/wp\/v2\/comments?post=20"}],"version-history":[{"count":94,"href":"https:\/\/agorafilosofiaelkartea.eus\/index.php\/wp-json\/wp\/v2\/pages\/20\/revisions"}],"predecessor-version":[{"id":6972,"href":"https:\/\/agorafilosofiaelkartea.eus\/index.php\/wp-json\/wp\/v2\/pages\/20\/revisions\/6972"}],"wp:attachment":[{"href":"https:\/\/agorafilosofiaelkartea.eus\/index.php\/wp-json\/wp\/v2\/media?parent=20"}],"curies":[{"name":"wp","href":"https:\/\/api.w.org\/{rel}","templated":true}]}}